{"id":747270,"date":"2025-08-28T03:02:42","date_gmt":"2025-08-28T00:02:42","guid":{"rendered":"https:\/\/roveyayinevi.com.tr\/index.php\/urun\/savas-ontolojisi-2018-2019-dersleri\/"},"modified":"2026-04-16T02:59:55","modified_gmt":"2026-04-15T23:59:55","slug":"savas-ontolojisi-2018-2019-dersleri","status":"publish","type":"product","link":"https:\/\/roveyayinevi.com.tr\/index.php\/urun\/savas-ontolojisi-2018-2019-dersleri\/","title":{"rendered":"Sava\u015f Ontolojisi (2018-2019 Dersleri)"},"content":{"rendered":"<p>Bu dersleri vermeye ba\u015flad\u0131\u011f\u0131mda sava\u015f daha ufukta yoktu. Ancak, Rusya\u2019n\u0131n Do\u011fu Avrupa i\u00e7inde yer alan Ukrayna\u2019ya 24 \u015eubat 2022\u2019de sava\u015f a\u00e7mas\u0131yla sava\u015f ger\u00e7ek olarak \u00e7\u0131kt\u0131 kar\u015f\u0131m\u0131za. Sanki Nazilerden ar\u0131nacakt\u0131 bu \u00fclke. Halbuki sald\u0131r\u0131lan \u00fclkelerde milli duygular her seferinde biraz daha y\u00fckselmekteydi. Paral\u0131 askerlere (Wagner Grubu) ihtiya\u00e7, eski sava\u015flarda oldu\u011fu gibi s\u00fcrmekte. \u0130kinci D\u00fcnya Sava\u015f\u0131 \u201cart\u0131k sava\u015f olmayacak\u201d hissiyle sonlanm\u0131\u015ft\u0131. Ama o g\u00fcnden bug\u00fcne d\u00fcnyada, Avrupa\u2019da daha az g\u00f6r\u00fcnse de, sava\u015ftan bir t\u00fcrl\u00fc \u00e7\u0131kamad\u0131k. 1945\u2019ten beri Bat\u0131l\u0131 devletler, ba\u011f\u0131ms\u0131zl\u0131k m\u00fccadelesi veren \u00fclkelere kar\u015f\u0131 hi\u00e7 sava\u015f kazanamad\u0131. Bu bile g\u00fcn\u00fcm\u00fczde sava\u015f\u0131n milli bir dava oldu\u011funu az\u0131msanamayacak kadar g\u00fc\u00e7l\u00fc bir \u015fekilde g\u00f6stermekte. Eski Kraliyet Avrupa\u2019s\u0131nda sava\u015flar milli ordularla veya milislerle de\u011fil, profesyonel sava\u015f\u00e7\u0131larla yap\u0131lmaktayd\u0131. Ordunun milliyeti yoktu; paral\u0131 askerler gibi sava\u015fa giden insanlar vard\u0131, \u0130spanya \u0130\u00e7 Sava\u015f\u0131\u2019nda oldu\u011fu gibi veya bug\u00fcnk\u00fc sava\u015flarda g\u00f6r\u00fcnd\u00fc\u011f\u00fc gibi. Milli nitelikli sava\u015flardan uzakla\u015fmaya ba\u015flayan din\u00ee veya ideolojik sava\u015flar 1990\u2019larda par\u00e7alanan Yugoslavya\u2019n\u0131n i\u00e7inde etnik ve din\u00ee sava\u015flara d\u00f6n\u00fc\u015fm\u00fc\u015f, 2001 sonras\u0131ndaysa, \u201c\u0130kiz Kuleler\u201din y\u0131k\u0131lmas\u0131yla birlikte din\u00ee bir terim olan \u201ck\u00f6t\u00fcl\u00fck ekseni\u201dyle ba\u015fka bir sava\u015f ba\u015flam\u0131\u015ft\u0131. Eski Yunan\u2019dan Kraliyet Avrupa\u2019s\u0131na, Napol\u00e9on sava\u015flar\u0131yla Hegel\u2019den Schmitt\u2019in \u201ctopra\u011f\u0131n nomosu\u201dna kadar bug\u00fcn varl\u0131k sorunu olarak sava\u015f ontolojik bir karakter ta\u015f\u0131maktad\u0131r.  <\/p>\n","protected":false},"excerpt":{"rendered":"<p>Bu dersleri vermeye ba\u015flad\u0131\u011f\u0131mda sava\u015f daha ufukta yoktu. Ancak, Rusya\u2019n\u0131n Do\u011fu Avrupa i\u00e7inde yer alan Ukrayna\u2019ya 24 \u015eubat 2022\u2019de sava\u015f a\u00e7mas\u0131yla sava\u015f ger\u00e7ek olarak \u00e7\u0131kt\u0131 kar\u015f\u0131m\u0131za.<span class=\"excerpt-hellip\"> [\u2026]<\/span><\/p>\n","protected":false},"featured_media":0,"template":"","meta":{"_monsterinsights_skip_tracking":false,"_monsterinsights_sitenote_active":false,"_monsterinsights_sitenote_note":"","_monsterinsights_sitenote_category":0},"product_brand":[],"product_cat":[13059,12337],"product_tag":[],"class_list":{"0":"post-747270","1":"product","2":"type-product","3":"status-publish","5":"product_cat-diger-politika-siyaset","6":"product_cat-politika-siyaset","7":"pa_cilt-ciltsiz","8":"pa_tur-kitap","9":"pa_yayinevi-ayrinti-yayinlari","10":"pa_yazar-ali-akay","12":"first","13":"instock","14":"sale","15":"shipping-taxable","16":"purchasable","17":"product-type-simple"},"_links":{"self":[{"href":"https:\/\/roveyayinevi.com.tr\/index.php\/wp-json\/wp\/v2\/product\/747270","targetHints":{"allow":["GET"]}}],"collection":[{"href":"https:\/\/roveyayinevi.com.tr\/index.php\/wp-json\/wp\/v2\/product"}],"about":[{"href":"https:\/\/roveyayinevi.com.tr\/index.php\/wp-json\/wp\/v2\/types\/product"}],"wp:attachment":[{"href":"https:\/\/roveyayinevi.com.tr\/index.php\/wp-json\/wp\/v2\/media?parent=747270"}],"wp:term":[{"taxonomy":"product_brand","embeddable":true,"href":"https:\/\/roveyayinevi.com.tr\/index.php\/wp-json\/wp\/v2\/product_brand?post=747270"},{"taxonomy":"product_cat","embeddable":true,"href":"https:\/\/roveyayinevi.com.tr\/index.php\/wp-json\/wp\/v2\/product_cat?post=747270"},{"taxonomy":"product_tag","embeddable":true,"href":"https:\/\/roveyayinevi.com.tr\/index.php\/wp-json\/wp\/v2\/product_tag?post=747270"}],"curies":[{"name":"wp","href":"https:\/\/api.w.org\/{rel}","templated":true}]}}