{"id":747223,"date":"2025-08-28T03:01:40","date_gmt":"2025-08-28T00:01:40","guid":{"rendered":"https:\/\/roveyayinevi.com.tr\/index.php\/urun\/erken-cocuklukta-guvenlik\/"},"modified":"2026-04-16T02:59:52","modified_gmt":"2026-04-15T23:59:52","slug":"erken-cocuklukta-guvenlik","status":"publish","type":"product","link":"https:\/\/roveyayinevi.com.tr\/index.php\/urun\/erken-cocuklukta-guvenlik\/","title":{"rendered":"Erken \u00c7ocuklukta G\u00fcvenlik"},"content":{"rendered":"<p>Erken \u00e7ocukluk, bireylerin hem fiziksel hem de mental olarak ya\u015famdaki d\u0131\u015fsal etkilere en a\u00e7\u0131k olduklar\u0131 y\u0131llard\u0131r. Bu y\u0131llarda \u00e7ocuklar\u0131n potansiyellerinin fark\u0131na varmalar\u0131 ve ger\u00e7ekle\u015ftirmeleri beklenmektedir. Bu da ancak g\u00fcvenle ke\u015ffedebilece\u011fi ve g\u00fcvende hissedebilece\u011fi bir \u00e7evre ile m\u00fcmk\u00fcnd\u00fcr. \u00c7ocuklar\u0131n hem aile hem de e\u011fitim ortamlar\u0131nda fiziksel ve duygusal olarak g\u00fcvenliklerinin sa\u011flanmas\u0131ndan yeti\u015fkinler sorumludur.   Ayr\u0131ca \u00e7ocuklara da bu g\u00fcvenli\u011fi koruma ve s\u00fcrd\u00fcrmekonusunda sorumluluklar verilmelidir. Elinizdeki kitapta tam da bunlar\u0131n nas\u0131l olaca\u011f\u0131na dair bir anlay\u0131\u015f geli\u015ftirmeyi sa\u011flayacak bilgiler ve pratik olarak ya\u015famda uygulanabilecek tavsiyeler yer almaktad\u0131r. Erken \u00e7ocuklukta g\u00fcvenlik konusu, yaralanmalar ve ilk yard\u0131mdan, farkl\u0131 g\u00fcvenlik t\u00fcrleri ve uygulamalar\u0131na; ev ve okul ortam\u0131nda g\u00fcvenli\u011fi sa\u011flama ve s\u00fcrd\u00fcrmeden farkl\u0131 \u00fclkelerdeki uygulamalar\u0131 tan\u0131tmaya kadar \u00e7e\u015fitli y\u00f6nlerden ele al\u0131nm\u0131\u015ft\u0131r.<\/p>\n","protected":false},"excerpt":{"rendered":"<p>Erken \u00e7ocukluk, bireylerin hem fiziksel hem de mental olarak ya\u015famdaki d\u0131\u015fsal etkilere en a\u00e7\u0131k olduklar\u0131 y\u0131llard\u0131r. Bu y\u0131llarda \u00e7ocuklar\u0131n potansiyellerinin fark\u0131na varmalar\u0131 ve ger\u00e7ekle\u015ftirmeleri beklenmektedir. Bu<span class=\"excerpt-hellip\"> [\u2026]<\/span><\/p>\n","protected":false},"featured_media":0,"template":"","meta":{"_monsterinsights_skip_tracking":false,"_monsterinsights_sitenote_active":false,"_monsterinsights_sitenote_note":"","_monsterinsights_sitenote_category":0},"product_brand":[],"product_cat":[12573,12566],"product_tag":[],"class_list":{"0":"post-747223","1":"product","2":"type-product","3":"status-publish","5":"product_cat-akademik-kitaplar","6":"product_cat-egitim","7":"pa_cilt-ciltsiz","8":"pa_tur-kitap","9":"pa_yayinevi-egiten-kitap","10":"pa_yazar-kolektif","12":"first","13":"instock","14":"sale","15":"shipping-taxable","16":"purchasable","17":"product-type-simple"},"_links":{"self":[{"href":"https:\/\/roveyayinevi.com.tr\/index.php\/wp-json\/wp\/v2\/product\/747223","targetHints":{"allow":["GET"]}}],"collection":[{"href":"https:\/\/roveyayinevi.com.tr\/index.php\/wp-json\/wp\/v2\/product"}],"about":[{"href":"https:\/\/roveyayinevi.com.tr\/index.php\/wp-json\/wp\/v2\/types\/product"}],"wp:attachment":[{"href":"https:\/\/roveyayinevi.com.tr\/index.php\/wp-json\/wp\/v2\/media?parent=747223"}],"wp:term":[{"taxonomy":"product_brand","embeddable":true,"href":"https:\/\/roveyayinevi.com.tr\/index.php\/wp-json\/wp\/v2\/product_brand?post=747223"},{"taxonomy":"product_cat","embeddable":true,"href":"https:\/\/roveyayinevi.com.tr\/index.php\/wp-json\/wp\/v2\/product_cat?post=747223"},{"taxonomy":"product_tag","embeddable":true,"href":"https:\/\/roveyayinevi.com.tr\/index.php\/wp-json\/wp\/v2\/product_tag?post=747223"}],"curies":[{"name":"wp","href":"https:\/\/api.w.org\/{rel}","templated":true}]}}