{"id":747171,"date":"2025-08-28T03:00:30","date_gmt":"2025-08-28T00:00:30","guid":{"rendered":"https:\/\/roveyayinevi.com.tr\/index.php\/urun\/bir-cevre-avukatinin-anilari\/"},"modified":"2025-11-21T08:45:54","modified_gmt":"2025-11-21T05:45:54","slug":"bir-cevre-avukatinin-anilari","status":"publish","type":"product","link":"https:\/\/roveyayinevi.com.tr\/index.php\/urun\/bir-cevre-avukatinin-anilari\/","title":{"rendered":"Bir \u00c7evre Avukat\u0131n\u0131n An\u0131lar\u0131"},"content":{"rendered":"<p>Vatanda\u015f Mustafa do\u011fan\u0131n bir par\u00e7as\u0131 olarak ya\u015fad\u0131. Aram\u0131zdan ebedi olarak ayr\u0131larak \u00e7ok sevdi\u011fi do\u011fan\u0131n bir par\u00e7as\u0131 olarak ya\u015fam\u0131na devam ediyor. Do\u011faya b\u00fcy\u00fck bir a\u015fk ve sevgiyle ba\u011fl\u0131 olan, t\u00fcm canl\u0131larla farkl\u0131 bir dil kullanarak konu\u015fabilen, anla\u015fabilen bu g\u00fczel adam\u0131n do\u011faya Tengrici bir anlay\u0131\u015fla do\u011fan\u0131n ruhuna sayg\u0131l\u0131 ve do\u011fayla uyum i\u00e7indeki ya\u015fam\u0131 beni \u00e7ok etkiledi. Do\u011fan\u0131n iyi bir dost ve iyi bir \u00f6\u011fretmen oldu\u011funu t\u00fcm insanl\u0131\u011f\u0131n do\u011fan\u0131n bir par\u00e7as\u0131 oldu\u011funu savunan Vatanda\u015f Mustafa&#8217;n\u0131n do\u011faya olan hayranl\u0131\u011f\u0131, sayg\u0131s\u0131 ve sevgisini daha iyi anl\u0131yorum Bug\u00fcn b\u00fct\u00fcn insanl\u0131\u011f\u0131n Tengrici bir anlay\u0131\u015fa d\u00f6nerek do\u011fan\u0131n efendili\u011fine bir son verip onunla uyum i\u00e7inde onun bir par\u00e7as\u0131 olarak ya\u015fam\u0131na devam etmesi gerekir.      O bizi gururla izliyor. Vatanda\u015f Mustafa&#8217;ya s\u00f6z\u00fcm\u00fcz var. Asla do\u011fan\u0131n efendisi olmayaca\u011f\u0131z. Sen rahat uyu.                                                                                                                                                                                      Remzi Kazmaz Sevgili Remzi Kazmaz; insan\u0131n ve eme\u011fin s\u00f6m\u00fcr\u00fcs\u00fcne kar\u015f\u0131 uzun y\u0131llar y\u00fcr\u00fctt\u00fc\u011f\u00fcn hukuk m\u00fccadelen do\u011fan\u0131n s\u00f6m\u00fcr\u00fclmesine kar\u015f\u0131 y\u00fcr\u00fctt\u00fc\u011f\u00fcn m\u00fccadele ile b\u00fct\u00fcnle\u015fiyor. \u0130nsan eme\u011finin ve do\u011fan\u0131n \u00f6zg\u00fcrle\u015ftirilmesi i\u00e7in verilen m\u00fccadele 21. y\u00fczy\u0131l devrimcili\u011finin bir g\u00f6revidir. Bu kitapta Remzi Kazmaz, hepimiz i\u00e7in do\u011fayla bar\u0131\u015f\u0131k ve do\u011fan\u0131n yasalar\u0131na uygun bir ya\u015fam\u0131n gereklerini, uzun y\u0131llar s\u00fcren \u00e7evre-ekoloji m\u00fccadelesindeki deneyimlerini ortaya koyuyor.                                                                                                                                                                                            Alper Ta\u015f   Tema Vakf\u0131 olarak do\u011fa ve \u00e7evre m\u00fccadelesinde sizinle birlikte yan yana olmak bizi her zaman mutlu etti. Do\u011faya kar\u015f\u0131 olan tutkunuzu ve sevginizi onu korumak i\u00e7in verdi\u011finiz inat\u00e7\u0131 m\u00fccadeleniz ve \u00f6zverili \u00e7al\u0131\u015fmalar\u0131n\u0131zla T\u00fcrkiye \u00e7evre m\u00fccadelesine b\u00fcy\u00fck katk\u0131lar sundunuz. Gelecek ku\u015faklar sizleri sayg\u0131 ile yad edecektir. Artvin Cerrattepe davam\u0131za ve m\u00fccadelemize avukat ve aktivist olarak verdi\u011fin desteklerden dolay\u0131 te\u015fekk\u00fcr ederiz. K\u00fcresel iklim de\u011fi\u015fikli\u011finin hissedildi\u011fi b\u00f6lgemizde HES&#8217;lerle derelerimizi kurutanlar bir g\u00fcn tarih \u00f6n\u00fcnde hesap verecektir.                                                                                                                                                                                      Av. Bedri Kal\u0131n <\/p>\n","protected":false},"excerpt":{"rendered":"<p>Vatanda\u015f Mustafa do\u011fan\u0131n bir par\u00e7as\u0131 olarak ya\u015fad\u0131. Aram\u0131zdan ebedi olarak ayr\u0131larak \u00e7ok sevdi\u011fi do\u011fan\u0131n bir par\u00e7as\u0131 olarak ya\u015fam\u0131na devam ediyor. Do\u011faya b\u00fcy\u00fck bir a\u015fk ve sevgiyle<span class=\"excerpt-hellip\"> [\u2026]<\/span><\/p>\n","protected":false},"featured_media":0,"template":"","meta":{"_monsterinsights_skip_tracking":false,"_monsterinsights_sitenote_active":false,"_monsterinsights_sitenote_note":"","_monsterinsights_sitenote_category":0},"product_brand":[],"product_cat":[13701,12291],"product_tag":[],"class_list":{"0":"post-747171","1":"product","2":"type-product","3":"status-publish","5":"product_cat-ani-mektup-gunluk","6":"product_cat-edebiyat","7":"pa_cilt-ciltsiz","8":"pa_tur-kitap","9":"pa_yayinevi-favori-yayinlari","10":"pa_yazar-remzi-kazmaz","12":"first","13":"instock","14":"sale","15":"shipping-taxable","16":"purchasable","17":"product-type-simple"},"_links":{"self":[{"href":"https:\/\/roveyayinevi.com.tr\/index.php\/wp-json\/wp\/v2\/product\/747171","targetHints":{"allow":["GET"]}}],"collection":[{"href":"https:\/\/roveyayinevi.com.tr\/index.php\/wp-json\/wp\/v2\/product"}],"about":[{"href":"https:\/\/roveyayinevi.com.tr\/index.php\/wp-json\/wp\/v2\/types\/product"}],"wp:attachment":[{"href":"https:\/\/roveyayinevi.com.tr\/index.php\/wp-json\/wp\/v2\/media?parent=747171"}],"wp:term":[{"taxonomy":"product_brand","embeddable":true,"href":"https:\/\/roveyayinevi.com.tr\/index.php\/wp-json\/wp\/v2\/product_brand?post=747171"},{"taxonomy":"product_cat","embeddable":true,"href":"https:\/\/roveyayinevi.com.tr\/index.php\/wp-json\/wp\/v2\/product_cat?post=747171"},{"taxonomy":"product_tag","embeddable":true,"href":"https:\/\/roveyayinevi.com.tr\/index.php\/wp-json\/wp\/v2\/product_tag?post=747171"}],"curies":[{"name":"wp","href":"https:\/\/api.w.org\/{rel}","templated":true}]}}