{"id":747138,"date":"2025-08-28T02:59:48","date_gmt":"2025-08-27T23:59:48","guid":{"rendered":"https:\/\/roveyayinevi.com.tr\/index.php\/urun\/ben-rosa-parks-dunyayi-degistiren-siradan-insanlar\/"},"modified":"2026-04-16T02:59:48","modified_gmt":"2026-04-15T23:59:48","slug":"ben-rosa-parks-dunyayi-degistiren-siradan-insanlar","status":"publish","type":"product","link":"https:\/\/roveyayinevi.com.tr\/index.php\/urun\/ben-rosa-parks-dunyayi-degistiren-siradan-insanlar\/","title":{"rendered":"Ben Rosa Parks &#8211; D\u00fcnyay\u0131 De\u011fi\u015ftiren S\u0131radan \u0130nsanlar"},"content":{"rendered":"<p>Do\u011fru bildiklerim i\u00e7in her zaman m\u00fccadele edece\u011fim.    Rosa Parks, her zaman  do\u011fru bildikleri i\u00e7in m\u00fccadele etti, \u00e7ocukken bile&#8230; Onun ya\u015fad\u0131\u011f\u0131 y\u0131llarda, Amerika\u2019da siyahlara ayr\u0131mc\u0131l\u0131k uygulayan yasalar ve kurallar vard\u0131. Siyahlar\u0131n beyazlarla ayn\u0131 okullara, restoranlara gitmeleri, hatta ayn\u0131 \u00e7e\u015fmeden su i\u00e7meleri bile yasakt\u0131. Otob\u00fcslerde siyahlar arkada, beyazlar \u00f6nde yolculuk ediyordu. Rosa, herkesin sayg\u0131 g\u00f6rmeyi hak etti\u011fine ve herkesin e\u015fit haklara sahip olmas\u0131 gerekti\u011fine inan\u0131yordu. \u0130\u015fte bu y\u00fczden bir g\u00fcn, otob\u00fcs \u015fof\u00f6r\u00fc yerini bir beyaza vermesini s\u00f6yledi\u011finde yerinden kalkmama cesaretini g\u00f6sterdi. Sessiz kararl\u0131l\u0131\u011f\u0131yla bir insan haklar\u0131 m\u00fccadelesini de ba\u015flatm\u0131\u015f oldu. Bu m\u00fccadelenin sonunda ABD\u2019deki ayr\u0131mc\u0131 yasalar sonsuza dek kalkt\u0131. \u201cD\u00fcnyay\u0131 De\u011fi\u015ftiren S\u0131radan \u0130nsanlar\u201d dizisinde hayallerinin pe\u015finden cesaretle giden kahramanlar\u0131 yak\u0131ndan tan\u0131yacak; b\u00fcy\u00fck ba\u015far\u0131lara nas\u0131l imza att\u0131klar\u0131n\u0131 \u00f6\u011frenece\u011fiz. <\/p>\n","protected":false},"excerpt":{"rendered":"<p>Do\u011fru bildiklerim i\u00e7in her zaman m\u00fccadele edece\u011fim. Rosa Parks, her zaman do\u011fru bildikleri i\u00e7in m\u00fccadele etti, \u00e7ocukken bile&#8230; Onun ya\u015fad\u0131\u011f\u0131 y\u0131llarda, Amerika\u2019da siyahlara ayr\u0131mc\u0131l\u0131k uygulayan yasalar<span class=\"excerpt-hellip\"> [\u2026]<\/span><\/p>\n","protected":false},"featured_media":0,"template":"","meta":{"_monsterinsights_skip_tracking":false,"_monsterinsights_sitenote_active":false,"_monsterinsights_sitenote_note":"","_monsterinsights_sitenote_category":0},"product_brand":[],"product_cat":[12274,15842],"product_tag":[],"class_list":{"0":"post-747138","1":"product","2":"type-product","3":"status-publish","5":"product_cat-cocuk-ve-genclik-kitaplari","6":"product_cat-egitici-kitaplar","7":"pa_cilt-ciltsiz","8":"pa_tur-kitap","9":"pa_yayinevi-indigo-cocuk","10":"pa_yazar-brad-meltzer","12":"first","13":"instock","14":"sale","15":"shipping-taxable","16":"purchasable","17":"product-type-simple"},"_links":{"self":[{"href":"https:\/\/roveyayinevi.com.tr\/index.php\/wp-json\/wp\/v2\/product\/747138","targetHints":{"allow":["GET"]}}],"collection":[{"href":"https:\/\/roveyayinevi.com.tr\/index.php\/wp-json\/wp\/v2\/product"}],"about":[{"href":"https:\/\/roveyayinevi.com.tr\/index.php\/wp-json\/wp\/v2\/types\/product"}],"wp:attachment":[{"href":"https:\/\/roveyayinevi.com.tr\/index.php\/wp-json\/wp\/v2\/media?parent=747138"}],"wp:term":[{"taxonomy":"product_brand","embeddable":true,"href":"https:\/\/roveyayinevi.com.tr\/index.php\/wp-json\/wp\/v2\/product_brand?post=747138"},{"taxonomy":"product_cat","embeddable":true,"href":"https:\/\/roveyayinevi.com.tr\/index.php\/wp-json\/wp\/v2\/product_cat?post=747138"},{"taxonomy":"product_tag","embeddable":true,"href":"https:\/\/roveyayinevi.com.tr\/index.php\/wp-json\/wp\/v2\/product_tag?post=747138"}],"curies":[{"name":"wp","href":"https:\/\/api.w.org\/{rel}","templated":true}]}}