{"id":747135,"date":"2025-08-28T02:59:44","date_gmt":"2025-08-27T23:59:44","guid":{"rendered":"https:\/\/roveyayinevi.com.tr\/index.php\/urun\/ben-anne-frank-dunyayi-degistiren-siradan-insanlar\/"},"modified":"2026-04-16T02:59:48","modified_gmt":"2026-04-15T23:59:48","slug":"ben-anne-frank-dunyayi-degistiren-siradan-insanlar","status":"publish","type":"product","link":"https:\/\/roveyayinevi.com.tr\/index.php\/urun\/ben-anne-frank-dunyayi-degistiren-siradan-insanlar\/","title":{"rendered":"Ben Anne Frank &#8211; D\u00fcnyay\u0131 De\u011fi\u015ftiren S\u0131radan \u0130nsanlar"},"content":{"rendered":"<p>\u0130nsanlar\u0131n \u00f6z\u00fcnde iyi olduklar\u0131na inan\u0131yorum.    Anne Frank\u2019\u0131n g\u00fcnl\u00fc\u011f\u00fc, II. D\u00fcnya Sava\u015f\u0131 zaman\u0131nda Nazilerden saklanan Anne Frank ve ailesinin ya\u015fam\u0131n\u0131 anlatmaktad\u0131r. Anne, k\u00fc\u00e7\u00fck bir Yahudi k\u0131zd\u0131. O da pek \u00e7ok \u00e7ocuk gibi ailesiyle vakit ge\u00e7irmeyi, oyun oynamay\u0131, sinemaya gitmeyi ve hik\u00e2yeler yazmay\u0131 seviyordu. Ailesiyle birlikte Nazilerden saklanmak zorunda kald\u0131\u011f\u0131nda, g\u00fcnl\u00fc\u011f\u00fcne yazmak, bu korku dolu g\u00fcnlerde Anne i\u00e7in bir mutluluk kayna\u011f\u0131 oldu. G\u00fcnl\u00fc\u011f\u00fcne bu sat\u0131rlar\u0131 yazarken, Anne yazd\u0131klar\u0131n\u0131n t\u00fcm d\u00fcnyaya umut \u0131\u015f\u0131\u011f\u0131 yakaca\u011f\u0131ndan habersizdi.   \u201cD\u00fcnyay\u0131 De\u011fi\u015ftiren S\u0131radan \u0130nsanlar\u201d dizisinde hayallerinin pe\u015finden cesaretle giden kahramanlar\u0131 yak\u0131ndan tan\u0131yacak; b\u00fcy\u00fck ba\u015far\u0131lara nas\u0131l imza att\u0131klar\u0131n\u0131 \u00f6\u011frenece\u011fiz. <\/p>\n","protected":false},"excerpt":{"rendered":"<p>\u0130nsanlar\u0131n \u00f6z\u00fcnde iyi olduklar\u0131na inan\u0131yorum. Anne Frank\u2019\u0131n g\u00fcnl\u00fc\u011f\u00fc, II. D\u00fcnya Sava\u015f\u0131 zaman\u0131nda Nazilerden saklanan Anne Frank ve ailesinin ya\u015fam\u0131n\u0131 anlatmaktad\u0131r. Anne, k\u00fc\u00e7\u00fck bir Yahudi k\u0131zd\u0131. O<span class=\"excerpt-hellip\"> [\u2026]<\/span><\/p>\n","protected":false},"featured_media":0,"template":"","meta":{"_monsterinsights_skip_tracking":false,"_monsterinsights_sitenote_active":false,"_monsterinsights_sitenote_note":"","_monsterinsights_sitenote_category":0},"product_brand":[],"product_cat":[12274,15842],"product_tag":[],"class_list":{"0":"post-747135","1":"product","2":"type-product","3":"status-publish","5":"product_cat-cocuk-ve-genclik-kitaplari","6":"product_cat-egitici-kitaplar","7":"pa_cilt-ciltsiz","8":"pa_tur-kitap","9":"pa_yayinevi-indigo-cocuk","10":"pa_yazar-brad-meltzer","12":"first","13":"instock","14":"sale","15":"shipping-taxable","16":"purchasable","17":"product-type-simple"},"_links":{"self":[{"href":"https:\/\/roveyayinevi.com.tr\/index.php\/wp-json\/wp\/v2\/product\/747135","targetHints":{"allow":["GET"]}}],"collection":[{"href":"https:\/\/roveyayinevi.com.tr\/index.php\/wp-json\/wp\/v2\/product"}],"about":[{"href":"https:\/\/roveyayinevi.com.tr\/index.php\/wp-json\/wp\/v2\/types\/product"}],"wp:attachment":[{"href":"https:\/\/roveyayinevi.com.tr\/index.php\/wp-json\/wp\/v2\/media?parent=747135"}],"wp:term":[{"taxonomy":"product_brand","embeddable":true,"href":"https:\/\/roveyayinevi.com.tr\/index.php\/wp-json\/wp\/v2\/product_brand?post=747135"},{"taxonomy":"product_cat","embeddable":true,"href":"https:\/\/roveyayinevi.com.tr\/index.php\/wp-json\/wp\/v2\/product_cat?post=747135"},{"taxonomy":"product_tag","embeddable":true,"href":"https:\/\/roveyayinevi.com.tr\/index.php\/wp-json\/wp\/v2\/product_tag?post=747135"}],"curies":[{"name":"wp","href":"https:\/\/api.w.org\/{rel}","templated":true}]}}