{"id":747128,"date":"2025-08-28T02:59:35","date_gmt":"2025-08-27T23:59:35","guid":{"rendered":"https:\/\/roveyayinevi.com.tr\/index.php\/urun\/kurbaga-korosu-ciltli\/"},"modified":"2026-04-16T02:59:47","modified_gmt":"2026-04-15T23:59:47","slug":"kurbaga-korosu-ciltli","status":"publish","type":"product","link":"https:\/\/roveyayinevi.com.tr\/index.php\/urun\/kurbaga-korosu-ciltli\/","title":{"rendered":"Kurba\u011fa Korosu (Ciltli)"},"content":{"rendered":"<p>Kurba\u011fa olmak hi\u00e7 kolay de\u011fil, hele ki sesiniz karga gibiyse&#8230; Luc Foccroulle&#8217;\u00fcn yaz\u0131p Annick Masson&#8217;un resimledi\u011fi Kurba\u011fa Korosu; dayan\u0131\u015fma, farkl\u0131l\u0131klar, \u00f6nyarg\u0131lar ve yetenek \u00fcst\u00fcne y\u00fcreklendirici bir \u00f6yk\u00fc.  Hayallere uzanan yolun \u00f6ncelikle kendini tan\u0131maktan ve potansiyelini ke\u015ffetmekten ge\u00e7ti\u011fini vurgulayan eser, emek vermeden kar\u015f\u0131l\u0131k al\u0131namayaca\u011f\u0131n\u0131 hat\u0131rlat\u0131yor. Kulaklar\u0131m\u0131z\u0131n pas\u0131n\u0131 silecek m\u00fcthi\u015f vraklamalar ve ciyaklamalar e\u015fli\u011finde melodik bir anlat\u0131 sunan kitap, \u015fa\u015f\u0131rt\u0131c\u0131 sonuyla minikleri d\u00fc\u015f\u00fcnmeye davet ediyor.Tom-bul kur-ba\u011fa. Tom-bul kur-ba\u011fa. Hay-di vrak! Hay-di vrak!Brak vrakk! Vrok vrokk!Berta&#8217;n\u0131n kalbi k\u0131r\u0131k, \u00e7\u00fcnk\u00fc en b\u00fcy\u00fck hayali h\u00fcsrana d\u00f6n\u00fc\u015ft\u00fc. Koro se\u00e7melerinde s\u0131ra kendisine gelip de \u015fark\u0131 s\u00f6ylemeye ba\u015flad\u0131\u011f\u0131nda a\u011fz\u0131ndan, d\u00fcnyan\u0131n en tuhaf, en k\u00f6t\u00fc notalar\u0131 d\u00f6k\u00fcl\u00fcverdi. Vraklamalar\u0131n sonuna yakla\u015f\u0131\u011f\u0131nda, koro \u015fefi &#8221;BER-BAT!&#8221; diye hayk\u0131rd\u0131! Oysa Berta orman\u0131n en sayg\u0131n korosuna girebilmek i\u00e7in ne \u00e7ok \u00e7al\u0131\u015fm\u0131\u015f, yeteneklerini herkese g\u00f6sterebilece\u011fi \u00e2n\u0131 iple \u00e7ekmi\u015fti&#8230; Neyse ki yaln\u0131z de\u011fildi, minik dostu Maya da onunla ayn\u0131 kaderi payla\u015f\u0131yordu. Biri \u00e7ok k\u00fc\u00e7\u00fckt\u00fc, \u00f6tekisi ise karga sesliydi! Ve \u015fimdi birlikte zekice bir plan yapmalar\u0131 ve \u015fanslar\u0131n\u0131 tersine \u00e7evirecek bir \u00e7\u00f6z\u00fcm bulmalar\u0131 gerekiyordu. Ama nas\u0131l? Rekabetin \u00f6ne \u00e7\u0131kt\u0131\u011f\u0131 durumlarda \u00e7ocuklar\u0131n hissedebilecekleri kayg\u0131 ve endi\u015feyi daha iyi anlamam\u0131z\u0131 sa\u011flayan bu duyarl\u0131kl\u0131 \u00f6yk\u00fc, ba\u015far\u0131 ve ba\u015far\u0131s\u0131zl\u0131k kavramlar\u0131 hakk\u0131nda k\u0131ssadan hisse payla\u015f\u0131mlarda bulunuyor.  \u00dcmit Mutlu&#8217;nun k\u0131vrak \u00e7evirisi ve ritmik s\u00f6zc\u00fckleriyle T\u00fcrk\u00e7ede hayat bulan Kurba\u011fa Korosu, merak uyand\u0131r\u0131c\u0131 anlat\u0131s\u0131n\u0131 dillerimizden d\u00fc\u015fmeyen \u015fark\u0131larla renklendirerek okurlar\u0131 ne\u015feyle selaml\u0131yor: &#8221;Dar\u0131ld\u0131n m\u0131 cicim bana&#8230;&#8221;, &#8221;Oynama \u015f\u0131k\u0131d\u0131m \u015f\u0131k\u0131d\u0131\u0131\u0131m!&#8221;&#8230;<\/p>\n","protected":false},"excerpt":{"rendered":"<p>Kurba\u011fa olmak hi\u00e7 kolay de\u011fil, hele ki sesiniz karga gibiyse&#8230; Luc Foccroulle&#8217;\u00fcn yaz\u0131p Annick Masson&#8217;un resimledi\u011fi Kurba\u011fa Korosu; dayan\u0131\u015fma, farkl\u0131l\u0131klar, \u00f6nyarg\u0131lar ve yetenek \u00fcst\u00fcne y\u00fcreklendirici bir<span class=\"excerpt-hellip\"> [\u2026]<\/span><\/p>\n","protected":false},"featured_media":0,"template":"","meta":{"_monsterinsights_skip_tracking":false,"_monsterinsights_sitenote_active":false,"_monsterinsights_sitenote_note":"","_monsterinsights_sitenote_category":0},"product_brand":[],"product_cat":[12913,12274],"product_tag":[],"class_list":{"0":"post-747128","1":"product","2":"type-product","3":"status-publish","5":"product_cat-3-6-yas-kitaplari","6":"product_cat-cocuk-ve-genclik-kitaplari","7":"pa_cilt-ciltli","8":"pa_tur-kitap","9":"pa_yayinevi-ucanbalik-yayincilik","10":"pa_yazar-luc-foccroulle","12":"first","13":"instock","14":"sale","15":"shipping-taxable","16":"purchasable","17":"product-type-simple"},"_links":{"self":[{"href":"https:\/\/roveyayinevi.com.tr\/index.php\/wp-json\/wp\/v2\/product\/747128","targetHints":{"allow":["GET"]}}],"collection":[{"href":"https:\/\/roveyayinevi.com.tr\/index.php\/wp-json\/wp\/v2\/product"}],"about":[{"href":"https:\/\/roveyayinevi.com.tr\/index.php\/wp-json\/wp\/v2\/types\/product"}],"wp:attachment":[{"href":"https:\/\/roveyayinevi.com.tr\/index.php\/wp-json\/wp\/v2\/media?parent=747128"}],"wp:term":[{"taxonomy":"product_brand","embeddable":true,"href":"https:\/\/roveyayinevi.com.tr\/index.php\/wp-json\/wp\/v2\/product_brand?post=747128"},{"taxonomy":"product_cat","embeddable":true,"href":"https:\/\/roveyayinevi.com.tr\/index.php\/wp-json\/wp\/v2\/product_cat?post=747128"},{"taxonomy":"product_tag","embeddable":true,"href":"https:\/\/roveyayinevi.com.tr\/index.php\/wp-json\/wp\/v2\/product_tag?post=747128"}],"curies":[{"name":"wp","href":"https:\/\/api.w.org\/{rel}","templated":true}]}}