{"id":747031,"date":"2025-08-28T02:57:30","date_gmt":"2025-08-27T23:57:30","guid":{"rendered":"https:\/\/roveyayinevi.com.tr\/index.php\/urun\/hepimizin-hikayesi-usakta-devrimci-mucadele-1975-1981-ciltli\/"},"modified":"2026-04-16T02:59:43","modified_gmt":"2026-04-15T23:59:43","slug":"hepimizin-hikayesi-usakta-devrimci-mucadele-1975-1981-ciltli","status":"publish","type":"product","link":"https:\/\/roveyayinevi.com.tr\/index.php\/urun\/hepimizin-hikayesi-usakta-devrimci-mucadele-1975-1981-ciltli\/","title":{"rendered":"Hepimizin Hikayesi &#8211; U\u015fak&#8217;ta Devrimci M\u00fccadele (1975-1981) (Ciltli)"},"content":{"rendered":"<p>Ula\u015ft\u0131\u011f\u0131 kitlesellik ve yaratt\u0131\u011f\u0131 deneyimlerle, bug\u00fcnden bak\u0131ld\u0131\u011f\u0131nda olduk\u00e7a k\u0131sa g\u00f6r\u00fcnen bir zaman aral\u0131\u011f\u0131nda, toplumsal m\u00fccadeleler tarihimize damgas\u0131n\u0131 vuran Devrimci Yol, baz\u0131 y\u00f6relerde \u00e7ok daha derin etkiler yaratm\u0131\u015ft\u0131r. Anadolu\u2019nun bat\u0131s\u0131nda k\u00fc\u00e7\u00fck bir \u015fehir olan U\u015fak da bunlardan biridir. Devrimci Yol dergisinin 1977 May\u0131s\u2019\u0131nda yay\u0131nlanan ilk say\u0131s\u0131n\u0131n man\u015fetinde \u201cU\u015fak Halk\u0131n\u0131n Direni\u015fi\u201d yer almaktad\u0131r. \u0130\u00e7 sava\u015f d\u00f6neminin en yo\u011funla\u015ft\u0131\u011f\u0131 g\u00fcnlerde toplumu teslim almaya \u00e7al\u0131\u015fan fa\u015fist sald\u0131rganl\u0131\u011fa kar\u015f\u0131 verilen bu \u201cyi\u011fit direni\u015f\u201d, \u00fclke \u00e7ap\u0131nda y\u00fcr\u00fct\u00fclen m\u00fccadeleye \u00f6rnek g\u00f6sterilir. 17-18 Mart 1977 U\u015fak Direni\u015fi, \u015fehirde ter\u00f6r estiren fa\u015fistlere kar\u015f\u0131 can\u0131 pahas\u0131na direnen devrimci gen\u00e7lerin kararl\u0131\u011f\u0131n\u0131n oldu\u011fu kadar, evlatlar\u0131na sahip \u00e7\u0131kan U\u015fakl\u0131 ailelerin g\u00f6z\u00fc kara cesaretinin de \u00fcr\u00fcn\u00fcd\u00fcr. Devrimci hareketin ikirciksiz siyasal s\u00f6ylemiyle yo\u011frularak b\u00fcy\u00fcyen bu kararl\u0131l\u0131k ve cesaret, k\u0131sa zamanda \u015fehrin t\u00fcm mahallelerini \u00f6zg\u00fcrle\u015ftirmi\u015f, k\u00f6ylerde e\u015fi benzeri olmayan tarihsel pratikler yaratm\u0131\u015ft\u0131r. Ve elbette bu u\u011furda b\u00fcy\u00fck bedeller \u00f6denmi\u015ftir. Hepimizin Hik\u00e2yesi, b\u00fcy\u00fcd\u00fc\u011f\u00fc sokaklara eli kanl\u0131 fa\u015fistlerin g\u00f6lgesi de\u011fmesin diye yal\u0131n bilek kavgaya tutu\u015fanlar\u0131; hayatlar\u0131n\u0131 devrim m\u00fccadelesine katarak aram\u0131zdan ayr\u0131lan gencecik insanlar\u0131; tutulamayan yaslar\u0131, ak\u0131t\u0131lamayan g\u00f6z ya\u015flar\u0131n\u0131, yak\u0131lamayan a\u011f\u0131tlar\u0131 ve her \u015feye ra\u011fmen k\u00fcllenmemi\u015f bir umudu anlat\u0131yor. Hepimizin Hik\u00e2yesi, onu yaratan devrimcilerin m\u00fctevaz\u0131 suskunlu\u011fu ard\u0131nda y\u0131llard\u0131r sakl\u0131 kalm\u0131\u015f g\u00f6rkemli bir m\u00fccadele tarihini anlat\u0131yor.&#8221; <\/p>\n","protected":false},"excerpt":{"rendered":"<p>Ula\u015ft\u0131\u011f\u0131 kitlesellik ve yaratt\u0131\u011f\u0131 deneyimlerle, bug\u00fcnden bak\u0131ld\u0131\u011f\u0131nda olduk\u00e7a k\u0131sa g\u00f6r\u00fcnen bir zaman aral\u0131\u011f\u0131nda, toplumsal m\u00fccadeleler tarihimize damgas\u0131n\u0131 vuran Devrimci Yol, baz\u0131 y\u00f6relerde \u00e7ok daha derin etkiler<span class=\"excerpt-hellip\"> [\u2026]<\/span><\/p>\n","protected":false},"featured_media":0,"template":"","meta":{"_monsterinsights_skip_tracking":false,"_monsterinsights_sitenote_active":false,"_monsterinsights_sitenote_note":"","_monsterinsights_sitenote_category":0},"product_brand":[],"product_cat":[12337,16547],"product_tag":[],"class_list":{"0":"post-747031","1":"product","2":"type-product","3":"status-publish","5":"product_cat-politika-siyaset","6":"product_cat-sol-hareketler","7":"pa_cilt-ciltli","8":"pa_tur-kitap","9":"pa_yayinevi-sol-kultur","10":"pa_yazar-mutlu-arslan","12":"first","13":"instock","14":"sale","15":"shipping-taxable","16":"purchasable","17":"product-type-simple"},"_links":{"self":[{"href":"https:\/\/roveyayinevi.com.tr\/index.php\/wp-json\/wp\/v2\/product\/747031","targetHints":{"allow":["GET"]}}],"collection":[{"href":"https:\/\/roveyayinevi.com.tr\/index.php\/wp-json\/wp\/v2\/product"}],"about":[{"href":"https:\/\/roveyayinevi.com.tr\/index.php\/wp-json\/wp\/v2\/types\/product"}],"wp:attachment":[{"href":"https:\/\/roveyayinevi.com.tr\/index.php\/wp-json\/wp\/v2\/media?parent=747031"}],"wp:term":[{"taxonomy":"product_brand","embeddable":true,"href":"https:\/\/roveyayinevi.com.tr\/index.php\/wp-json\/wp\/v2\/product_brand?post=747031"},{"taxonomy":"product_cat","embeddable":true,"href":"https:\/\/roveyayinevi.com.tr\/index.php\/wp-json\/wp\/v2\/product_cat?post=747031"},{"taxonomy":"product_tag","embeddable":true,"href":"https:\/\/roveyayinevi.com.tr\/index.php\/wp-json\/wp\/v2\/product_tag?post=747031"}],"curies":[{"name":"wp","href":"https:\/\/api.w.org\/{rel}","templated":true}]}}