{"id":746741,"date":"2025-08-28T02:49:45","date_gmt":"2025-08-27T23:49:45","guid":{"rendered":"https:\/\/roveyayinevi.com.tr\/index.php\/urun\/diger-kayiplar\/"},"modified":"2026-04-16T02:59:01","modified_gmt":"2026-04-15T23:59:01","slug":"diger-kayiplar","status":"publish","type":"product","link":"https:\/\/roveyayinevi.com.tr\/index.php\/urun\/diger-kayiplar\/","title":{"rendered":"Di\u011fer Kay\u0131plar"},"content":{"rendered":"<p>James Bacque\u2019nin klasikle\u015fen kitab\u0131nda, \u0130kinci D\u00fcnya Sava\u015f\u0131 sonunda ABD ordusunun Bat\u0131 Almanya\u2019daki esir kamplar\u0131nda ya\u015fananlar anlat\u0131lmaktad\u0131r. Bu kampta yakla\u015f\u0131k 4 milyon Alman askeri ve binlerce kad\u0131n, \u00e7ocuk ve ya\u015fl\u0131, a\u00e7\u0131k havada dikenli teller arkas\u0131nda aylarca neredeyse tamamen g\u0131das\u0131z ve susuz tutulmu\u015flard\u0131. May\u0131s 1943\u2019te Eisenhower, Marshall\u2019a \u201cNe yaz\u0131k ki daha fazlas\u0131n\u0131 \u00f6ld\u00fcremedik!\u201d diye yak\u0131n\u0131yordu. Eisenhower sadece Nazi rejiminden de\u011fil, Alman olan her \u015feyden, berbat ve saplant\u0131l\u0131 bir \u015fekilde nefret ediyordu. B\u00f6ylece Sava\u015f esirleri a\u00e7 b\u0131rak\u0131larak \u00f6l\u00fcme terk edildi. Nisan 1945\u2019te her ya\u015ftan, \u00e7ok say\u0131da erkek, daha az say\u0131da kad\u0131n ve \u00e7ocuk, Amerikan ve Frans\u0131z kamplar\u0131nda a\u00e7l\u0131ktan \u00f6ld\u00fc. Kay\u0131plar\u0131n say\u0131s\u0131 1 milyonu buluyordu.   \u201c1945 Nisan sonuna do\u011fru, Bat\u0131 Cephesinin \u00e7o\u011fu yerinde top seslerinin g\u00fcrlemesi kesilmi\u015fti. M\u00fcttefiklerin dikenli tellerle \u00e7evrili b\u00f6lgelerine do\u011fru s\u00fcr\u00fcler halinde y\u00fcr\u00fcyen, silahlar\u0131 al\u0131nm\u0131\u015f, yorgun Alman askerlerinin milyonlarca \u00e7ift botunun s\u00fcr\u00fcme sesinden ba\u015fka bir ses duyulmuyordu. Peri\u015fan d\u00fc\u015fman m\u00fcfrezeleri, k\u0131rsal alana ka\u00e7madan ve sonunda M\u00fcttefik askerlerce yakalanmadan \u00f6nce birka\u00e7 yayl\u0131m ate\u015fi denemesi yap\u0131yordu.\u201d   (James Bacque)   <\/p>\n","protected":false},"excerpt":{"rendered":"<p>James Bacque\u2019nin klasikle\u015fen kitab\u0131nda, \u0130kinci D\u00fcnya Sava\u015f\u0131 sonunda ABD ordusunun Bat\u0131 Almanya\u2019daki esir kamplar\u0131nda ya\u015fananlar anlat\u0131lmaktad\u0131r. Bu kampta yakla\u015f\u0131k 4 milyon Alman askeri ve binlerce kad\u0131n,<span class=\"excerpt-hellip\"> [\u2026]<\/span><\/p>\n","protected":false},"featured_media":0,"template":"","meta":{"_monsterinsights_skip_tracking":false,"_monsterinsights_sitenote_active":false,"_monsterinsights_sitenote_note":"","_monsterinsights_sitenote_category":0},"product_brand":[],"product_cat":[12370,12304],"product_tag":[],"class_list":{"0":"post-746741","1":"product","2":"type-product","3":"status-publish","5":"product_cat-arastirma-inceleme","6":"product_cat-tarih","7":"pa_cilt-ciltsiz","8":"pa_tur-kitap","9":"pa_yayinevi-kaynak-yayinlari","10":"pa_yazar-james-bacque","12":"first","13":"instock","14":"sale","15":"shipping-taxable","16":"purchasable","17":"product-type-simple"},"_links":{"self":[{"href":"https:\/\/roveyayinevi.com.tr\/index.php\/wp-json\/wp\/v2\/product\/746741","targetHints":{"allow":["GET"]}}],"collection":[{"href":"https:\/\/roveyayinevi.com.tr\/index.php\/wp-json\/wp\/v2\/product"}],"about":[{"href":"https:\/\/roveyayinevi.com.tr\/index.php\/wp-json\/wp\/v2\/types\/product"}],"wp:attachment":[{"href":"https:\/\/roveyayinevi.com.tr\/index.php\/wp-json\/wp\/v2\/media?parent=746741"}],"wp:term":[{"taxonomy":"product_brand","embeddable":true,"href":"https:\/\/roveyayinevi.com.tr\/index.php\/wp-json\/wp\/v2\/product_brand?post=746741"},{"taxonomy":"product_cat","embeddable":true,"href":"https:\/\/roveyayinevi.com.tr\/index.php\/wp-json\/wp\/v2\/product_cat?post=746741"},{"taxonomy":"product_tag","embeddable":true,"href":"https:\/\/roveyayinevi.com.tr\/index.php\/wp-json\/wp\/v2\/product_tag?post=746741"}],"curies":[{"name":"wp","href":"https:\/\/api.w.org\/{rel}","templated":true}]}}