{"id":746601,"date":"2025-08-28T02:45:59","date_gmt":"2025-08-27T23:45:59","guid":{"rendered":"https:\/\/roveyayinevi.com.tr\/index.php\/urun\/ingiliz-komutan-anlatiyor\/"},"modified":"2026-04-16T02:58:58","modified_gmt":"2026-04-15T23:58:58","slug":"ingiliz-komutan-anlatiyor","status":"publish","type":"product","link":"https:\/\/roveyayinevi.com.tr\/index.php\/urun\/ingiliz-komutan-anlatiyor\/","title":{"rendered":"\u0130ngiliz Komutan Anlat\u0131yor"},"content":{"rendered":"<p>&#8220;Bu s\u0131ralarda Yunanl\u0131lar h\u00fccuma ge\u00e7ti ve biraz ba\u015far\u0131 kazand\u0131lar. O ba\u015far\u0131yla yetinselerdi i\u015fler \u00e7ok farkl\u0131 olurdu ancak ba\u015flang\u0131\u00e7taki bu zafer onlar\u0131 \u00f6yle co\u015fturdu ki sava\u015ftan haberi olmayan, ancak, \u201cAnkara\u2019ya do\u011fru\u201d sava\u015f \u00e7\u0131\u011fl\u0131klar\u0131 atan kurmay\u0131yla Kral geldi ve sonras\u0131nda gayet yetersiz haz\u0131rl\u0131kla, nizams\u0131z ve vah\u015fice at\u0131ld\u0131lar. Bu durum, ger\u00e7ek bir asker olan ve onlar\u0131 Sakarya Nehri\u2019nde kati suretle durduran Mustafa Kemal\u2019in kalbindeki ate\u015fi yakm\u0131\u015f olmal\u0131.&#8221;   Charles Harington, Kraliyet Harp Akademisi\u2019nde g\u00f6sterdi\u011fi \u00fcst\u00fcn performansla k\u0131sa s\u00fcre i\u00e7erisinde ad\u0131ndan s\u00f6z ettirmeyi ba\u015fard\u0131. Mezuniyetinin ard\u0131ndan G\u00fcney Afrika ve \u0130rlanda\u2019da g\u00f6rev yapt\u0131. Birinci D\u00fcnya Sava\u015f\u0131\u2019n\u0131n patlak vermesiyle birlikte cepheye giden Harington, \u0130kinci Ordu\u2019yla birlikte Ypres ve Flanders\u2019te \u00e7arp\u0131\u015ft\u0131. Ate\u015fkes antla\u015fmalar\u0131n\u0131n imzalan\u0131\u015f\u0131n\u0131n ard\u0131ndan ise \u0130mparatorluk Genelkurmay Ba\u015fkan Yard\u0131mc\u0131l\u0131\u011f\u0131 g\u00f6revine atand\u0131.   \u0130stanbul\u2019un i\u015fgal s\u00fcreci Mondros Ate\u015fkes Antla\u015fmas\u0131\u2019yla ba\u015flad\u0131 ve Sevr Antla\u015fmas\u0131\u2019n\u0131n ard\u0131ndan da Charles Harington, M\u00fcttefik \u0130\u015fgal Ordular\u0131 Ba\u015fkumandan\u0131 olarak General George Milne\u2019nin yerine atand\u0131. 1920 ve 1922 y\u0131llar\u0131 aras\u0131nda \u0130stanbul\u2019un \u0130\u015fgal Ordular\u0131 Ba\u015fkumandan\u0131 olarak g\u00f6rev yapt\u0131 ve bu s\u0131rada Milli M\u00fccadele\u2019ye tan\u0131k oldu.   \u00b7         Sultan Vahideddin\u2019i \u0130stanbul\u2019dan nas\u0131l \u00e7\u0131kard\u0131? \u00b7         Mustafa Kemal Pa\u015fa\u2019yla temaslar\u0131 oldu mu? \u00b7         Mudanya Ate\u015fkes Antla\u015fmas\u0131 nas\u0131l imzaland\u0131? \u00b7         \u0130smet Pa\u015fa\u2019yla dostlu\u011fu ne \u015fartlar alt\u0131nda olu\u015ftu? \u00b7         \u0130ngilizler T\u00fcrklerle sava\u015f\u0131n e\u015fi\u011fine nas\u0131l geldi? \u00b7         \u0130stanbul ger\u00e7ekten tek kur\u015fun at\u0131lmadan m\u0131 al\u0131nd\u0131? \u00b7         Refet Pa\u015fa\u2019yla aralar\u0131ndaki gerilimin sebebi neydi? \u00b7         M\u00fcttefik \u0130\u015fgal Ordular\u0131 \u0130stanbul\u2019u nas\u0131l terk etti?   B\u00fct\u00fcn bu sorular ve daha fazlas\u0131n\u0131 M\u00fcttefik \u0130\u015fgal Ordular\u0131 Ba\u015fkumandan\u0131 Charles Harington, yaz\u0131ld\u0131ktan 83 y\u0131l sonra T\u00fcrk\u00e7ede ilk kez tamam\u0131 yay\u0131mlanan hat\u0131rat\u0131nda bizzat cevapl\u0131yor. \u0130ngiliz Komutan Anlat\u0131yor, Britanya \u0130mparatorlu\u011fu\u2019nun hem sivil hem de asker\u00ee durumuna, i\u015fgal s\u0131ras\u0131nda \u0130stanbul ve Anadolu\u2019daki ahvale ve \u0130ngilizlerin Milli M\u00fccadele hakk\u0131ndaki tutumuna \u0131\u015f\u0131k tutuyor.<\/p>\n","protected":false},"excerpt":{"rendered":"<p>&#8220;Bu s\u0131ralarda Yunanl\u0131lar h\u00fccuma ge\u00e7ti ve biraz ba\u015far\u0131 kazand\u0131lar. O ba\u015far\u0131yla yetinselerdi i\u015fler \u00e7ok farkl\u0131 olurdu ancak ba\u015flang\u0131\u00e7taki bu zafer onlar\u0131 \u00f6yle co\u015fturdu ki sava\u015ftan haberi<span class=\"excerpt-hellip\"> [\u2026]<\/span><\/p>\n","protected":false},"featured_media":0,"template":"","meta":{"_monsterinsights_skip_tracking":false,"_monsterinsights_sitenote_active":false,"_monsterinsights_sitenote_note":"","_monsterinsights_sitenote_category":0},"product_brand":[],"product_cat":[12304,13650],"product_tag":[],"class_list":{"0":"post-746601","1":"product","2":"type-product","3":"status-publish","5":"product_cat-tarih","6":"product_cat-turk-tarihi-arastirmalari","7":"pa_cilt-ciltsiz","8":"pa_tur-kitap","9":"pa_yayinevi-kronik-kitap","10":"pa_yazar-charles-harington","12":"first","13":"instock","14":"sale","15":"shipping-taxable","16":"purchasable","17":"product-type-simple"},"_links":{"self":[{"href":"https:\/\/roveyayinevi.com.tr\/index.php\/wp-json\/wp\/v2\/product\/746601","targetHints":{"allow":["GET"]}}],"collection":[{"href":"https:\/\/roveyayinevi.com.tr\/index.php\/wp-json\/wp\/v2\/product"}],"about":[{"href":"https:\/\/roveyayinevi.com.tr\/index.php\/wp-json\/wp\/v2\/types\/product"}],"wp:attachment":[{"href":"https:\/\/roveyayinevi.com.tr\/index.php\/wp-json\/wp\/v2\/media?parent=746601"}],"wp:term":[{"taxonomy":"product_brand","embeddable":true,"href":"https:\/\/roveyayinevi.com.tr\/index.php\/wp-json\/wp\/v2\/product_brand?post=746601"},{"taxonomy":"product_cat","embeddable":true,"href":"https:\/\/roveyayinevi.com.tr\/index.php\/wp-json\/wp\/v2\/product_cat?post=746601"},{"taxonomy":"product_tag","embeddable":true,"href":"https:\/\/roveyayinevi.com.tr\/index.php\/wp-json\/wp\/v2\/product_tag?post=746601"}],"curies":[{"name":"wp","href":"https:\/\/api.w.org\/{rel}","templated":true}]}}