{"id":746581,"date":"2025-08-28T02:45:36","date_gmt":"2025-08-27T23:45:36","guid":{"rendered":"https:\/\/roveyayinevi.com.tr\/index.php\/urun\/cin-mucizesinin-sonu-mu\/"},"modified":"2026-04-16T02:58:57","modified_gmt":"2026-04-15T23:58:57","slug":"cin-mucizesinin-sonu-mu","status":"publish","type":"product","link":"https:\/\/roveyayinevi.com.tr\/index.php\/urun\/cin-mucizesinin-sonu-mu\/","title":{"rendered":"\u00c7in Mucizesinin Sonu mu?"},"content":{"rendered":"<p>Cevdet Kadri K\u0131r\u0131ml\u0131, C\u0327in\u2019in sadece siyasal gelis\u0327me seyrini, ekonomik bu\u0308yu\u0308me dinamig\u0306ini, toplumsal hayat\u0131n\u0131 tasvir etmekle kalm\u0131yor, C\u0327in\u2019in zihniyet du\u0308nyas\u0131n\u0131 inceliyor. Afyon Savas\u0327lar\u0131\u2019ndan bag\u0306\u0131ms\u0131zl\u0131g\u0306a,Ku\u0308ltu\u0308r Devrimi\u2019nden \u201cMao2.0\u201da&#8230; Heryerde haz\u0131r ve naz\u0131r partinin krizinden, ekonomik bu\u0308yu\u0308me krizine, nu\u0308fus krizine&#8230; Fotog\u0306raflar, grafikler ve canl\u0131 go\u0308zlemlerle&#8230; C\u0327in Mucizesinin Sonu mu?, tam anlam\u0131yla bir C\u0327in\u2019i anlama k\u0131lavuzu. \u201cNapole\u0301on\u2019un \u2018C\u0327in uyuyan bir asland\u0131r, b\u0131rakal\u0131m uyusun, uyand\u0131g\u0306\u0131nda du\u0308nyay\u0131 titretecek,\u2019 dedig\u0306i rivayet edilir. Bir de gec\u0327mis\u0327i 14. yu\u0308zy\u0131la kadar giden \u2018ka\u0302g\u0306\u0131ttan kaplan\u2019 var. Mao ilk kez 1956 y\u0131l\u0131nda Amerika ic\u0327in kullanmaya bas\u0327layarak bu C\u0327in deyis\u0327inin bu\u0308tu\u0308n du\u0308nyada tan\u0131nmas\u0131n\u0131 sag\u0306lam\u0131s\u0327t\u0131. Yeni do\u0308nemde rejimin ic\u0327eride bask\u0131c\u0131 karakteri, d\u0131s\u0327 ilis\u0327kilerde ise s\u0327ahin ve mu\u0308danas\u0131z tavr\u0131&#8230; u\u0308lke ic\u0327inde ve d\u0131s\u0327\u0131nda gerginliklere, hatta s\u0131cak temasa yol ac\u0327ar m\u0131? \u2018C\u0327in Mucizesi\u2019nin sonu mu yoksa her s\u0327ey as\u0131l s\u0327imdi mi bas\u0327l\u0131yor? Du\u0308nyay\u0131 titretecek bir aslan m\u0131 olacak, ka\u0302g\u0306\u0131ttan kaplan m\u0131?\u201d<\/p>\n","protected":false},"excerpt":{"rendered":"<p>Cevdet Kadri K\u0131r\u0131ml\u0131, C\u0327in\u2019in sadece siyasal gelis\u0327me seyrini, ekonomik bu\u0308yu\u0308me dinamig\u0306ini, toplumsal hayat\u0131n\u0131 tasvir etmekle kalm\u0131yor, C\u0327in\u2019in zihniyet du\u0308nyas\u0131n\u0131 inceliyor. Afyon Savas\u0327lar\u0131\u2019ndan bag\u0306\u0131ms\u0131zl\u0131g\u0306a,Ku\u0308ltu\u0308r Devrimi\u2019nden \u201cMao2.0\u201da&#8230; Heryerde<span class=\"excerpt-hellip\"> [\u2026]<\/span><\/p>\n","protected":false},"featured_media":0,"template":"","meta":{"_monsterinsights_skip_tracking":false,"_monsterinsights_sitenote_active":false,"_monsterinsights_sitenote_note":"","_monsterinsights_sitenote_category":0},"product_brand":[],"product_cat":[13059,12337],"product_tag":[],"class_list":{"0":"post-746581","1":"product","2":"type-product","3":"status-publish","5":"product_cat-diger-politika-siyaset","6":"product_cat-politika-siyaset","7":"pa_cilt-ciltsiz","8":"pa_tur-kitap","9":"pa_yayinevi-iletisim-yayinlari","10":"pa_yazar-cevdet-kadri-kirimli","12":"first","13":"instock","14":"sale","15":"shipping-taxable","16":"purchasable","17":"product-type-simple"},"_links":{"self":[{"href":"https:\/\/roveyayinevi.com.tr\/index.php\/wp-json\/wp\/v2\/product\/746581","targetHints":{"allow":["GET"]}}],"collection":[{"href":"https:\/\/roveyayinevi.com.tr\/index.php\/wp-json\/wp\/v2\/product"}],"about":[{"href":"https:\/\/roveyayinevi.com.tr\/index.php\/wp-json\/wp\/v2\/types\/product"}],"wp:attachment":[{"href":"https:\/\/roveyayinevi.com.tr\/index.php\/wp-json\/wp\/v2\/media?parent=746581"}],"wp:term":[{"taxonomy":"product_brand","embeddable":true,"href":"https:\/\/roveyayinevi.com.tr\/index.php\/wp-json\/wp\/v2\/product_brand?post=746581"},{"taxonomy":"product_cat","embeddable":true,"href":"https:\/\/roveyayinevi.com.tr\/index.php\/wp-json\/wp\/v2\/product_cat?post=746581"},{"taxonomy":"product_tag","embeddable":true,"href":"https:\/\/roveyayinevi.com.tr\/index.php\/wp-json\/wp\/v2\/product_tag?post=746581"}],"curies":[{"name":"wp","href":"https:\/\/api.w.org\/{rel}","templated":true}]}}