{"id":746488,"date":"2025-08-28T02:43:34","date_gmt":"2025-08-27T23:43:34","guid":{"rendered":"https:\/\/roveyayinevi.com.tr\/index.php\/urun\/ataturkum\/"},"modified":"2026-04-16T02:58:55","modified_gmt":"2026-04-15T23:58:55","slug":"ataturkum","status":"publish","type":"product","link":"https:\/\/roveyayinevi.com.tr\/index.php\/urun\/ataturkum\/","title":{"rendered":"Atat\u00fcrk&#8217;\u00fcm"},"content":{"rendered":"<p>Manevi evlad\u0131 K\u00fc\u00e7\u00fck \u00dclk\u00fc, Gazi Mustafa Kemal Pa\u015fa\u2019ya her zaman \u201cAtat\u00fcrk\u2019\u00fcm\u201d \u015feklinde hitap etmi\u015ftir. Bir \u00e7ocu\u011fun masumiyeti, safl\u0131\u011f\u0131 ve kar\u015f\u0131l\u0131ks\u0131z sevgisinin samimi ifadesi olan bu sesleni\u015f, o b\u00fcy\u00fck insan\u0131 en g\u00fczel anlatan s\u00f6zc\u00fcklerden biridir. T\u00fcrk milleti, Gazi Mustafa Kemal Pa\u015fa\u2019ya \u201cAtat\u00fcrk\u201d soyad\u0131n\u0131 vererek T\u00fcrk tarihine emanet etmi\u015ftir. \u00dclk\u00fc de ona \u201cAtat\u00fcrk\u2019\u00fcm\u201d diyerek, gelece\u011fin T\u00fcrkiye\u2019si ve Cumhuriyet\u2019in emanet edildi\u011fi T\u00fcrk \u00e7ocuklar\u0131n\u0131n onu ve d\u00fc\u015f\u00fcncelerini nas\u0131l i\u00e7selle\u015ftirdiklerini g\u00f6stermi\u015ftir. \u201cAtat\u00fcrk\u2019\u00fcm\u201d, do\u011fumundan \u00f6l\u00fcm\u00fcne tam bir Atat\u00fcrk biyografisidir. Ki\u015fili\u011fi ve liderlik \u00f6zellikleri de ana hatlar\u0131 ile bu eserde yer alm\u0131\u015ft\u0131r. \u201cEn b\u00fcy\u00fck eserim\u201d dedi\u011fi T\u00fcrkiye Cumhuriyeti\u2019nin kurulu\u015f a\u015famalar\u0131na ve T\u00fcrk ink\u0131lab\u0131 ile felsefesine de genel olarak yer verilmi\u015ftir. <\/p>\n","protected":false},"excerpt":{"rendered":"<p>Manevi evlad\u0131 K\u00fc\u00e7\u00fck \u00dclk\u00fc, Gazi Mustafa Kemal Pa\u015fa\u2019ya her zaman \u201cAtat\u00fcrk\u2019\u00fcm\u201d \u015feklinde hitap etmi\u015ftir. Bir \u00e7ocu\u011fun masumiyeti, safl\u0131\u011f\u0131 ve kar\u015f\u0131l\u0131ks\u0131z sevgisinin samimi ifadesi olan bu sesleni\u015f,<span class=\"excerpt-hellip\"> [\u2026]<\/span><\/p>\n","protected":false},"featured_media":0,"template":"","meta":{"_monsterinsights_skip_tracking":false,"_monsterinsights_sitenote_active":false,"_monsterinsights_sitenote_note":"","_monsterinsights_sitenote_category":0},"product_brand":[],"product_cat":[12370,12304],"product_tag":[],"class_list":{"0":"post-746488","1":"product","2":"type-product","3":"status-publish","5":"product_cat-arastirma-inceleme","6":"product_cat-tarih","7":"pa_cilt-ciltsiz","8":"pa_tur-kitap","9":"pa_yayinevi-yeditepe-yayinevi","10":"pa_yazar-ali-guler","12":"first","13":"instock","14":"sale","15":"shipping-taxable","16":"purchasable","17":"product-type-simple"},"_links":{"self":[{"href":"https:\/\/roveyayinevi.com.tr\/index.php\/wp-json\/wp\/v2\/product\/746488","targetHints":{"allow":["GET"]}}],"collection":[{"href":"https:\/\/roveyayinevi.com.tr\/index.php\/wp-json\/wp\/v2\/product"}],"about":[{"href":"https:\/\/roveyayinevi.com.tr\/index.php\/wp-json\/wp\/v2\/types\/product"}],"wp:attachment":[{"href":"https:\/\/roveyayinevi.com.tr\/index.php\/wp-json\/wp\/v2\/media?parent=746488"}],"wp:term":[{"taxonomy":"product_brand","embeddable":true,"href":"https:\/\/roveyayinevi.com.tr\/index.php\/wp-json\/wp\/v2\/product_brand?post=746488"},{"taxonomy":"product_cat","embeddable":true,"href":"https:\/\/roveyayinevi.com.tr\/index.php\/wp-json\/wp\/v2\/product_cat?post=746488"},{"taxonomy":"product_tag","embeddable":true,"href":"https:\/\/roveyayinevi.com.tr\/index.php\/wp-json\/wp\/v2\/product_tag?post=746488"}],"curies":[{"name":"wp","href":"https:\/\/api.w.org\/{rel}","templated":true}]}}