{"id":746470,"date":"2025-08-28T02:43:13","date_gmt":"2025-08-27T23:43:13","guid":{"rendered":"https:\/\/roveyayinevi.com.tr\/index.php\/urun\/sanat-dunyamiz-192-ocak-subat-2023\/"},"modified":"2026-04-16T02:58:55","modified_gmt":"2026-04-15T23:58:55","slug":"sanat-dunyamiz-192-ocak-subat-2023","status":"publish","type":"product","link":"https:\/\/roveyayinevi.com.tr\/index.php\/urun\/sanat-dunyamiz-192-ocak-subat-2023\/","title":{"rendered":"Sanat D\u00fcnyam\u0131z 192 \/ Ocak &#8211; \u015eubat 2023"},"content":{"rendered":"<p>Sanat D\u00fcnyam\u0131z Dergisi Ocak \u015eubat say\u0131s\u0131nda \u201cKesi\u015fimsellik ve Sanat\u201d dosyas\u0131   Sanat D\u00fcnyam\u0131z dergisi Ocak \u015eubat say\u0131s\u0131 yay\u0131mland\u0131. Dergi bu say\u0131s\u0131nda ilk kez 1989 y\u0131l\u0131nda Kimberl\u00e9 Crenshaw taraf\u0131ndan ayr\u0131mc\u0131l\u0131klar\u0131 i\u015faret etmekte kullan\u0131lan \u201ckesi\u015fimsellik\u201d kavram\u0131n\u0131 ele al\u0131yor.   \u201cKesi\u015fimsellik ve Sanat\u201d ba\u015fl\u0131kl\u0131 dosya say\u0131s\u0131, kavram\u0131n a\u00e7t\u0131\u011f\u0131 tart\u0131\u015fmalar\u0131 g\u00fcncel sanat pratikleri etraf\u0131nda de\u011ferlendirmeyi hedefliyor. Bu kapsamda dergide Pera M\u00fczesi\u2019nde eserleriyle a\u011f\u0131rlanan Paula Rego\u2019nun sanat\u0131 Derya Say\u0131n\u2019\u0131n bir yaz\u0131s\u0131yla geni\u015f\u00e7e yer buluyor. Dergide kesi\u015fimsel feminizm \u00fczerine bir s\u00f6yle\u015fisiyle Feride Eralp, \u201cPrekaryan\u0131n G\u00f6r\u00fcnmeyen \u00d6zneleri\u201d ara\u015ft\u0131rmas\u0131 hakk\u0131ndaki s\u00f6yle\u015fisiyle Eda Yi\u011fit ve Documenta 15\u2019in ard\u0131ndan lumbung\u2019un yeni planlar\u0131n\u0131 anlatt\u0131\u011f\u0131 s\u00f6yle\u015fisiyle farid rakun yer al\u0131yor. Seda Ni\u011fbolu\u2019nun crip time kavram\u0131 \u00fczerine, Marina Papazyan\u2019\u0131n k\u00fclt\u00fcr kurumlar\u0131 \u00fczerine birer yaz\u0131s\u0131, Se\u00e7il Epik\u2019in edebiyat metinleri aras\u0131nda kesi\u015fimsellik tart\u0131\u015fmalar\u0131yla ba\u011f kurdu\u011fu denemesi, Furkan \u00d6ztekin\u2019in Ay\u015fe Erkmen eserleri ve kamusal alan \u00fczerine bir incelemesi dergide okurlar\u0131 bekliyor. Cansu Y\u0131ld\u0131ran ise dosyada \u201cKutlamalar ve Protestolar\u201d ba\u015fl\u0131kl\u0131 foto makalesini sunuyor.   S\u00fcreyyya Evren sanat ikliminde ele\u015ftiri ve me\u015fruiyet kavramlar\u0131n\u0131 Sanat \u0130\u00e7 Sessiz serisinde inceliyor. Derginin sergi ele\u015ftirilerinin bulundu\u011fu +\u0130z b\u00f6l\u00fcm\u00fcnde Fatih \u00d6zg\u00fcven\u2019in Erol Eskici\u2019nin \u201cAma\u00e7lanmam\u0131\u015f An\u0131tlar\u201d sergisi \u00fczerine bir yaz\u0131s\u0131 yer buluyor. Ece Balc\u0131o\u011flu\u2019nun Abd\u00fclmecid K\u00f6\u015fk\u00fc\u2019ndeki \u201c\u0130smi L\u00e2z\u0131m De\u011fil\u201d sergisini, Mehmet Dere\u2019nin Ercan Ak\u0131n\u2019\u0131n Bozlu Art Project\u2019te sergilenen \u201cUmutsuz Bekleyi\u015f\u201d sergisini de\u011ferlendirdi\u011fi birer yaz\u0131 da Ocak \u015eubat say\u0131s\u0131nda.   Derginin ajandas\u0131 ise bu say\u0131 sanat\u00e7\u0131 Deniz Akta\u015f\u2019a emanet. <\/p>\n","protected":false},"excerpt":{"rendered":"<p>Sanat D\u00fcnyam\u0131z Dergisi Ocak \u015eubat say\u0131s\u0131nda \u201cKesi\u015fimsellik ve Sanat\u201d dosyas\u0131 Sanat D\u00fcnyam\u0131z dergisi Ocak \u015eubat say\u0131s\u0131 yay\u0131mland\u0131. Dergi bu say\u0131s\u0131nda ilk kez 1989 y\u0131l\u0131nda Kimberl\u00e9 Crenshaw<span class=\"excerpt-hellip\"> [\u2026]<\/span><\/p>\n","protected":false},"featured_media":0,"template":"","meta":{"_monsterinsights_skip_tracking":false,"_monsterinsights_sitenote_active":false,"_monsterinsights_sitenote_note":"","_monsterinsights_sitenote_category":0},"product_brand":[],"product_cat":[22066,13527],"product_tag":[],"class_list":{"0":"post-746470","1":"product","2":"type-product","3":"status-publish","5":"product_cat-sanat-sureli-yayinlar","6":"product_cat-sureli-yayinlar","7":"pa_cilt-ciltsiz","8":"pa_tur-dergi","9":"pa_yayinevi-yapi-kredi-yayinlari-dergi","10":"pa_yazar-kolektif","12":"first","13":"instock","14":"sale","15":"shipping-taxable","16":"purchasable","17":"product-type-simple"},"_links":{"self":[{"href":"https:\/\/roveyayinevi.com.tr\/index.php\/wp-json\/wp\/v2\/product\/746470","targetHints":{"allow":["GET"]}}],"collection":[{"href":"https:\/\/roveyayinevi.com.tr\/index.php\/wp-json\/wp\/v2\/product"}],"about":[{"href":"https:\/\/roveyayinevi.com.tr\/index.php\/wp-json\/wp\/v2\/types\/product"}],"wp:attachment":[{"href":"https:\/\/roveyayinevi.com.tr\/index.php\/wp-json\/wp\/v2\/media?parent=746470"}],"wp:term":[{"taxonomy":"product_brand","embeddable":true,"href":"https:\/\/roveyayinevi.com.tr\/index.php\/wp-json\/wp\/v2\/product_brand?post=746470"},{"taxonomy":"product_cat","embeddable":true,"href":"https:\/\/roveyayinevi.com.tr\/index.php\/wp-json\/wp\/v2\/product_cat?post=746470"},{"taxonomy":"product_tag","embeddable":true,"href":"https:\/\/roveyayinevi.com.tr\/index.php\/wp-json\/wp\/v2\/product_tag?post=746470"}],"curies":[{"name":"wp","href":"https:\/\/api.w.org\/{rel}","templated":true}]}}