{"id":746440,"date":"2025-08-28T02:42:38","date_gmt":"2025-08-27T23:42:38","guid":{"rendered":"https:\/\/roveyayinevi.com.tr\/index.php\/urun\/radikalizm-ve-siyasi-reform\/"},"modified":"2026-04-16T02:58:54","modified_gmt":"2026-04-15T23:58:54","slug":"radikalizm-ve-siyasi-reform","status":"publish","type":"product","link":"https:\/\/roveyayinevi.com.tr\/index.php\/urun\/radikalizm-ve-siyasi-reform\/","title":{"rendered":"Radikalizm ve Siyasi Reform"},"content":{"rendered":"<p>\u201cYazar, k\u00f6ktencilik, radikalizm ve demokratikle\u015fme gibi konular\u0131n zorlu arazisinde dola\u015farak ola\u011fan\u00fcst\u00fc bir i\u015f \u00e7\u0131kar\u0131yor. Genellikle sadece fanatizmin ve hararetli duygular\u0131n kol gezdi\u011fi yerlere \u0131\u015f\u0131k tutuyor ve rasyonel bir kavray\u0131\u015f sunuyor. Bu kitab\u0131 okumak, t\u0131pk\u0131 temiz, taze bir nefes solumak gibi.\u201d \u23bcDr. Katerina DALACOURA \/ Uluslararas\u0131 \u0130li\u015fkiler Okutman\u0131, Londra Ekonomi Okulu.     \u201c\u0130slam d\u00fcnyas\u0131ndaki demokrasi ve modernite hakk\u0131nda ilgin\u00e7 ve \u00f6zg\u00fcn fikirler ileri s\u00fcren bu kitap olduk\u00e7a iyi yaz\u0131lm\u0131\u015f ve okunmas\u0131 kolay. H\u00e2lihaz\u0131rda bu eser, d\u00fc\u015f\u00fcnmeyi te\u015fvik eden fikirleri sebebiyle memnuniyet verici olacak.\u201d \u23bcFred DALLMAYR \/ Felsefe ve Siyaset Bilimi Profes\u00f6r\u00fc, Notre Dame \u00dcniversitesi.      Siyasi \u0130slam son on y\u0131ldan fazla bir s\u00fcredir Bat\u0131 medyas\u0131nda k\u0131nanmaktad\u0131r; konu etraf\u0131nda \u00fcretilen literat\u00fcr ise, onu Bat\u0131l\u0131 demokratik ideoloji ile tamamen kavgal\u0131 ter\u00f6rist veya fa\u015fist bir hareket olarak sunmaktad\u0131r. Kai Hafez\u2019in eseri bu iddialar\u0131 tersy\u00fcz ediyor. Ona g\u00f6re, a\u015f\u0131r\u0131l\u0131klar\u0131na ra\u011fmen, radikal bir siyasi muhalefet bi\u00e7imi olarak bu hareket, demokratikle\u015fme ve modernle\u015fme s\u00fcre\u00e7lerinde merkez\u00ee bir rol oynamaktad\u0131r ve Bat\u0131 tarihinde ve siyasetinde de bu s\u00fcre\u00e7lerle do\u011frudan benze\u015fen s\u00fcre\u00e7ler vard\u0131r. Reform, s\u00f6m\u00fcrgele\u015ftirme, fa\u015fizm ve totaliterli\u011fin y\u00fckselme d\u00f6nemleri esnas\u0131nda H\u0131ristiyan demokratikle\u015fmesinin geli\u015fimini tahlil eden bu kitap, radikalizmin ve \u015fiddetin sosyal de\u011fi\u015fime nas\u0131l e\u015flik etti\u011fini g\u00f6stermenin yan\u0131 s\u0131ra \u2013aksi iddialara ra\u011fmen\u2013 bunlar\u0131n h\u00e2l\u00e2 Bat\u0131\u2019n\u0131n siyaset k\u00fclt\u00fcr\u00fcn\u00fcn bir par\u00e7as\u0131 oldu\u011funu da g\u00f6zler \u00f6n\u00fcne seriyor. Bu minvalde, kitap, h\u00e2lihaz\u0131rda T\u00fcrkiye, Endonezya ve G\u00fcney Asya\u2019n\u0131n bir\u00e7ok b\u00f6lgeleri \u00f6rneklerinde g\u00f6r\u00fcld\u00fc\u011f\u00fc \u00fczere, \u0130slam d\u00fcnyas\u0131ndaki siyasi, din\u00ee ve k\u00fclt\u00fcrel d\u00f6n\u00fc\u015f\u00fcm potansiyeli hakk\u0131nda \u00fcmit verici sonu\u00e7lar ortaya koymaktad\u0131r. Elinizdeki bu eser, radikal hareketlerin ve bunlar\u0131n siyasi de\u011fi\u015fime olan katk\u0131lar\u0131n\u0131n ara\u015ft\u0131r\u0131lmas\u0131 meselesinde \u00f6nemli bir geli\u015fmeye i\u015faret eder.   <\/p>\n","protected":false},"excerpt":{"rendered":"<p>\u201cYazar, k\u00f6ktencilik, radikalizm ve demokratikle\u015fme gibi konular\u0131n zorlu arazisinde dola\u015farak ola\u011fan\u00fcst\u00fc bir i\u015f \u00e7\u0131kar\u0131yor. Genellikle sadece fanatizmin ve hararetli duygular\u0131n kol gezdi\u011fi yerlere \u0131\u015f\u0131k tutuyor ve<span class=\"excerpt-hellip\"> [\u2026]<\/span><\/p>\n","protected":false},"featured_media":0,"template":"","meta":{"_monsterinsights_skip_tracking":false,"_monsterinsights_sitenote_active":false,"_monsterinsights_sitenote_note":"","_monsterinsights_sitenote_category":0},"product_brand":[],"product_cat":[12337,14706],"product_tag":[],"class_list":{"0":"post-746440","1":"product","2":"type-product","3":"status-publish","5":"product_cat-politika-siyaset","6":"product_cat-siyaset-bilimi","7":"pa_cilt-ciltsiz","8":"pa_tur-kitap","9":"pa_yayinevi-bilge-kultur-sanat","10":"pa_yazar-kai-hafez","12":"first","13":"instock","14":"sale","15":"shipping-taxable","16":"purchasable","17":"product-type-simple"},"_links":{"self":[{"href":"https:\/\/roveyayinevi.com.tr\/index.php\/wp-json\/wp\/v2\/product\/746440","targetHints":{"allow":["GET"]}}],"collection":[{"href":"https:\/\/roveyayinevi.com.tr\/index.php\/wp-json\/wp\/v2\/product"}],"about":[{"href":"https:\/\/roveyayinevi.com.tr\/index.php\/wp-json\/wp\/v2\/types\/product"}],"wp:attachment":[{"href":"https:\/\/roveyayinevi.com.tr\/index.php\/wp-json\/wp\/v2\/media?parent=746440"}],"wp:term":[{"taxonomy":"product_brand","embeddable":true,"href":"https:\/\/roveyayinevi.com.tr\/index.php\/wp-json\/wp\/v2\/product_brand?post=746440"},{"taxonomy":"product_cat","embeddable":true,"href":"https:\/\/roveyayinevi.com.tr\/index.php\/wp-json\/wp\/v2\/product_cat?post=746440"},{"taxonomy":"product_tag","embeddable":true,"href":"https:\/\/roveyayinevi.com.tr\/index.php\/wp-json\/wp\/v2\/product_tag?post=746440"}],"curies":[{"name":"wp","href":"https:\/\/api.w.org\/{rel}","templated":true}]}}