{"id":746370,"date":"2025-08-28T02:40:42","date_gmt":"2025-08-27T23:40:42","guid":{"rendered":"https:\/\/roveyayinevi.com.tr\/index.php\/urun\/yeni-deniz-mecmuasi-27-sayi\/"},"modified":"2026-04-16T02:58:53","modified_gmt":"2026-04-15T23:58:53","slug":"yeni-deniz-mecmuasi-27-sayi","status":"publish","type":"product","link":"https:\/\/roveyayinevi.com.tr\/index.php\/urun\/yeni-deniz-mecmuasi-27-sayi\/","title":{"rendered":"Yeni Deniz Mecmuas\u0131 27. Say\u0131"},"content":{"rendered":"<p>Yeni bir y\u0131la girece\u011fimiz bu son g\u00fcnlerde, zevkle okuyaca\u011f\u0131n\u0131z yeni say\u0131m\u0131zla tekrar sizlerleyiz. Bu say\u0131m\u0131z\u0131n \u015fiiri, Ata\u2019m\u0131z\u0131n Antalya\u2019y\u0131 ziyareti i\u00e7in Baki S\u00fcha Edibo\u011flu taraf\u0131ndan yaz\u0131lan \u201cAtat\u00fcrk Akdeniz K\u0131y\u0131s\u0131nda\u201d. Cem G\u00fcrdeniz, dijitalle\u015fmenin her y\u00f6n\u00fc ile sava\u015flar\u0131n kapsam ve karakterini \u015fekillendirmeye devam etti\u011fini belirterek, \u201c\u0130nsans\u0131z Deniz Sistemlerinin Deniz Sava\u015f\u0131na Etkisi\u201d isimli yaz\u0131s\u0131yla, konu hakk\u0131nda ayr\u0131nt\u0131l\u0131 bilgilerini okuyucularla payla\u015fmakta. Denizlerimizin Hukuk\u00e7u Kaptan\u0131 G\u00fcnd\u00fcz Aybay\u2019\u0131n \u201cT\u00fcrk Bo\u011fazlar\u0131 Uluslararas\u0131 Suyolu mudur?\u201d isimli de\u011ferli makalesi, bu y\u0131l may\u0131s ay\u0131nda kaybetti\u011fimiz karde\u015fi Prof. Dr. Rona Aybay\u2019\u0131n ar\u015fivinden, Levent Akson\u2019un \u00f6n yaz\u0131s\u0131yla dergimiz sayfalar\u0131nda sizlerle bulu\u015fuyor. \u201cB\u00fcy\u00fck Deniz S\u00f6zl\u00fc\u011f\u00fc &#8211; Denizl\u00fck\u201d, \u201cDenizin Dili, Denizin Yaz\u0131s\u0131\u201d, \u201cDeniz Bal\u0131klar\u0131 S\u00f6zl\u00fc\u011f\u00fc\u201d kitaplar\u0131n\u0131n yazar\u0131 ve S\u00fcleyman Nutki Bey\u2019in derlemi\u015f oldu\u011fu \u201cKamus-i Bahri\u201d kitab\u0131n\u0131n \u00e7eviriyaz\u0131s\u0131n\u0131 haz\u0131rlam\u0131\u015f olan de\u011ferli akademisyen Mustafa Pultar, 1953\u2019te Atlantik Okyanusu\u2019nu tek ba\u015f\u0131na ge\u00e7mi\u015f kad\u0131n denizci Ann Davison ve kitab\u0131 \u201cGemim O Kadar Ufak ki &#8211; Felicity Ann\u201di okuyucular\u0131m\u0131z i\u00e7in yazd\u0131. Kaptan Sedat Tenker\u2019in, Kanal \u0130stanbul\u2019un yap\u0131m\u0131 i\u00e7in \u00f6ne s\u00fcr\u00fclen \u0130stanbul Bo\u011faz\u0131 gemi ge\u00e7i\u015f say\u0131lar\u0131 hakk\u0131ndaki yaz\u0131s\u0131nda, konu ile ilgili ayr\u0131nt\u0131l\u0131 de\u011ferlendirmelerini bulacaks\u0131n\u0131z. Alptu\u011f G\u00fcney, bu say\u0131m\u0131zdaki yaz\u0131s\u0131nda, d\u00fcnya deniz sava\u015flar\u0131n\u0131n en \u00fcnl\u00fclerinden birini, Trafalgar Sava\u015f\u0131\u2019n\u0131 anlat\u0131yor. Derya \u015eerif Yark\u0131n, \u201cTarih \u00d6ncesi D\u00f6nemde Ege ve Do\u011fu Akdeniz\u2019de Denizcilik\u201d yaz\u0131s\u0131yla, okuru denizler \u00fczerinde bir zaman yolculu\u011funa davet etmekte. De\u011ferli hocam\u0131z Prof. Dr. Ergun T\u00fcrkcan, ge\u00e7en say\u0131m\u0131zdan devam eden \u201cRusya\u2019n\u0131n Tarihi Klostrofobyas\u0131n\u0131 Ka\u015f\u0131mak\u201d yaz\u0131 dizisinin son sayfalar\u0131yla bu say\u0131m\u0131zda da bizlerle. Bir ba\u015fka deniz tutkunu de\u011ferli hocam\u0131z Prof. Dr. \u00d6mer Bozkurt, yaz\u0131s\u0131nda sizleri Polonya-Do\u011fu Pomeranya\u2019daki Gdansk\u2019a g\u00f6t\u00fcr\u00fcrken; Selim \u00d6zen, \u201cKentler, M\u00fczeler, Gemiler\u201d serisinin devam yaz\u0131s\u0131nda ABD Gloucester\u2019\u0131 anlat\u0131yor. Yazar\u0131m\u0131z Talip \u00d6zcengiz; bereket, bar\u0131\u015f ve medeniyetin temsilcisi zeytini anlatt\u0131\u011f\u0131 \u015fiir ve duygu y\u00fckl\u00fc yaz\u0131s\u0131nda, zeytinlikler aras\u0131ndan ge\u00e7en r\u00fczg\u00e2rlar\u0131yla Ege ve Akdeniz\u2019in kokusunu sayfalar\u0131m\u0131za ta\u015f\u0131makta. Amiral Hakan Ercan, teknolojik geli\u015fmeler \u0131\u015f\u0131\u011f\u0131nda strateji sanat\u0131n\u0131n denizde uygulanmas\u0131n\u0131 konu edinen \u201cDeniz Kontrol\u00fc\u201d makalesinde, ilgili konudaki bilgileri bizlere aktar\u0131yor. Sizler bu sayfalar\u0131 okurken, kaptan e\u015finin yan\u0131nda, T\u00fcrkiye\u2019nin ilk derin su in\u015fa bak\u0131m ve onar\u0131m gemisini teslim al\u0131p, Karadeniz\u2019de do\u011falgaz sondaj sahas\u0131nda \u00e7al\u0131\u015faca\u011f\u0131 g\u00f6rev yerine getirmek \u00fczere Endonezya\u2019dan ba\u015flayan bir okyanus ge\u00e7i\u015fi yolculu\u011funda olan Sitem Ate\u015f; yolculu\u011funun ilk safhalar\u0131n\u0131 ve hislerini bizlerle payla\u015fmakta. \u201cS\u0131n\u0131rlar\u0131n\u0131n \u00f6nemli ve b\u00fcy\u00fck k\u0131sm\u0131 deniz olan T\u00fcrk devletinin, donanmas\u0131 da \u00f6nemli ve b\u00fcy\u00fck olmal\u0131d\u0131r. O zaman T\u00fcrk Cumhuriyeti, daha g\u00fcvenli ve emin olacakt\u0131r\u201d diyen Ulu \u00d6nderimiz Mustafa Kemal Atat\u00fcrk\u2019\u00fcn denizalt\u0131 filosuna verdi\u011fi \u00f6nem, Kaya \u015eener\u2019in yaz\u0131 dizisinin ikinci b\u00f6l\u00fcm\u00fcyle dergimiz sayfalar\u0131nda yerini al\u0131yor. \u00dcnl\u00fc Yazar Ahmet B\u00fcke, \u0130zmir\u2019i anlatt\u0131\u011f\u0131 \u201cAh Benim Deniz Kokan G\u00fczel \u0130zmir\u2019im!\u201d yaz\u0131s\u0131yla, \u0130zmir\u2019den uzak kalm\u0131\u015f \u0130zmirlilerin ve \u0130zmir\u2019i sevenlerin \u00f6zlemini artt\u0131racak\u2026 2017 y\u0131l\u0131nda, daha \u00f6nce b\u00fcy\u00fck bir sefere \u00e7\u0131kmad\u0131\u011f\u0131 halde \u201cCesaret!\u201d diyerek teknesiyle tek ba\u015f\u0131na d\u00fcnya turuna \u00e7\u0131kan Selim Ekmek\u00e7io\u011flu\u2019nun \u201cMaceral\u0131 D\u00fcnya Turu\u201dnun hik\u00e2yesi, Ege B\u00f6lge Temsilcimiz Gazeteci Hasan Erel\u2019in r\u00f6portaj\u0131yla okuyucuyla bulu\u015fuyor. Montr\u00f6 Bo\u011fazlar S\u00f6zle\u015fmesi\u2019nin \u00f6nemini, tarihsel geli\u015fimi ve ilgili maddelerin vurgular\u0131yla Say\u0131n Saim O\u011fuz\u00fclgen\u2019in yaz\u0131s\u0131nda okuyacaks\u0131n\u0131z. Yeni y\u0131lda, Sadun Boro\u2019nun dedi\u011fi gibi, \u201cR\u00fczg\u00e2r\u0131n\u0131z kolay\u0131na, denizleriniz sakin, ne\u015feniz daim olsun\u201d. <\/p>\n","protected":false},"excerpt":{"rendered":"<p>Yeni bir y\u0131la girece\u011fimiz bu son g\u00fcnlerde, zevkle okuyaca\u011f\u0131n\u0131z yeni say\u0131m\u0131zla tekrar sizlerleyiz. Bu say\u0131m\u0131z\u0131n \u015fiiri, Ata\u2019m\u0131z\u0131n Antalya\u2019y\u0131 ziyareti i\u00e7in Baki S\u00fcha Edibo\u011flu taraf\u0131ndan yaz\u0131lan \u201cAtat\u00fcrk<span class=\"excerpt-hellip\"> [\u2026]<\/span><\/p>\n","protected":false},"featured_media":0,"template":"","meta":{"_monsterinsights_skip_tracking":false,"_monsterinsights_sitenote_active":false,"_monsterinsights_sitenote_note":"","_monsterinsights_sitenote_category":0},"product_brand":[],"product_cat":[13527],"product_tag":[],"class_list":{"0":"post-746370","1":"product","2":"type-product","3":"status-publish","5":"product_cat-sureli-yayinlar","6":"pa_cilt-ciltsiz","7":"pa_tur-dergi","8":"pa_yayinevi-pankus-yayinlari","9":"pa_yazar-kolektif","11":"first","12":"instock","13":"sale","14":"shipping-taxable","15":"purchasable","16":"product-type-simple"},"_links":{"self":[{"href":"https:\/\/roveyayinevi.com.tr\/index.php\/wp-json\/wp\/v2\/product\/746370","targetHints":{"allow":["GET"]}}],"collection":[{"href":"https:\/\/roveyayinevi.com.tr\/index.php\/wp-json\/wp\/v2\/product"}],"about":[{"href":"https:\/\/roveyayinevi.com.tr\/index.php\/wp-json\/wp\/v2\/types\/product"}],"wp:attachment":[{"href":"https:\/\/roveyayinevi.com.tr\/index.php\/wp-json\/wp\/v2\/media?parent=746370"}],"wp:term":[{"taxonomy":"product_brand","embeddable":true,"href":"https:\/\/roveyayinevi.com.tr\/index.php\/wp-json\/wp\/v2\/product_brand?post=746370"},{"taxonomy":"product_cat","embeddable":true,"href":"https:\/\/roveyayinevi.com.tr\/index.php\/wp-json\/wp\/v2\/product_cat?post=746370"},{"taxonomy":"product_tag","embeddable":true,"href":"https:\/\/roveyayinevi.com.tr\/index.php\/wp-json\/wp\/v2\/product_tag?post=746370"}],"curies":[{"name":"wp","href":"https:\/\/api.w.org\/{rel}","templated":true}]}}