{"id":746367,"date":"2025-08-28T02:40:39","date_gmt":"2025-08-27T23:40:39","guid":{"rendered":"https:\/\/roveyayinevi.com.tr\/index.php\/urun\/modern-irak-tarihi\/"},"modified":"2026-04-16T02:58:53","modified_gmt":"2026-04-15T23:58:53","slug":"modern-irak-tarihi","status":"publish","type":"product","link":"https:\/\/roveyayinevi.com.tr\/index.php\/urun\/modern-irak-tarihi\/","title":{"rendered":"Modern Irak Tarihi"},"content":{"rendered":"<p>Irak son k\u0131rk y\u0131lda d\u00fcnyada ad\u0131ndan en fazla s\u00f6z ettiren \u00fclkeler aras\u0131nda yerini alm\u0131\u015ft\u0131r. Irak ile ilgili geli\u015fmelere televizyonlarda, gazetelerde, sosyal medyada s\u0131kl\u0131kla rastl\u0131yoruz. Orada ya\u015fanan siyasi, asker\u00ee ve ekonomik geli\u015fmeler b\u00fct\u00fcn b\u00f6lgeyi hatta d\u00fcnyay\u0131 etkilemektedir. T\u00fcrkiye\u2019nin de Irak ile bir\u00e7ok alanda ortak \u00e7\u0131kar\u0131, \u00fcstesinden gelmesi gereken ortak sorunlar\u0131 vard\u0131r. Bu sorunlar\u0131n \u00e7\u00f6z\u00fcm\u00fc i\u00e7in yap\u0131lmas\u0131 gereken; Irak halk\u0131n\u0131 tan\u0131y\u0131p anlamak, Irakl\u0131 y\u00f6neticilerle diyalog i\u00e7inde olmakt\u0131r.   Irak \u00f6zelinde, kapsaml\u0131 bir ara\u015ft\u0131rma neticesinde kaleme al\u0131nan eserleri son derece \u00f6nemli buluyor, akademisyen ve ara\u015ft\u0131rmac\u0131lar\u0131m\u0131z\u0131n bu konuya daha fazla e\u011filmesi gerekti\u011fini d\u00fc\u015f\u00fcn\u00fcyorum. Bu gibi eserlerin, d\u00fc\u015f\u00fcn d\u00fcnyam\u0131z\u0131n temsilcilerini ve karar mercinde bulunan y\u00f6neticilerimizi ciddi anlamda besleyece\u011fine inan\u0131yorum.    Kemal K\u0131l\u0131\u00e7daro\u011flu<\/p>\n","protected":false},"excerpt":{"rendered":"<p>Irak son k\u0131rk y\u0131lda d\u00fcnyada ad\u0131ndan en fazla s\u00f6z ettiren \u00fclkeler aras\u0131nda yerini alm\u0131\u015ft\u0131r. Irak ile ilgili geli\u015fmelere televizyonlarda, gazetelerde, sosyal medyada s\u0131kl\u0131kla rastl\u0131yoruz. Orada ya\u015fanan<span class=\"excerpt-hellip\"> [\u2026]<\/span><\/p>\n","protected":false},"featured_media":0,"template":"","meta":{"_monsterinsights_skip_tracking":false,"_monsterinsights_sitenote_active":false,"_monsterinsights_sitenote_note":"","_monsterinsights_sitenote_category":0},"product_brand":[],"product_cat":[12337,14528],"product_tag":[],"class_list":{"0":"post-746367","1":"product","2":"type-product","3":"status-publish","5":"product_cat-politika-siyaset","6":"product_cat-siyaset-tarihi","7":"pa_cilt-ciltsiz","8":"pa_tur-kitap","9":"pa_yayinevi-la-kitap-yayinlari","10":"pa_yazar-ahmet-nazif-yucel","12":"first","13":"instock","14":"sale","15":"shipping-taxable","16":"purchasable","17":"product-type-simple"},"_links":{"self":[{"href":"https:\/\/roveyayinevi.com.tr\/index.php\/wp-json\/wp\/v2\/product\/746367","targetHints":{"allow":["GET"]}}],"collection":[{"href":"https:\/\/roveyayinevi.com.tr\/index.php\/wp-json\/wp\/v2\/product"}],"about":[{"href":"https:\/\/roveyayinevi.com.tr\/index.php\/wp-json\/wp\/v2\/types\/product"}],"wp:attachment":[{"href":"https:\/\/roveyayinevi.com.tr\/index.php\/wp-json\/wp\/v2\/media?parent=746367"}],"wp:term":[{"taxonomy":"product_brand","embeddable":true,"href":"https:\/\/roveyayinevi.com.tr\/index.php\/wp-json\/wp\/v2\/product_brand?post=746367"},{"taxonomy":"product_cat","embeddable":true,"href":"https:\/\/roveyayinevi.com.tr\/index.php\/wp-json\/wp\/v2\/product_cat?post=746367"},{"taxonomy":"product_tag","embeddable":true,"href":"https:\/\/roveyayinevi.com.tr\/index.php\/wp-json\/wp\/v2\/product_tag?post=746367"}],"curies":[{"name":"wp","href":"https:\/\/api.w.org\/{rel}","templated":true}]}}