{"id":746359,"date":"2025-08-28T02:40:28","date_gmt":"2025-08-27T23:40:28","guid":{"rendered":"https:\/\/roveyayinevi.com.tr\/index.php\/urun\/gunumuzde-asiri-sag\/"},"modified":"2026-04-16T02:58:52","modified_gmt":"2026-04-15T23:58:52","slug":"gunumuzde-asiri-sag","status":"publish","type":"product","link":"https:\/\/roveyayinevi.com.tr\/index.php\/urun\/gunumuzde-asiri-sag\/","title":{"rendered":"G\u00fcn\u00fcm\u00fczde A\u015f\u0131r\u0131 Sa\u011f"},"content":{"rendered":"<p>\u201cCas Mudde, Bat\u0131&#8217;daki en zeki ve keskin siyaset analistlerinden biri. Son \u00e7al\u0131\u015fmas\u0131 i\u00e7g\u00f6r\u00fcyle dolu ve k\u00fcresel zeitgeist&#8217;i \u015fekillendiren bir dizi yerlici ve a\u015f\u0131r\u0131l\u0131k\u00e7\u0131 hizbe dair hayati bir rehber sunuyor.\u201dIshaan Tharoor, The Washington Post\u201cBir\u00e7ok ABD\u2019li gece haberleriyle \u00e7\u0131lg\u0131na d\u00f6nerken Cas Mudde, sa\u011f\u0131n y\u00fckseli\u015finin k\u00fcresel ve tarihsel ba\u011flam\u0131n\u0131 ele ald\u0131\u011f\u0131 kitab\u0131yla, bir panzehir sunuyor. Mudde, radikal sa\u011f\u0131n anaak\u0131m haline geldi\u011fini ve kolay \u00e7\u00f6z\u00fcmleri olmayan tarihsel bir sorun te\u015fkil etti\u011fini savunuyor.\u201dKaren Nussbaum, Working America, AFL-CIO\u201cRadikal sa\u011f\u0131n neden bu kadar etkili oldu\u011funu anlamak i\u00e7in muhte\u015fem bir bak\u0131\u015f sa\u011flayan, \u00f6zl\u00fc ve anla\u015f\u0131l\u0131r bir kitap.\u201dClingendael Spectator\u201cG\u00fcn\u00fcm\u00fczde a\u015f\u0131r\u0131 sa\u011f\u0131 ve o cenahtaki farkl\u0131 \u00f6rg\u00fctlenme bi\u00e7imlerini anlamak i\u00e7in hayati ve gerekli olan bilgilerle dolu bir kaynak.\u201dSocialism Today\u201cG\u00fcn\u00fcm\u00fczde A\u015f\u0131r\u0131 Sa\u011f, Brezilya\u2019dan Hindistan\u2019a kadar uzanan radikal sa\u011f konusunda tan\u0131mlamalar ve olgularla dolu, de\u011ferli bir referans.\u201dNRC HandelsbladA\u015f\u0131r\u0131 sa\u011f bir intikam duygusuyla geri d\u00f6nd\u00fc. Siyasetin s\u0131n\u0131rlar\u0131nda gezindi\u011fi birka\u00e7 on y\u0131ldan sonra, a\u015f\u0131r\u0131 sa\u011fc\u0131 siyaset, yeniden tart\u0131\u015fmalar\u0131n merkezinde kendisine yer buldu. Brezilya, Hindistan ve ABD gibi d\u00fcnyan\u0131n \u00fc\u00e7 b\u00fcy\u00fck demokrasisinde radikal sa\u011fc\u0131 liderler iktidara geldi. Avrupa\u2019da da, a\u015f\u0131r\u0131 sa\u011fc\u0131 partiler g\u00fc\u00e7lerini ve desteklerini art\u0131rmaya devam ediyor. Siyas\u00ee a\u015f\u0131r\u0131l\u0131k\u00e7\u0131l\u0131k konusunda d\u00fcnyan\u0131n \u00f6nde gelen uzmanlar\u0131ndan olan Cas Mudde, tam da zaman\u0131nda \u00e7\u0131kard\u0131\u011f\u0131 bu kitab\u0131nda, sava\u015f sonras\u0131 geli\u015fen a\u015f\u0131r\u0131 sa\u011fc\u0131 siyasetin d\u00f6rd\u00fcnc\u00fc dalgas\u0131 konusunda genel bir bak\u0131\u015f sunuyor. Mudde, a\u015f\u0131r\u0131 sa\u011fc\u0131 ideolojiyi ve \u00f6rg\u00fctlenme bi\u00e7imlerini tarihsel bir bak\u0131\u015f a\u00e7\u0131s\u0131yla \u00f6zetliyor. A\u015f\u0131r\u0131 sa\u011fc\u0131 y\u00fckseli\u015fe verilebilecek yan\u0131tlarsa kitab\u0131n kayda de\u011fer bir k\u0131sm\u0131n\u0131 olu\u015fturuyor.Mudde, h\u00e2lihaz\u0131rdaki a\u015f\u0131r\u0131 sa\u011f\u0131n yeniden ortaya \u00e7\u0131k\u0131\u015f\u0131n\u0131 tan\u0131mlayan \u015feyin g\u00fcn\u00fcm\u00fcz\u00fcn siyasal atmosferinde anaak\u0131mla\u015ft\u0131r\u0131lmas\u0131 ve normalle\u015ftirilmesi oldu\u011funu ileri s\u00fcr\u00fcyor. Geleneksel ve a\u015f\u0131r\u0131 sa\u011fc\u0131 siyaset aras\u0131ndaki ili\u015fkiye dair al\u0131\u015f\u0131lageldik d\u00fc\u015f\u00fcnme tarzlar\u0131na meydan okuyan Mudde, \u00e7a\u011f\u0131m\u0131z\u0131n en \u00f6nemli siyasal iddialar\u0131ndan biri konusunda kapsaml\u0131 ve ayd\u0131nlat\u0131c\u0131 bir resim \u00e7iziyor. <\/p>\n","protected":false},"excerpt":{"rendered":"<p>\u201cCas Mudde, Bat\u0131&#8217;daki en zeki ve keskin siyaset analistlerinden biri. Son \u00e7al\u0131\u015fmas\u0131 i\u00e7g\u00f6r\u00fcyle dolu ve k\u00fcresel zeitgeist&#8217;i \u015fekillendiren bir dizi yerlici ve a\u015f\u0131r\u0131l\u0131k\u00e7\u0131 hizbe dair hayati<span class=\"excerpt-hellip\"> [\u2026]<\/span><\/p>\n","protected":false},"featured_media":0,"template":"","meta":{"_monsterinsights_skip_tracking":false,"_monsterinsights_sitenote_active":false,"_monsterinsights_sitenote_note":"","_monsterinsights_sitenote_category":0},"product_brand":[],"product_cat":[13059,12337],"product_tag":[],"class_list":{"0":"post-746359","1":"product","2":"type-product","3":"status-publish","5":"product_cat-diger-politika-siyaset","6":"product_cat-politika-siyaset","7":"pa_cilt-ciltsiz","8":"pa_tur-kitap","9":"pa_yayinevi-nika-yayinevi","10":"pa_yazar-cas-mudde","12":"first","13":"instock","14":"sale","15":"shipping-taxable","16":"purchasable","17":"product-type-simple"},"_links":{"self":[{"href":"https:\/\/roveyayinevi.com.tr\/index.php\/wp-json\/wp\/v2\/product\/746359","targetHints":{"allow":["GET"]}}],"collection":[{"href":"https:\/\/roveyayinevi.com.tr\/index.php\/wp-json\/wp\/v2\/product"}],"about":[{"href":"https:\/\/roveyayinevi.com.tr\/index.php\/wp-json\/wp\/v2\/types\/product"}],"wp:attachment":[{"href":"https:\/\/roveyayinevi.com.tr\/index.php\/wp-json\/wp\/v2\/media?parent=746359"}],"wp:term":[{"taxonomy":"product_brand","embeddable":true,"href":"https:\/\/roveyayinevi.com.tr\/index.php\/wp-json\/wp\/v2\/product_brand?post=746359"},{"taxonomy":"product_cat","embeddable":true,"href":"https:\/\/roveyayinevi.com.tr\/index.php\/wp-json\/wp\/v2\/product_cat?post=746359"},{"taxonomy":"product_tag","embeddable":true,"href":"https:\/\/roveyayinevi.com.tr\/index.php\/wp-json\/wp\/v2\/product_tag?post=746359"}],"curies":[{"name":"wp","href":"https:\/\/api.w.org\/{rel}","templated":true}]}}