{"id":746358,"date":"2025-08-28T02:40:27","date_gmt":"2025-08-27T23:40:27","guid":{"rendered":"https:\/\/roveyayinevi.com.tr\/index.php\/urun\/bakim-merceginden-yeni-sosyal-deneyimler-oznellikler-tartismalar\/"},"modified":"2026-04-16T02:58:52","modified_gmt":"2026-04-15T23:58:52","slug":"bakim-merceginden-yeni-sosyal-deneyimler-oznellikler-tartismalar","status":"publish","type":"product","link":"https:\/\/roveyayinevi.com.tr\/index.php\/urun\/bakim-merceginden-yeni-sosyal-deneyimler-oznellikler-tartismalar\/","title":{"rendered":"Bak\u0131m Merce\u011finden Yeni Sosyal: Deneyimler, \u00d6znellikler, Tart\u0131\u015fmalar"},"content":{"rendered":"<p>Bu kitap farkl\u0131 disiplinlerden ve farkl\u0131 \u00fclkelerden gelen ara\u015ft\u0131rmac\u0131, akademisyen, sosyal \u00e7al\u0131\u015fmac\u0131 ve aktivistlerin yaz\u0131lar\u0131na yer vermektedir. Sava\u015flar, iklim krizi, hastal\u0131klar, salg\u0131n, afetler gibi geli\u015fmelerle e\u015fitsizliklerin, yoksulluklar\u0131n, yoksunluklar\u0131n artt\u0131\u011f\u0131 bir d\u00fcnyada, farkl\u0131 bir d\u00fcnya aray\u0131\u015flar\u0131ndan vazge\u00e7meyenlerin m\u00fccadeleleri devam ediyor. Sosyal \u00e7al\u0131\u015fma daha iyi, e\u015fit ve adil bir d\u00fcnya m\u00fccadelesinin bir par\u00e7as\u0131 olarak ortaya \u00e7\u0131km\u0131\u015f bir alan ve bug\u00fcn gelinen noktada k\u00f6klere d\u00f6nmek, alan\u0131 b\u00fcrokrasinin mesafesinden, so\u011fuklu\u011fundan ve neoliberalizmin teknik akl\u0131ndan kurtarmak gerekiyor. Bu kitab\u0131n, T\u00fcrkiye\u2019deki sosyal \u00e7al\u0131\u015fmac\u0131lara yeni bak\u0131\u015f a\u00e7\u0131lar\u0131 kazand\u0131rmas\u0131 ve konferanslar serisinin ba\u015fl\u0131\u011f\u0131nda oldu\u011fu gibi sosyal hizmetleri yeniden d\u00fc\u015f\u00fcnme yolunda bir katk\u0131 olmas\u0131 umut edilmektedir.   Bak\u0131m Manifestosu: Kar\u015f\u0131l\u0131kl\u0131 Ba\u011f\u0131ml\u0131l\u0131k Politikas\u0131  Bak\u0131m Kolektifi \u2022 Kendine, Ba\u015fkas\u0131na, D\u00fcnyaya \u0130htimam G\u00f6stermek Fatmag\u00dcl Berktay \u2022 Daha \u0130yi Bir D\u00fcnya \u0130n\u015fa Etmek: \u015eimdi Sosyal \u00c7al\u0131\u015fma Uygulamalar\u0131na Hak Temelli Yakla\u015f\u0131m Zaman\u0131 Jane Mcpherson \u2022 Dayan\u0131\u015fma: Sosyal \u00c7al\u0131\u015fma \u0130\u00e7in Anahtar Kavram CarolIne SchmItt \u2022 Herkes \u0130\u00e7in Bir \u015eehirde Dayan\u0131\u015fma: Z\u00fcrih \u015eehir Kart\u0131 \u00d6rne\u011fi \u00dczerinden Bir Kentsel Vizyonun Ana Hatlar\u0131n\u0131 \u00c7izmek  CarolIne SchmItt, Marc HIll  \u2022 T\u00fcrkiye\u2019de Bak\u0131m Hizmetleri \u0130stihdam\u0131n\u0131n Toplumsal Cinsiyet Ayr\u0131m\u0131nda Analizi Ay\u015fe Aylin Bayar, \u0130pek \u0130lkkaracan \u2022 T\u00fcrkiye\u2019de Kurumsal \u00c7ocuk Bak\u0131m Hizmetleri ve Kad\u0131n \u0130stihdam\u0131 \u0130li\u015fkisi: Yolun Neresindeyiz? Saniye Dedeo\u011flu, Asl\u0131 \u015eahankaya Adar \u2022 Pandemide Kesi\u015fen Deneyimler: Farkl\u0131 Haneler, Kapsay\u0131c\u0131l\u0131k ve Ba\u011f Kurmak Ece \u00d6ztan  \u2022 Pandemi S\u00fcrecinde Lgbtqia+\u2019lar\u0131n Bak\u0131m Alan\u0131ndaki Konumu Yunus Kara \u2022 Cov\u0131d-19 Pandemisinde Lgbt\u0131+\u2019lar\u0131n Durumu Duygu Yayla, \u015eim\u015fek Yi\u011fit Y\u00dccel  \u2022 2020\/21 Cov\u0131d-19 Pandemisi S\u00fcresince S\u0131\u011f\u0131nmac\u0131 ve Yeni G\u00f6\u00e7men \u00d6\u011frencilerin E\u011fitimi  JulIane Karakayal\u0131  \u2022 Cov\u0131d-19 Pandemisi D\u00f6neminde \u0130stanbul\u2019da Ya\u015fl\u0131lar\u0131n Deneyimleri: Nitel Bir Analiz U\u011fur Tekin, Hatice Kurtulu\u015f, Esra Kaya Erdo\u011fan, Deniz Y\u00dckseker  \u2022 Sekt\u00f6r Y\u00f6neticilerinin Covid 19 Pandemisinde Ki\u015fisel Krizlerini Y\u00f6netme Stratejileri Esranur \u00d6zer, P\u0131nar G\u00dcng\u00f6r Ketenci  \u2022 Derin Yoksulluktan Bakmak Hacer Foggo  <\/p>\n","protected":false},"excerpt":{"rendered":"<p>Bu kitap farkl\u0131 disiplinlerden ve farkl\u0131 \u00fclkelerden gelen ara\u015ft\u0131rmac\u0131, akademisyen, sosyal \u00e7al\u0131\u015fmac\u0131 ve aktivistlerin yaz\u0131lar\u0131na yer vermektedir. Sava\u015flar, iklim krizi, hastal\u0131klar, salg\u0131n, afetler gibi geli\u015fmelerle e\u015fitsizliklerin,<span class=\"excerpt-hellip\"> [\u2026]<\/span><\/p>\n","protected":false},"featured_media":0,"template":"","meta":{"_monsterinsights_skip_tracking":false,"_monsterinsights_sitenote_active":false,"_monsterinsights_sitenote_note":"","_monsterinsights_sitenote_category":0},"product_brand":[],"product_cat":[12325,12324],"product_tag":[],"class_list":{"0":"post-746358","1":"product","2":"type-product","3":"status-publish","5":"product_cat-diger-sosyoloji","6":"product_cat-sosyoloji","7":"pa_cilt-ciltsiz","8":"pa_tur-kitap","9":"pa_yayinevi-nika-yayinevi","10":"pa_yazar-kolektif","12":"first","13":"instock","14":"sale","15":"shipping-taxable","16":"purchasable","17":"product-type-simple"},"_links":{"self":[{"href":"https:\/\/roveyayinevi.com.tr\/index.php\/wp-json\/wp\/v2\/product\/746358","targetHints":{"allow":["GET"]}}],"collection":[{"href":"https:\/\/roveyayinevi.com.tr\/index.php\/wp-json\/wp\/v2\/product"}],"about":[{"href":"https:\/\/roveyayinevi.com.tr\/index.php\/wp-json\/wp\/v2\/types\/product"}],"wp:attachment":[{"href":"https:\/\/roveyayinevi.com.tr\/index.php\/wp-json\/wp\/v2\/media?parent=746358"}],"wp:term":[{"taxonomy":"product_brand","embeddable":true,"href":"https:\/\/roveyayinevi.com.tr\/index.php\/wp-json\/wp\/v2\/product_brand?post=746358"},{"taxonomy":"product_cat","embeddable":true,"href":"https:\/\/roveyayinevi.com.tr\/index.php\/wp-json\/wp\/v2\/product_cat?post=746358"},{"taxonomy":"product_tag","embeddable":true,"href":"https:\/\/roveyayinevi.com.tr\/index.php\/wp-json\/wp\/v2\/product_tag?post=746358"}],"curies":[{"name":"wp","href":"https:\/\/api.w.org\/{rel}","templated":true}]}}