{"id":746269,"date":"2025-08-28T02:38:42","date_gmt":"2025-08-27T23:38:42","guid":{"rendered":"https:\/\/roveyayinevi.com.tr\/index.php\/urun\/hukukta-ve-yargida-etik\/"},"modified":"2026-04-16T02:58:50","modified_gmt":"2026-04-15T23:58:50","slug":"hukukta-ve-yargida-etik","status":"publish","type":"product","link":"https:\/\/roveyayinevi.com.tr\/index.php\/urun\/hukukta-ve-yargida-etik\/","title":{"rendered":"Hukukta ve Yarg\u0131da Etik"},"content":{"rendered":"<p>Hukukun etikle ili\u015fkisi tart\u0131\u015fmal\u0131d\u0131r. Soru bazen do\u011frudan \u201cHukuk etiksiz olabilir mi?\u201d bi\u00e7iminde, bazen de de\u011ferler dolay\u0131m\u0131nda \u201cDe\u011ferlerden ba\u011f\u0131ms\u0131z bir hukuk olabilir mi?\u201d bi\u00e7iminde sorulagelmi\u015f; ama hukukun etikle ili\u015fkisi hep hukuk felsefesinin ana tart\u0131\u015fma konular\u0131 aras\u0131nda yer alm\u0131\u015ft\u0131r. Bu kitapta yer alan yaz\u0131larda hukukun de\u011ferlerden ba\u011f\u0131ms\u0131z olamayaca\u011f\u0131, hukukun etik temellere dayal\u0131 oldu\u011fu, adalete dayal\u0131 olmayan hukukun hukuk olamayaca\u011f\u0131 iddia edilmektedir. Bu ku\u015fkusuz belli bir \u201chukuk\u201d kavram\u0131na dayan\u0131larak ve farkl\u0131 t\u00fcrden kimi bilgisel \u00f6nc\u00fcllerden yola \u00e7\u0131k\u0131larak yap\u0131lmakta, hukukun neden etik olmadan \u201chukuk\u201d olamayaca\u011f\u0131 temellendirilmeye \u00e7al\u0131\u015f\u0131lmaktad\u0131r. <\/p>\n","protected":false},"excerpt":{"rendered":"<p>Hukukun etikle ili\u015fkisi tart\u0131\u015fmal\u0131d\u0131r. Soru bazen do\u011frudan \u201cHukuk etiksiz olabilir mi?\u201d bi\u00e7iminde, bazen de de\u011ferler dolay\u0131m\u0131nda \u201cDe\u011ferlerden ba\u011f\u0131ms\u0131z bir hukuk olabilir mi?\u201d bi\u00e7iminde sorulagelmi\u015f; ama hukukun<span class=\"excerpt-hellip\"> [\u2026]<\/span><\/p>\n","protected":false},"featured_media":0,"template":"","meta":{"_monsterinsights_skip_tracking":false,"_monsterinsights_sitenote_active":false,"_monsterinsights_sitenote_note":"","_monsterinsights_sitenote_category":0},"product_brand":[],"product_cat":[15319,12388],"product_tag":[],"class_list":{"0":"post-746269","1":"product","2":"type-product","3":"status-publish","5":"product_cat-etik","6":"product_cat-felsefe","7":"pa_cilt-ciltsiz","8":"pa_tur-kitap","9":"pa_yayinevi-bilgesu-yayincilik","10":"pa_yazar-harun-tepe","12":"first","13":"instock","14":"sale","15":"shipping-taxable","16":"purchasable","17":"product-type-simple"},"_links":{"self":[{"href":"https:\/\/roveyayinevi.com.tr\/index.php\/wp-json\/wp\/v2\/product\/746269","targetHints":{"allow":["GET"]}}],"collection":[{"href":"https:\/\/roveyayinevi.com.tr\/index.php\/wp-json\/wp\/v2\/product"}],"about":[{"href":"https:\/\/roveyayinevi.com.tr\/index.php\/wp-json\/wp\/v2\/types\/product"}],"wp:attachment":[{"href":"https:\/\/roveyayinevi.com.tr\/index.php\/wp-json\/wp\/v2\/media?parent=746269"}],"wp:term":[{"taxonomy":"product_brand","embeddable":true,"href":"https:\/\/roveyayinevi.com.tr\/index.php\/wp-json\/wp\/v2\/product_brand?post=746269"},{"taxonomy":"product_cat","embeddable":true,"href":"https:\/\/roveyayinevi.com.tr\/index.php\/wp-json\/wp\/v2\/product_cat?post=746269"},{"taxonomy":"product_tag","embeddable":true,"href":"https:\/\/roveyayinevi.com.tr\/index.php\/wp-json\/wp\/v2\/product_tag?post=746269"}],"curies":[{"name":"wp","href":"https:\/\/api.w.org\/{rel}","templated":true}]}}