{"id":746205,"date":"2025-08-28T02:37:09","date_gmt":"2025-08-27T23:37:09","guid":{"rendered":"https:\/\/roveyayinevi.com.tr\/index.php\/urun\/yakup-cemil\/"},"modified":"2026-04-16T02:58:34","modified_gmt":"2026-04-15T23:58:34","slug":"yakup-cemil","status":"publish","type":"product","link":"https:\/\/roveyayinevi.com.tr\/index.php\/urun\/yakup-cemil\/","title":{"rendered":"Yakup Cemil"},"content":{"rendered":"<p>\u201cYakup Cemil\u2019i te\u015febb\u00fcslerinden vazge\u00e7irecek hi\u00e7bir kuvvet mevcut de\u011fildir\u2026 Benim hakk\u0131mda kim ne derse desin; ya on be\u015f maddelik bilinen fikrimi kabul ettirece\u011fim yahut as\u0131laca\u011f\u0131m. Belki harbin nihayetine kadar \u00e7\u0131karmayacaklar. Ben bu fikirde \u2018T\u00fcrk\u2019\u00fcn, ta\u015f\u0131m da ta\u015f\u0131m\u2019 dedi\u011fi gibiyim.\u201d   Yakup Cemil   Bu kitap; \u0130ttih\u00e2d ve Terakki Cemiyetinin \u00f6nemli ismi Yakup Cemil\u2019in Cemiyetle \u00f6ne \u00e7\u0131kan ve Cemiyetin m\u00fcdahalesiyle 11 Eyl\u00fcl 1916\u2019da kur\u015funa dizilmek suretiyle sona eren hayat hik\u00e2yesini efsanelerden ar\u0131nd\u0131rarak ar\u015fiv vesikalar\u0131 ve di\u011fer kaynaklara dayanarak ortaya koyuyor ve ana baba ad\u0131ndan ba\u015flayarak bir\u00e7ok hatay\u0131 da tashih ediyor. Ayr\u0131ca Yakup Cemil\u2019in ba\u015f kahraman\u0131 oldu\u011fu 1916\u2019daki m\u00fcnferit sulh davas\u0131n\u0131n Divan-\u0131 Harp sorgu tutanaklar\u0131n\u0131 i\u00e7eriyor ve bu tutanaklar\u0131n \u00e7eviri yaz\u0131m\u0131n\u0131 g\u00fcn y\u00fcz\u00fcne \u00e7\u0131kararak okuyucular\u0131n dikkatine sunuyor.   Nihayetinde bu kitap, silah ve siyaset aras\u0131nda t\u00fckenmi\u015f bir \u00f6mr\u00fcn, Yakup Cemil\u2019in;   Bursa seyahati ve Prens Sabahaddin\u2019in hususi k\u00e2tibi Satvet L\u00fctfi ile ili\u015fkisini, M\u00fcnferit sulh \u00e7er\u00e7evesindeki on be\u015f maddelik manifestosunu, Meserret Oteli toplant\u0131lar\u0131n\u0131, Sapancal\u0131 Hakk\u0131, M\u00fcmtaz Bey ve H\u00fcsrev Sami ile ili\u015fkilerini, Kara Kemal, Bahaeddin \u015eakir, Doktor Naz\u0131m ve Midhat \u015e\u00fckr\u00fc gibi isimlerle g\u00f6r\u00fc\u015fmelerini, Enver Pa\u015fa ve Tal\u00e2t Bey hakk\u0131ndaki de\u011ferlendirmelerini, Mustafa Kemal Pa\u015fa\u2019n\u0131n Harbiye Naz\u0131rl\u0131\u011f\u0131 meselesini, imzal\u0131 ifadelerinden \u00f6\u011frenebilme imk\u00e2n\u0131 sunuyor; Yakup Cemil meselesiyle ilgili Esatl\u0131, Ert\u00fcrk ve Vardar\u2019\u0131n yazd\u0131klar\u0131 baz\u0131 hususlar\u0131 tashih etmenin yan\u0131nda bu meselenin Almanya\u2019n\u0131n \u0130stanbul B\u00fcy\u00fckel\u00e7ili\u011fi raporlar\u0131na yans\u0131mas\u0131n\u0131 da ele al\u0131yor. Karanl\u0131kta kalan pek \u00e7ok meseleyi a\u00e7\u0131kl\u0131\u011fa kavu\u015fturaca\u011f\u0131n\u0131 umdu\u011fumuz bu \u00e7al\u0131\u015fmay\u0131 T\u00fcrk okurunun ve akademisinin dikkatine sunmaktan k\u0131van\u00e7 duyuyoruz.<\/p>\n","protected":false},"excerpt":{"rendered":"<p>\u201cYakup Cemil\u2019i te\u015febb\u00fcslerinden vazge\u00e7irecek hi\u00e7bir kuvvet mevcut de\u011fildir\u2026 Benim hakk\u0131mda kim ne derse desin; ya on be\u015f maddelik bilinen fikrimi kabul ettirece\u011fim yahut as\u0131laca\u011f\u0131m. Belki harbin<span class=\"excerpt-hellip\"> [\u2026]<\/span><\/p>\n","protected":false},"featured_media":0,"template":"","meta":{"_monsterinsights_skip_tracking":false,"_monsterinsights_sitenote_active":false,"_monsterinsights_sitenote_note":"","_monsterinsights_sitenote_category":0},"product_brand":[],"product_cat":[13946,12304],"product_tag":[],"class_list":{"0":"post-746205","1":"product","2":"type-product","3":"status-publish","5":"product_cat-biyografi-otobiyografi","6":"product_cat-tarih","7":"pa_cilt-ciltsiz","8":"pa_tur-kitap","9":"pa_yayinevi-otuken-nesriyat","10":"pa_yazar-hasan-ali-polat","12":"first","13":"instock","14":"sale","15":"shipping-taxable","16":"purchasable","17":"product-type-simple"},"_links":{"self":[{"href":"https:\/\/roveyayinevi.com.tr\/index.php\/wp-json\/wp\/v2\/product\/746205","targetHints":{"allow":["GET"]}}],"collection":[{"href":"https:\/\/roveyayinevi.com.tr\/index.php\/wp-json\/wp\/v2\/product"}],"about":[{"href":"https:\/\/roveyayinevi.com.tr\/index.php\/wp-json\/wp\/v2\/types\/product"}],"wp:attachment":[{"href":"https:\/\/roveyayinevi.com.tr\/index.php\/wp-json\/wp\/v2\/media?parent=746205"}],"wp:term":[{"taxonomy":"product_brand","embeddable":true,"href":"https:\/\/roveyayinevi.com.tr\/index.php\/wp-json\/wp\/v2\/product_brand?post=746205"},{"taxonomy":"product_cat","embeddable":true,"href":"https:\/\/roveyayinevi.com.tr\/index.php\/wp-json\/wp\/v2\/product_cat?post=746205"},{"taxonomy":"product_tag","embeddable":true,"href":"https:\/\/roveyayinevi.com.tr\/index.php\/wp-json\/wp\/v2\/product_tag?post=746205"}],"curies":[{"name":"wp","href":"https:\/\/api.w.org\/{rel}","templated":true}]}}