{"id":746161,"date":"2025-08-28T02:36:05","date_gmt":"2025-08-27T23:36:05","guid":{"rendered":"https:\/\/roveyayinevi.com.tr\/index.php\/urun\/bir-bahar-gunu-sofyada\/"},"modified":"2026-04-16T02:58:33","modified_gmt":"2026-04-15T23:58:33","slug":"bir-bahar-gunu-sofyada","status":"publish","type":"product","link":"https:\/\/roveyayinevi.com.tr\/index.php\/urun\/bir-bahar-gunu-sofyada\/","title":{"rendered":"Bir Bahar G\u00fcn\u00fc Sofya\u2019da"},"content":{"rendered":"<p>N\u00e2z\u0131m Hikmet, T\u00fcrkiye\u2019yi terk etmek zorunda kald\u0131ktan ve Sovyetler Birli\u011fi\u2019nde ya\u015famaya ba\u015flad\u0131ktan sonra, Bulgaristan\u2019a iki ayr\u0131 ziyaret ger\u00e7ekle\u015ftirdi. Osmanl\u0131 \u0130mparatorlu\u011fu\u2019nun par\u00e7alanmas\u0131 ve Balkan Sava\u015flar\u0131 s\u00fcrecinde ac\u0131larla yo\u011frulan Bulgaristan co\u011frafyas\u0131nda ya\u015fayan T\u00fcrkler, 1946\u2019da ger\u00e7ekle\u015fen kom\u00fcnist devrimle de farkl\u0131 s\u0131k\u0131nt\u0131larla kar\u015f\u0131 kar\u015f\u0131ya kalm\u0131\u015ft\u0131. \u0130\u015fte N\u00e2z\u0131m Hikmet, Bulgaristan\u2019a ilk olarak 1951 y\u0131l\u0131nda, bizzat Bulgaristan Kom\u00fcnist Partisi\u2019nin resmi davetlisi olarak gitti. Burada ama\u00e7 T\u00fcrk az\u0131nl\u0131\u011fa, yeni kurulan d\u00fczeni ve sosyalist prensipleri anlatmak, benimsetmekti. Bu ziyarette \u015fairin yan\u0131nda olan ve N\u00e2z\u0131m\u2019\u0131n \u201cGen\u00e7 gazeteci\u201d ad\u0131n\u0131 tak\u0131p hemen benimsedi\u011fi \u0130smail Cambazov\u2019un an\u0131lar\u0131, elinizdeki kitab\u0131n g\u00f6vdesini te\u015fkil ediyor. Numan Ayd\u0131no\u011flu, hem \u0130smail Cambazov hem de d\u00f6nemin ba\u015fka tan\u0131klar\u0131yla Sofya\u2019da yapt\u0131\u011f\u0131 \u00f6zel g\u00f6r\u00fc\u015fmelerin yan\u0131 s\u0131ra geni\u015f bir ara\u015ft\u0131rma ile de destekledi\u011fi \u00e7al\u0131\u015fmas\u0131nda N\u00e2z\u0131m Hikmet\u2019in Bulgaristan g\u00fcnlerine ili\u015fkin heyecan\u0131n\u0131 ve arkas\u0131ndan gelen hayal k\u0131r\u0131kl\u0131\u011f\u0131n\u0131 edebi bir lezzetle okura sunuyor. 1951\u2019deki ilk ziyarette hem N\u00e2z\u0131m\u2019\u0131n hem Bulgar h\u00fck\u00fcmetinin hem de T\u00fcrk halk\u0131n\u0131n ya\u015fad\u0131\u011f\u0131 b\u00fcy\u00fck co\u015fku, 1957 y\u0131l\u0131na gelindi\u011finde yerini ele\u015ftirilere ve memnuniyetsizli\u011fe b\u0131rakm\u0131\u015ft\u0131r. Bu kitap, b\u00fcy\u00fck \u015fairin verdi\u011fi b\u00fcy\u00fck kavgan\u0131n daha iyi anla\u015f\u0131lmas\u0131na hizmet edecek ve \u201cN\u00e2z\u0131m k\u00fclliyat\u0131\u201dna \u00f6nemli bir katk\u0131 sunacakt\u0131r. Bulgaristan g\u00fcnleri N\u00e2z\u0131m Hikmet\u2019in hayat\u0131nda \u00e7ok \u00f6nemli bir yer tutmu\u015f olmal\u0131d\u0131r. Karadeniz\u2019in kar\u015f\u0131 k\u0131y\u0131s\u0131ndan ufuklara, Anadolu\u2019ya do\u011fru bakmak ve memleketini d\u00fc\u015f\u00fcnmek \u015fairi derinden etkilemi\u015f olabilir; kim bilebilir? \u015eu bir ger\u00e7ek ki N\u00e2z\u0131m, memleket hasretini dile getirdi\u011fi en g\u00fczel \u015fiirlerinden birka\u00e7\u0131n\u0131 bu topraklarda yazm\u0131\u015ft\u0131r. \u0130\u015fte bu kitap, b\u00fcy\u00fck \u015fairin az bilinen ve irdelenen bir d\u00f6nemine i\u00e7eriden bir g\u00f6z atma \u00e7abas\u0131n\u0131n \u00fcr\u00fcn\u00fcd\u00fcr.<\/p>\n","protected":false},"excerpt":{"rendered":"<p>N\u00e2z\u0131m Hikmet, T\u00fcrkiye\u2019yi terk etmek zorunda kald\u0131ktan ve Sovyetler Birli\u011fi\u2019nde ya\u015famaya ba\u015flad\u0131ktan sonra, Bulgaristan\u2019a iki ayr\u0131 ziyaret ger\u00e7ekle\u015ftirdi. Osmanl\u0131 \u0130mparatorlu\u011fu\u2019nun par\u00e7alanmas\u0131 ve Balkan Sava\u015flar\u0131 s\u00fcrecinde ac\u0131larla<span class=\"excerpt-hellip\"> [\u2026]<\/span><\/p>\n","protected":false},"featured_media":0,"template":"","meta":{"_monsterinsights_skip_tracking":false,"_monsterinsights_sitenote_active":false,"_monsterinsights_sitenote_note":"","_monsterinsights_sitenote_category":0},"product_brand":[],"product_cat":[13701,12291],"product_tag":[],"class_list":{"0":"post-746161","1":"product","2":"type-product","3":"status-publish","5":"product_cat-ani-mektup-gunluk","6":"product_cat-edebiyat","7":"pa_cilt-ciltsiz","8":"pa_tur-kitap","9":"pa_yayinevi-inkilap-kitabevi","10":"pa_yazar-numan-aydinoglu","12":"first","13":"instock","14":"sale","15":"shipping-taxable","16":"purchasable","17":"product-type-simple"},"_links":{"self":[{"href":"https:\/\/roveyayinevi.com.tr\/index.php\/wp-json\/wp\/v2\/product\/746161","targetHints":{"allow":["GET"]}}],"collection":[{"href":"https:\/\/roveyayinevi.com.tr\/index.php\/wp-json\/wp\/v2\/product"}],"about":[{"href":"https:\/\/roveyayinevi.com.tr\/index.php\/wp-json\/wp\/v2\/types\/product"}],"wp:attachment":[{"href":"https:\/\/roveyayinevi.com.tr\/index.php\/wp-json\/wp\/v2\/media?parent=746161"}],"wp:term":[{"taxonomy":"product_brand","embeddable":true,"href":"https:\/\/roveyayinevi.com.tr\/index.php\/wp-json\/wp\/v2\/product_brand?post=746161"},{"taxonomy":"product_cat","embeddable":true,"href":"https:\/\/roveyayinevi.com.tr\/index.php\/wp-json\/wp\/v2\/product_cat?post=746161"},{"taxonomy":"product_tag","embeddable":true,"href":"https:\/\/roveyayinevi.com.tr\/index.php\/wp-json\/wp\/v2\/product_tag?post=746161"}],"curies":[{"name":"wp","href":"https:\/\/api.w.org\/{rel}","templated":true}]}}