{"id":746039,"date":"2025-08-28T02:33:21","date_gmt":"2025-08-27T23:33:21","guid":{"rendered":"https:\/\/roveyayinevi.com.tr\/index.php\/urun\/osmanlida-mevleviligin-kulturel-tarihi\/"},"modified":"2026-04-16T02:58:27","modified_gmt":"2026-04-15T23:58:27","slug":"osmanlida-mevleviligin-kulturel-tarihi","status":"publish","type":"product","link":"https:\/\/roveyayinevi.com.tr\/index.php\/urun\/osmanlida-mevleviligin-kulturel-tarihi\/","title":{"rendered":"Osmanl\u0131\u2019da Mevlevili\u011fin K\u00fclt\u00fcrel Tarihi"},"content":{"rendered":"<p>Mevlevili\u011fin k\u00fclt\u00fcrel tarihi, Osmanl\u0131 \u00f6ncesi Anadolu\u2019nun ve Osmanl\u0131 \u0130mparatorlu\u011fu\u2019nun sosyal hayat\u0131n\u0131 anlamam\u0131zda \u00f6nemli kap\u0131lar\u0131 aral\u0131yor. Y\u00fczy\u0131llar\u0131 a\u015f\u0131nd\u0131ran Mevlevilik tarihi, mistik ba\u011flamda edeb\u00ee ve m\u00fczikal zenginli\u011fiyle geni\u015f co\u011frafyalar\u0131n k\u00fclt\u00fcrel k\u00f6kenlerini yak\u0131ndan tan\u0131mam\u0131z\u0131 sa\u011fl\u0131yor. Bug\u00fcn h\u00e2l\u00e2 k\u00fclt\u00fcr hayat\u0131m\u0131zda \u00f6nemli bir yere sahip olan Mevlevi k\u00fclt\u00fcr\u00fcne bak\u0131\u015f, ge\u00e7mi\u015fi oldu\u011fu gibi bug\u00fcn\u00fc de g\u00f6zler \u00f6n\u00fcne seriyor. M\u00fczi\u011fi ve edebiyat\u0131 bedensel performanslarla harmanlayan Mevlevi t\u00f6renlerini ve ya\u015fay\u0131\u015f pratiklerini anlatan bu eser, Osmanl\u0131\u2019n\u0131n k\u00fclt\u00fcr tarihini \u00e7e\u015fitli y\u00f6nleriyle bize sunuyor. Bunu yaparken din\u00ee olan\u0131, mistik olandan ay\u0131rarak tasavvuf inanc\u0131n\u0131n ruhta ve bedende nas\u0131l tezah\u00fcr etti\u011fini g\u00f6steriyor. \u00dcstelik bu k\u00fclt\u00fcr\u00fcn geli\u015fimine \u00f6nc\u00fcl\u00fck eden isimler, Walter Feldman\u2019\u0131n de\u011ferli anlat\u0131m\u0131yla k\u00fclt\u00fcrel yolculu\u011fumuza refakat ediyor.<\/p>\n","protected":false},"excerpt":{"rendered":"<p>Mevlevili\u011fin k\u00fclt\u00fcrel tarihi, Osmanl\u0131 \u00f6ncesi Anadolu\u2019nun ve Osmanl\u0131 \u0130mparatorlu\u011fu\u2019nun sosyal hayat\u0131n\u0131 anlamam\u0131zda \u00f6nemli kap\u0131lar\u0131 aral\u0131yor. Y\u00fczy\u0131llar\u0131 a\u015f\u0131nd\u0131ran Mevlevilik tarihi, mistik ba\u011flamda edeb\u00ee ve m\u00fczikal zenginli\u011fiyle geni\u015f<span class=\"excerpt-hellip\"> [\u2026]<\/span><\/p>\n","protected":false},"featured_media":0,"template":"","meta":{"_monsterinsights_skip_tracking":false,"_monsterinsights_sitenote_active":false,"_monsterinsights_sitenote_note":"","_monsterinsights_sitenote_category":0},"product_brand":[],"product_cat":[13517,12304],"product_tag":[],"class_list":{"0":"post-746039","1":"product","2":"type-product","3":"status-publish","5":"product_cat-osmanli-tarihi","6":"product_cat-tarih","7":"pa_cilt-ciltsiz","8":"pa_tur-kitap","9":"pa_yayinevi-fol-kitap","10":"pa_yazar-walter-feldman","12":"first","13":"instock","14":"sale","15":"shipping-taxable","16":"purchasable","17":"product-type-simple"},"_links":{"self":[{"href":"https:\/\/roveyayinevi.com.tr\/index.php\/wp-json\/wp\/v2\/product\/746039","targetHints":{"allow":["GET"]}}],"collection":[{"href":"https:\/\/roveyayinevi.com.tr\/index.php\/wp-json\/wp\/v2\/product"}],"about":[{"href":"https:\/\/roveyayinevi.com.tr\/index.php\/wp-json\/wp\/v2\/types\/product"}],"wp:attachment":[{"href":"https:\/\/roveyayinevi.com.tr\/index.php\/wp-json\/wp\/v2\/media?parent=746039"}],"wp:term":[{"taxonomy":"product_brand","embeddable":true,"href":"https:\/\/roveyayinevi.com.tr\/index.php\/wp-json\/wp\/v2\/product_brand?post=746039"},{"taxonomy":"product_cat","embeddable":true,"href":"https:\/\/roveyayinevi.com.tr\/index.php\/wp-json\/wp\/v2\/product_cat?post=746039"},{"taxonomy":"product_tag","embeddable":true,"href":"https:\/\/roveyayinevi.com.tr\/index.php\/wp-json\/wp\/v2\/product_tag?post=746039"}],"curies":[{"name":"wp","href":"https:\/\/api.w.org\/{rel}","templated":true}]}}