{"id":746000,"date":"2025-08-28T02:32:29","date_gmt":"2025-08-27T23:32:29","guid":{"rendered":"https:\/\/roveyayinevi.com.tr\/index.php\/urun\/turk-milletine-suikast\/"},"modified":"2026-04-16T02:58:26","modified_gmt":"2026-04-15T23:58:26","slug":"turk-milletine-suikast","status":"publish","type":"product","link":"https:\/\/roveyayinevi.com.tr\/index.php\/urun\/turk-milletine-suikast\/","title":{"rendered":"T\u00fcrk Milletine Suikast"},"content":{"rendered":"<p>\u201cBir kez bile bana \u2018Sen K\u00fcrt\u2019s\u00fcn\u2019 diye laf s\u00f6ylemediler. Hi\u00e7bir k\u00f6yl\u00fc, ben K\u00fcrt\u2019\u00fcm diye d\u0131\u015flamad\u0131. Biz cennette b\u00fcy\u00fcd\u00fck\u201d                                                                                       Ya\u015far Kemal, 27 May\u0131s 2013 \u201cBiz askerdik. Birinci \u00f6ncelikli g\u00f6revimiz bekam\u0131z\u0131 sa\u011flamakt\u0131. Yapamad\u0131k. Belki de esaretimiz bu ihmalin bedeli oldu\u201d                                                                                T\u00fcmamiral Semih \u00c7etin, Hasdal Sak\u0131n T\u00fcrk\u2019\u00fc insan sanmaBir an bile olsa T\u00fcrk\u2019le birlikte olmaT\u00fcrk eline \u015feker alsa, o \u015feker zehir olurT\u00fcrk\u2019\u00fcn ba\u015f\u0131n\u0131 keserken sak\u0131n gam \u00e7ekmeBaban bile olsa T\u00fcrk\u2019\u00fc \u00f6ld\u00fcr                                                                             Osmanl\u0131 \u015fairi Ahmet \u00c7elebi, 1499 \u201cT\u00fcrkler kabad\u0131r, T\u00fcrk ak\u0131ls\u0131zd\u0131r, T\u00fcrk hilek\u00e2rd\u0131r\u201d                                                                                                  Osmanl\u0131 tarih\u00e7isi N\u00e2im\u00e2 \u201c\u0130ngilizler bizim tek dostumuzdur ve K\u00fcrtler, \u0130ngilizlerden ba\u015fka hi\u00e7bir himayeci istememeye karar vermi\u015flerdir.\u201d                                                                  K\u00fcrdistan Teali Cemiyeti, 8 Ekim 1919 \u201cK\u00fcrt liderler Mustafa Kemal\u2019den nefret ediyor, ben Mustafa Kemal\u2019den nefret ediyorum, siz Mustafa Kemal\u2019den nefret ediyor musunuz? \u00d6yleyse gelin, hep beraber K\u00fcrtleri Mustafa Kemal\u2019e kar\u015f\u0131 kullanal\u0131m\u201d                               Sadrazam Damat Ferit Pa\u015fa, \u0130stanbul\u2019da \u0130ngiliz Y\u00fcksek                      Komiseri Amiral J. De Robeck\u2019e konu\u015fuyor. 28.07.1920 \u201cK\u00fcrdistan diye bir sorun yoktur!\u201d                                               Mustafa Kemal Pa\u015fa\u2019dan Londra\u2019da Bekir Sami                               Bey\u2019e g\u00f6nderdi\u011fi 1 Mart 1921 tarihli, \u015fifreli telgraftan \u201cK\u00fcrt halk\u0131, benim sesimden Ekselanslar\u0131na sesleniyor ve h\u00fck\u00fcmetinizin manevi etkisinden K\u00fcrt halk\u0131n\u0131 yararland\u0131rman\u0131z\u0131 sizden istirham ediyor\u201d                                                    Dersim isyan\u0131 eleba\u015f\u0131 Seyit R\u0131za\u2019n\u0131n \u0130ngiltere D\u0131\u015fi\u015fleri       Bakanl\u0131\u011f\u0131\u2019na g\u00f6nderdi\u011fi 30.07.1917 tarihli mektuptan \u201cSaraylar\u0131n i\u00e7inde T\u00fcrk\u2019ten farkl\u0131 unsurlara dayanarak, d\u00fc\u015fmanlarla i\u015fbirli\u011fi yaparak, Anadolu\u2019nun, T\u00fcrkl\u00fc\u011f\u00fcn aleyhinde y\u00fcr\u00fcyen \u00e7\u00fcr\u00fcm\u00fc\u015f g\u00f6lge adamlar\u0131n T\u00fcrk vatan\u0131ndan kovulmas\u0131, d\u00fc\u015fmanlar\u0131n denize d\u00f6k\u00fclmesinden daha kurtar\u0131c\u0131 bir harekettir\u201d                                                        Gazi Mare\u015fal Mustafa Kemal, 3 Mart 1924 <\/p>\n","protected":false},"excerpt":{"rendered":"<p>\u201cBir kez bile bana \u2018Sen K\u00fcrt\u2019s\u00fcn\u2019 diye laf s\u00f6ylemediler. Hi\u00e7bir k\u00f6yl\u00fc, ben K\u00fcrt\u2019\u00fcm diye d\u0131\u015flamad\u0131. Biz cennette b\u00fcy\u00fcd\u00fck\u201d Ya\u015far Kemal, 27 May\u0131s 2013 \u201cBiz askerdik. Birinci<span class=\"excerpt-hellip\"> [\u2026]<\/span><\/p>\n","protected":false},"featured_media":0,"template":"","meta":{"_monsterinsights_skip_tracking":false,"_monsterinsights_sitenote_active":false,"_monsterinsights_sitenote_note":"","_monsterinsights_sitenote_category":0},"product_brand":[],"product_cat":[12337,14528],"product_tag":[],"class_list":{"0":"post-746000","1":"product","2":"type-product","3":"status-publish","5":"product_cat-politika-siyaset","6":"product_cat-siyaset-tarihi","7":"pa_cilt-ciltsiz","8":"pa_tur-kitap","9":"pa_yayinevi-nergiz-yayinlari","10":"pa_yazar-yilmaz-dikbas","12":"first","13":"instock","14":"sale","15":"shipping-taxable","16":"purchasable","17":"product-type-simple"},"_links":{"self":[{"href":"https:\/\/roveyayinevi.com.tr\/index.php\/wp-json\/wp\/v2\/product\/746000","targetHints":{"allow":["GET"]}}],"collection":[{"href":"https:\/\/roveyayinevi.com.tr\/index.php\/wp-json\/wp\/v2\/product"}],"about":[{"href":"https:\/\/roveyayinevi.com.tr\/index.php\/wp-json\/wp\/v2\/types\/product"}],"wp:attachment":[{"href":"https:\/\/roveyayinevi.com.tr\/index.php\/wp-json\/wp\/v2\/media?parent=746000"}],"wp:term":[{"taxonomy":"product_brand","embeddable":true,"href":"https:\/\/roveyayinevi.com.tr\/index.php\/wp-json\/wp\/v2\/product_brand?post=746000"},{"taxonomy":"product_cat","embeddable":true,"href":"https:\/\/roveyayinevi.com.tr\/index.php\/wp-json\/wp\/v2\/product_cat?post=746000"},{"taxonomy":"product_tag","embeddable":true,"href":"https:\/\/roveyayinevi.com.tr\/index.php\/wp-json\/wp\/v2\/product_tag?post=746000"}],"curies":[{"name":"wp","href":"https:\/\/api.w.org\/{rel}","templated":true}]}}