{"id":745907,"date":"2025-08-28T02:30:36","date_gmt":"2025-08-27T23:30:36","guid":{"rendered":"https:\/\/roveyayinevi.com.tr\/index.php\/urun\/hitlerin-savascisi\/"},"modified":"2026-04-16T02:58:24","modified_gmt":"2026-04-15T23:58:24","slug":"hitlerin-savascisi","status":"publish","type":"product","link":"https:\/\/roveyayinevi.com.tr\/index.php\/urun\/hitlerin-savascisi\/","title":{"rendered":"Hitler\u2019in Sava\u015f\u00e7\u0131s\u0131"},"content":{"rendered":"<p>Alman tarihinin en gen\u00e7 albay\u0131 SS Albay Joachim Peiper, \u0130kinci D\u00fcnya Sava\u015f\u0131\u2019n\u0131n en tart\u0131\u015fmal\u0131 fig\u00fcrlerinden biriydi. Waffen-SS\u2019e erken ya\u015fta g\u00f6n\u00fcll\u00fc olu\u015funun ard\u0131ndan, sava\u015f\u0131n ilk y\u0131llar\u0131nda Heinrich Himmler\u2019in daima yan\u0131ndan ay\u0131rmad\u0131\u011f\u0131 emir subay\u0131 olarak h\u0131zla \u00f6ne \u00e7\u0131kt\u0131. 1. SS Panzer T\u00fcmeni Leibstandarte Adolf Hitler\u2019de cephe g\u00f6revine ba\u015flayan Peiper, g\u00f6steri\u015fli ve ac\u0131mas\u0131z sava\u015f tarz\u0131yla efsane h\u00e2line geldi. Adamlar\u0131 taraf\u0131ndan \u00e7ok sayg\u0131 g\u00f6ren ve zaman zaman da karakter olarak Hitler\u2019e benzetilen Peiper, c\u00fcretk\u00e2rl\u0131\u011f\u0131yla pek \u00e7ok ba\u015far\u0131 kazanarak Hitler\u2019in g\u00f6zdelerinden biri haline geldi ve Almanlar\u0131n son nefesi Ardenler Taarruzu\u2019na liderlik etmek \u00fczere se\u00e7ildi.   Sava\u015f\u0131n ard\u0131ndan Peiper, b\u00fcy\u00fck ses getiren Malm\u00e9dy sava\u015f su\u00e7lar\u0131 davas\u0131n\u0131n merkezindeki adam oldu. \u0130dama mahk\u00fbm edildi, fakat sonras\u0131nda cezas\u0131 m\u00fcebbet hapse \u00e7evrildi. H\u0131z\u0131 gittik\u00e7e artan So\u011fuk Sava\u015f\u2019\u0131n da etkisiyle, cezas\u0131 35 y\u0131la d\u00fc\u015f\u00fcr\u00fcld\u00fc ve nihayetinde 10 y\u0131ll\u0131k esaretin ard\u0131ndan \u015fartl\u0131 tahliyeyle serbest b\u0131rak\u0131ld\u0131. Hapisten \u00e7\u0131k\u0131\u015f\u0131n\u0131n ard\u0131ndan Porsche\u2019de \u00e7al\u0131\u015fmaya ba\u015flayan Peiper, ak\u0131c\u0131 \u0130ngilizcesi sayesinde Porsche ABD sat\u0131\u015f biriminin ba\u015f\u0131na ge\u00e7ti ve kaderin bir cilvesi olarak Amerikal\u0131 Porsche hayranlar\u0131 taraf\u0131ndan ABD\u2019ye davet edildi! Porsche\u2019den ayr\u0131ld\u0131ktan sonra Do\u011fu Fransa\u2019n\u0131n \u00fccra bir yerine ta\u015f\u0131nd\u0131 ve hayat\u0131n\u0131 da yine orada, kimli\u011fi bug\u00fcn dahi tespit edilemeyen katilleriyle girdi\u011fi \u015fiddetli bir \u00e7at\u0131\u015fmada noktalad\u0131.   Tarih\u00e7i Danny S. Parker, Hitler\u2019in Sava\u015f\u00e7\u0131s\u0131\u2019nda Peiper\u2019\u0131 hem bir asker olarak muharebe meydanlar\u0131nda hem de sivil ya\u015fant\u0131s\u0131nda resmederek SS Albay\u2019\u0131n karma\u015f\u0131k karakterini mercek alt\u0131na al\u0131yor. Uzun y\u0131llar s\u00fcren ara\u015ft\u0131rmalar, daha \u00f6nce yay\u0131mlanmam\u0131\u015f ar\u015fiv materyalleri ve Peiper\u2019\u0131n aralar\u0131nda Alman gazilerin de bulundu\u011fu \u00e7a\u011fda\u015flar\u0131yla yap\u0131lan kapsaml\u0131 r\u00f6portajlarla yazar, bu tart\u0131\u015fmal\u0131 Nazi fig\u00fcr\u00fcn\u00fcn adil bir portresini \u00e7iziyor.<\/p>\n","protected":false},"excerpt":{"rendered":"<p>Alman tarihinin en gen\u00e7 albay\u0131 SS Albay Joachim Peiper, \u0130kinci D\u00fcnya Sava\u015f\u0131\u2019n\u0131n en tart\u0131\u015fmal\u0131 fig\u00fcrlerinden biriydi. Waffen-SS\u2019e erken ya\u015fta g\u00f6n\u00fcll\u00fc olu\u015funun ard\u0131ndan, sava\u015f\u0131n ilk y\u0131llar\u0131nda Heinrich<span class=\"excerpt-hellip\"> [\u2026]<\/span><\/p>\n","protected":false},"featured_media":0,"template":"","meta":{"_monsterinsights_skip_tracking":false,"_monsterinsights_sitenote_active":false,"_monsterinsights_sitenote_note":"","_monsterinsights_sitenote_category":0},"product_brand":[],"product_cat":[12312,12304],"product_tag":[],"class_list":{"0":"post-745907","1":"product","2":"type-product","3":"status-publish","5":"product_cat-diger","6":"product_cat-tarih","7":"pa_cilt-ciltsiz","8":"pa_tur-kitap","9":"pa_yayinevi-kronik-kitap","10":"pa_yazar-danny-s-parker","12":"first","13":"instock","14":"sale","15":"shipping-taxable","16":"purchasable","17":"product-type-simple"},"_links":{"self":[{"href":"https:\/\/roveyayinevi.com.tr\/index.php\/wp-json\/wp\/v2\/product\/745907","targetHints":{"allow":["GET"]}}],"collection":[{"href":"https:\/\/roveyayinevi.com.tr\/index.php\/wp-json\/wp\/v2\/product"}],"about":[{"href":"https:\/\/roveyayinevi.com.tr\/index.php\/wp-json\/wp\/v2\/types\/product"}],"wp:attachment":[{"href":"https:\/\/roveyayinevi.com.tr\/index.php\/wp-json\/wp\/v2\/media?parent=745907"}],"wp:term":[{"taxonomy":"product_brand","embeddable":true,"href":"https:\/\/roveyayinevi.com.tr\/index.php\/wp-json\/wp\/v2\/product_brand?post=745907"},{"taxonomy":"product_cat","embeddable":true,"href":"https:\/\/roveyayinevi.com.tr\/index.php\/wp-json\/wp\/v2\/product_cat?post=745907"},{"taxonomy":"product_tag","embeddable":true,"href":"https:\/\/roveyayinevi.com.tr\/index.php\/wp-json\/wp\/v2\/product_tag?post=745907"}],"curies":[{"name":"wp","href":"https:\/\/api.w.org\/{rel}","templated":true}]}}