{"id":745806,"date":"2025-08-28T02:28:18","date_gmt":"2025-08-27T23:28:18","guid":{"rendered":"https:\/\/roveyayinevi.com.tr\/index.php\/urun\/alevi-baskan\/"},"modified":"2025-12-30T11:01:06","modified_gmt":"2025-12-30T08:01:06","slug":"alevi-baskan","status":"publish","type":"product","link":"https:\/\/roveyayinevi.com.tr\/index.php\/urun\/alevi-baskan\/","title":{"rendered":"Alevi Ba\u015fkan"},"content":{"rendered":"<p>ALEV\u0130 BA\u015eKAN &amp; \u0130ST\u0130HBARAT\u00c7I YA ALLAH, YA MUHAMMED, YA AL\u0130 \u201cLa Feta \u0130lla Ali, La Seyfe illa Z\u00fclfikar\u201d \u201cTut ki Ali\u2019den miras kald\u0131 sana Z\u00fclfik\u00e2r, sende Ali\u2019nin y\u00fcre\u011fi yoksa Z\u00fclfik\u00e2r neye yarar?\u201d Y\u00fcce Allah\u2019\u0131n aslan\u0131 Hz. Ali\u2019nin izinden y\u00fcr\u00fcyen \u0130stihbarat\u00e7\u0131 Hidayet\u2019in,Alevi oldu\u011fu i\u00e7in bir t\u00fcrl\u00fc kavu\u015famad\u0131\u011f\u0131, kara sevdaya tutuldu\u011fu L\u00fctfiye ve Hidayet a\u015fk\u0131n\u0131 ve mesleki hayat\u0131nda mezhebi nedeniyle kar\u015f\u0131la\u015ft\u0131\u011f\u0131 zorluklar\u0131 anlatan s\u00fcr\u00fckleyici macera roman\u0131. \u00c7orumun Mecit\u00f6z\u00fc il\u00e7esinde ba\u015flayan, vatan a\u015fk\u0131 ile yanan \u00fc\u00e7 kafadar Alevi gencin, vatana hizmet etmek i\u00e7in asker olarak \u00e7\u0131kt\u0131klar\u0131 ser\u00fcveni ve sonras\u0131nda Hidayet\u2019in \u0130stihbarata kat\u0131lmas\u0131yla kahraman\u0131n ya\u015fad\u0131\u011f\u0131 maceralar\u0131n\u0131 konu ediniyor. \u00c7orum, Ankara, Samsun ve Diyarbak\u0131r\u2019da ya\u015fanan, zaman\u0131n OHAL b\u00f6lgesindeki olaylar\u0131 anlatan roman\u0131m\u0131z; Hidayet\u2019in Samsun\u2019da Derinciler ile m\u00fccadeleye ba\u015flamas\u0131yla, devam\u0131nda Diyarbak\u0131r\u2019da Kahraman Emniyet M\u00fcd\u00fcr\u00fc Gaffar Baba\u2019n\u0131n verdi\u011fi emir ve talimatlarla, Derin paralel devlet yap\u0131lanmas\u0131 ve ter\u00f6r \u00f6rg\u00fctlerine kar\u015f\u0131 amans\u0131z m\u00fccadelelerini konu ediniyor. Romana \u0130stihbarat\u00e7\u0131 Nida \u00d6\u011fretmen\u2019in girmesiyle kad\u0131nlar\u0131m\u0131z\u0131n sahadaki g\u00f6revlerinin \u00f6nemi vurgulan\u0131yor. Ger\u00e7ek ya\u015fanm\u0131\u015f hik\u00e2yelerden kurgulanan roman\u0131m\u0131z,Alevilere kar\u015f\u0131 yanl\u0131\u015f bilinenlerin ve \u00f6nyarg\u0131lar\u0131n y\u0131k\u0131ld\u0131\u011f\u0131, Alevilerin bu vatan\u0131n mayas\u0131 ve tuzu oldu\u011fu, Al bayra\u011f\u0131m\u0131zdaki al rengi canlar\u0131yla bedel \u00f6deyerek veren Alevi kahramanlar\u0131 anlat\u0131yor.Ben Aleviyim. S\u00fcnni de benim. Ben asl\u0131nda K\u00fcrt\u2019\u00fcm. Ben Arap\u2019\u0131m da. Ben T\u00fcrk\u2019\u00fcm. Ben senim, sen de bensin. Ben biziz, biz vatan\u0131z. Biz hepimiz insan\u0131z. Biz Hz. \u00c2dem ve Hz. Havva\u2019n\u0131n evlatlar\u0131y\u0131z; renkleri ayr\u0131, dilleri ayr\u0131 olsa da biz insan\u0131z. Ay y\u0131ld\u0131zl\u0131 bayra\u011fa al rengini veren biziz. Bu vatan hepimizin\u2026 Sonsuza kadar nazl\u0131 nazl\u0131 dalgalanacaks\u0131n Ay y\u0131ld\u0131zl\u0131 bayra\u011f\u0131m. Vatan sa\u011f olsun, milletimiz var olsun, karde\u015fli\u011fimiz sonsuza kadar daim olsun.<\/p>\n","protected":false},"excerpt":{"rendered":"<p>ALEV\u0130 BA\u015eKAN &amp; \u0130ST\u0130HBARAT\u00c7I YA ALLAH, YA MUHAMMED, YA AL\u0130 \u201cLa Feta \u0130lla Ali, La Seyfe illa Z\u00fclfikar\u201d \u201cTut ki Ali\u2019den miras kald\u0131 sana Z\u00fclfik\u00e2r, sende<span class=\"excerpt-hellip\"> [\u2026]<\/span><\/p>\n","protected":false},"featured_media":0,"template":"","meta":{"_monsterinsights_skip_tracking":false,"_monsterinsights_sitenote_active":false,"_monsterinsights_sitenote_note":"","_monsterinsights_sitenote_category":0},"product_brand":[],"product_cat":[12803,12291],"product_tag":[],"class_list":{"0":"post-745806","1":"product","2":"type-product","3":"status-publish","5":"product_cat-aksiyon-macera","6":"product_cat-edebiyat","7":"pa_cilt-ciltsiz","8":"pa_tur-kitap","9":"pa_yayinevi-kitap-muptelasi-yayinlari","10":"pa_yazar-aydin-benli","12":"first","13":"instock","14":"sale","15":"shipping-taxable","16":"purchasable","17":"product-type-simple"},"_links":{"self":[{"href":"https:\/\/roveyayinevi.com.tr\/index.php\/wp-json\/wp\/v2\/product\/745806","targetHints":{"allow":["GET"]}}],"collection":[{"href":"https:\/\/roveyayinevi.com.tr\/index.php\/wp-json\/wp\/v2\/product"}],"about":[{"href":"https:\/\/roveyayinevi.com.tr\/index.php\/wp-json\/wp\/v2\/types\/product"}],"wp:attachment":[{"href":"https:\/\/roveyayinevi.com.tr\/index.php\/wp-json\/wp\/v2\/media?parent=745806"}],"wp:term":[{"taxonomy":"product_brand","embeddable":true,"href":"https:\/\/roveyayinevi.com.tr\/index.php\/wp-json\/wp\/v2\/product_brand?post=745806"},{"taxonomy":"product_cat","embeddable":true,"href":"https:\/\/roveyayinevi.com.tr\/index.php\/wp-json\/wp\/v2\/product_cat?post=745806"},{"taxonomy":"product_tag","embeddable":true,"href":"https:\/\/roveyayinevi.com.tr\/index.php\/wp-json\/wp\/v2\/product_tag?post=745806"}],"curies":[{"name":"wp","href":"https:\/\/api.w.org\/{rel}","templated":true}]}}