{"id":745774,"date":"2025-08-28T02:27:34","date_gmt":"2025-08-27T23:27:34","guid":{"rendered":"https:\/\/roveyayinevi.com.tr\/index.php\/urun\/derrida-istanbulda\/"},"modified":"2026-04-16T02:58:21","modified_gmt":"2026-04-15T23:58:21","slug":"derrida-istanbulda","status":"publish","type":"product","link":"https:\/\/roveyayinevi.com.tr\/index.php\/urun\/derrida-istanbulda\/","title":{"rendered":"Derrida \u0130stanbul\u2019da"},"content":{"rendered":"<p>Bu kitap, ne s\u0131radan bir giri\u015f kitab\u0131 ne de bir aktar\u0131mlar kitab\u0131d\u0131r. Bir filozofun \u00e7a\u011fa tan\u0131kl\u0131\u011f\u0131n\u0131n, kendi zaman\u0131ndan ve bulundu\u011fu yerden felsefe yapman\u0131n, bu co\u011frafyan\u0131n kalbinde yer alan meselelerle felsefece hesapla\u015fman\u0131n \u00fcr\u00fcn\u00fcd\u00fcr. Felsefeyi filozof biyografilerine ve ehlile\u015ftirilmi\u015f felsefe tarihlerine hapsetmeye kar\u015f\u0131, hem suya hem de sabuna dokunan \u00f6zg\u00fcn bir bak\u0131\u015f sunmaktad\u0131r.   Kitap \u00fc\u00e7l\u00fc bir yap\u0131da, temelde iki sorunun izini s\u00fcr\u00fcyor: \u201cDerrida felsefesi adalet, yasa ve \u00f6tekine nas\u0131l bir bak\u0131\u015f sa\u011flar?\u201d Bu teorik temel ile bakt\u0131\u011f\u0131m\u0131zda \u201cYeni T\u00fcrkiye\u2019nin yap\u0131s\u00f6k\u00fcm\u00fc bize ne s\u00f6yler?\u201d Ama hepsi tek bir soruda \u00f6zetlenebilir: \u201cYa\u015fam\u0131 felsefe arac\u0131l\u0131\u011f\u0131yla nas\u0131l yeniden kurabiliriz?\u201d   Kolektif bir bi\u00e7imde deneyimledi\u011fimiz sorunlar\u0131 Derrida ile birlikte, ondan \u00f6\u011frendiklerimizle d\u00fc\u015f\u00fcnme denemesi bu kitap. Kendi durumumuzdan ve deneyimimizden yola \u00e7\u0131karak ba\u011f\u0131\u015flamay\u0131, ana dilde e\u011fitim, zorunlu din e\u011fitimini, sorumlulu\u011fun \u2018\u00f6dev \u00fcst\u00fc\u2019 yap\u0131s\u0131n\u0131, Avrupa\u2019y\u0131 ve \u0130slamofobiyi, geleneksel cinsiyet normlar\u0131n\u0131, antroposen \u00e7a\u011f\u0131nda eti\u011fi k\u0131sacas\u0131 hayvan, tanr\u0131 ve egemeni Derrida felsefesinin kavramlar\u0131yla d\u00fc\u015f\u00fcnme \u00e7a\u011fr\u0131s\u0131d\u0131r.<\/p>\n","protected":false},"excerpt":{"rendered":"<p>Bu kitap, ne s\u0131radan bir giri\u015f kitab\u0131 ne de bir aktar\u0131mlar kitab\u0131d\u0131r. Bir filozofun \u00e7a\u011fa tan\u0131kl\u0131\u011f\u0131n\u0131n, kendi zaman\u0131ndan ve bulundu\u011fu yerden felsefe yapman\u0131n, bu co\u011frafyan\u0131n kalbinde<span class=\"excerpt-hellip\"> [\u2026]<\/span><\/p>\n","protected":false},"featured_media":0,"template":"","meta":{"_monsterinsights_skip_tracking":false,"_monsterinsights_sitenote_active":false,"_monsterinsights_sitenote_note":"","_monsterinsights_sitenote_category":0},"product_brand":[],"product_cat":[12389,12388],"product_tag":[],"class_list":{"0":"post-745774","1":"product","2":"type-product","3":"status-publish","5":"product_cat-diger-felsefe","6":"product_cat-felsefe","7":"pa_cilt-ciltsiz","8":"pa_tur-kitap","9":"pa_yayinevi-fol-kitap","10":"pa_yazar-zeynep-direk","12":"first","13":"instock","14":"sale","15":"shipping-taxable","16":"purchasable","17":"product-type-simple"},"_links":{"self":[{"href":"https:\/\/roveyayinevi.com.tr\/index.php\/wp-json\/wp\/v2\/product\/745774","targetHints":{"allow":["GET"]}}],"collection":[{"href":"https:\/\/roveyayinevi.com.tr\/index.php\/wp-json\/wp\/v2\/product"}],"about":[{"href":"https:\/\/roveyayinevi.com.tr\/index.php\/wp-json\/wp\/v2\/types\/product"}],"wp:attachment":[{"href":"https:\/\/roveyayinevi.com.tr\/index.php\/wp-json\/wp\/v2\/media?parent=745774"}],"wp:term":[{"taxonomy":"product_brand","embeddable":true,"href":"https:\/\/roveyayinevi.com.tr\/index.php\/wp-json\/wp\/v2\/product_brand?post=745774"},{"taxonomy":"product_cat","embeddable":true,"href":"https:\/\/roveyayinevi.com.tr\/index.php\/wp-json\/wp\/v2\/product_cat?post=745774"},{"taxonomy":"product_tag","embeddable":true,"href":"https:\/\/roveyayinevi.com.tr\/index.php\/wp-json\/wp\/v2\/product_tag?post=745774"}],"curies":[{"name":"wp","href":"https:\/\/api.w.org\/{rel}","templated":true}]}}