{"id":745718,"date":"2025-08-28T02:26:26","date_gmt":"2025-08-27T23:26:26","guid":{"rendered":"https:\/\/roveyayinevi.com.tr\/index.php\/urun\/ahmet-rustem-bey\/"},"modified":"2026-04-16T02:58:20","modified_gmt":"2026-04-15T23:58:20","slug":"ahmet-rustem-bey","status":"publish","type":"product","link":"https:\/\/roveyayinevi.com.tr\/index.php\/urun\/ahmet-rustem-bey\/","title":{"rendered":"Ahmet R\u00fcstem Bey"},"content":{"rendered":"<p>\u00c7o\u011funlukla a\u015f\u0131r\u0131ya varan haysiyet alg\u0131s\u0131 nedeniyle ya\u015fad\u0131\u011f\u0131 d\u00fcello maceralar\u0131 aras\u0131nda, \u015f\u00fcphesiz en dikkat \u00e7ekicisi Mustafa Kemal Pa\u015fa ile olan\u0131d\u0131r. R\u00fcstem Bey, ki\u015fili\u011finden kaynakl\u0131 bir g\u00fcd\u00fcyle b\u00f6yle bir teklifte bulunur iken kendi \u00f6l\u00fcm\u00fcn\u00fc kesinle\u015ftirmek suretiyle haysiyetini korumay\u0131 planlam\u0131\u015f ve bu tutumuyla hem vatanperverli\u011fini hem de cesaretini bir kez daha g\u00f6stermi\u015ftir. Ahmet R\u00fcstem Bey\u2019in T\u00fcrk milletine olan sevgi ve ba\u011fl\u0131l\u0131\u011f\u0131 ise \u00f6zel bir vurguyu hak edecek b\u00fcy\u00fckl\u00fcktedir. Ahmet R\u00fcstem Bey, hayat\u0131n\u0131n her a\u015famas\u0131nda T\u00fcrk milletine g\u00f6n\u00fclden ba\u011fl\u0131 kalm\u0131\u015ft\u0131r. Gerek bulundu\u011fu vazifelerde ald\u0131\u011f\u0131 tutumlarla gerekse yazd\u0131klar\u0131yla bunu her seferinde ispat etmi\u015ftir. Hatta yak\u0131n arkada\u015f\u0131 Celal Nuri\u2019nin ifadesiyle o bir \u201cchauvin\u201ddir. Yani Frans\u0131zca \u201cfazla vatanperver\u201ddir. 1854 y\u0131l\u0131nda Osmanl\u0131 hizmetine giren Polonyal\u0131 bir ailenin \u00e7ocu\u011fu olan Ahmet R\u00fcstem Bey (Alfred R\u00fcstem Bilinski) (1862-1934), Osmanl\u0131 Devleti\u2019nin son d\u00f6nemi ile T\u00fcrkiye Cumhuriyeti\u2019nin kurulu\u015f y\u0131llar\u0131na yak\u0131ndan \u015fahit olmu\u015f bir diplomat ve ayd\u0131nd\u0131r. Ahmet R\u00fcstem Bey, ald\u0131\u011f\u0131 iyi e\u011fitim ve \u00e7ok say\u0131da yabanc\u0131 dile hakimiyeti sayesinde gen\u00e7 ya\u015flardan itibaren ba\u015flayan hariciye kariyerinde edindi\u011fi tecr\u00fcbelerle gerek Osmanl\u0131\u2019n\u0131n son d\u00f6nemi gerekse de Milli M\u00fccadele d\u00f6neminde diplomasi alan\u0131nda \u00f6nemli katk\u0131lar sa\u011flam\u0131\u015ft\u0131r. Yazd\u0131\u011f\u0131 makaleler ve kitaplar kadar polemikleri ve d\u00fcellolar\u0131yla da dikkat \u00e7ekici bir tarihsel fig\u00fcr olan Ahmet R\u00fcstem Bey, Milli M\u00fccadele\u2019ye kat\u0131larak Meclis-i Mebusan ve TBMM\u2019de milletvekili olarak bulunmu\u015ftur. Pek \u00e7ok yabanc\u0131 kaynak, ar\u015fiv belgeleri ve devrin gazeteleri gibi zengin kaynak kullan\u0131m\u0131 ve anlat\u0131 kuvvetiyle \u00f6ne \u00e7\u0131kan elinizdeki bu eser; T\u00fcrk olmamas\u0131na ra\u011fmen T\u00fcrk milletine kar\u015f\u0131 g\u00fc\u00e7l\u00fc minnet ve sevgi hisleriyle dolu olan, milletinin en zor zamanlar\u0131nda yan\u0131nda yer alarak bir aidiyet, vefa ve vatanda\u015fl\u0131k \u00f6rne\u011fi g\u00f6steren s\u0131ra d\u0131\u015f\u0131 bir diplomat\u0131n hayat hik\u00e2yesini okuyucular\u0131n be\u011feni ve dikkatine sunuyor. <\/p>\n","protected":false},"excerpt":{"rendered":"<p>\u00c7o\u011funlukla a\u015f\u0131r\u0131ya varan haysiyet alg\u0131s\u0131 nedeniyle ya\u015fad\u0131\u011f\u0131 d\u00fcello maceralar\u0131 aras\u0131nda, \u015f\u00fcphesiz en dikkat \u00e7ekicisi Mustafa Kemal Pa\u015fa ile olan\u0131d\u0131r. R\u00fcstem Bey, ki\u015fili\u011finden kaynakl\u0131 bir g\u00fcd\u00fcyle b\u00f6yle<span class=\"excerpt-hellip\"> [\u2026]<\/span><\/p>\n","protected":false},"featured_media":0,"template":"","meta":{"_monsterinsights_skip_tracking":false,"_monsterinsights_sitenote_active":false,"_monsterinsights_sitenote_note":"","_monsterinsights_sitenote_category":0},"product_brand":[],"product_cat":[13517,12304],"product_tag":[],"class_list":{"0":"post-745718","1":"product","2":"type-product","3":"status-publish","5":"product_cat-osmanli-tarihi","6":"product_cat-tarih","7":"pa_cilt-ciltsiz","8":"pa_tur-kitap","9":"pa_yayinevi-vakifbank-kultur-yayinlari","10":"pa_yazar-o-kursad-karacagil","12":"first","13":"instock","14":"sale","15":"shipping-taxable","16":"purchasable","17":"product-type-simple"},"_links":{"self":[{"href":"https:\/\/roveyayinevi.com.tr\/index.php\/wp-json\/wp\/v2\/product\/745718","targetHints":{"allow":["GET"]}}],"collection":[{"href":"https:\/\/roveyayinevi.com.tr\/index.php\/wp-json\/wp\/v2\/product"}],"about":[{"href":"https:\/\/roveyayinevi.com.tr\/index.php\/wp-json\/wp\/v2\/types\/product"}],"wp:attachment":[{"href":"https:\/\/roveyayinevi.com.tr\/index.php\/wp-json\/wp\/v2\/media?parent=745718"}],"wp:term":[{"taxonomy":"product_brand","embeddable":true,"href":"https:\/\/roveyayinevi.com.tr\/index.php\/wp-json\/wp\/v2\/product_brand?post=745718"},{"taxonomy":"product_cat","embeddable":true,"href":"https:\/\/roveyayinevi.com.tr\/index.php\/wp-json\/wp\/v2\/product_cat?post=745718"},{"taxonomy":"product_tag","embeddable":true,"href":"https:\/\/roveyayinevi.com.tr\/index.php\/wp-json\/wp\/v2\/product_tag?post=745718"}],"curies":[{"name":"wp","href":"https:\/\/api.w.org\/{rel}","templated":true}]}}