{"id":745285,"date":"2025-08-28T02:16:11","date_gmt":"2025-08-27T23:16:11","guid":{"rendered":"https:\/\/roveyayinevi.com.tr\/index.php\/urun\/osmanli-hava-gucu\/"},"modified":"2026-04-16T02:57:37","modified_gmt":"2026-04-15T23:57:37","slug":"osmanli-hava-gucu","status":"publish","type":"product","link":"https:\/\/roveyayinevi.com.tr\/index.php\/urun\/osmanli-hava-gucu\/","title":{"rendered":"Osmanl\u0131 Hava G\u00fcc\u00fc"},"content":{"rendered":"<p>Osmanl\u0131 Hava G\u00fcc\u00fc Komutan\u0131&#8217;n\u0131n Kaleminden   1830\u2019lardan itibaren ba\u015flayan ve II. Abd\u00fclhamid d\u00f6neminde belirgin h\u00e2le gelen T\u00fcrk-Alman asker\u00ee yak\u0131nl\u0131\u011f\u0131, takip eden II. Me\u015frutiyet d\u00f6neminde de devam etti ve 1914\u2019te Birinci D\u00fcnya Sava\u015f\u0131\u2019n\u0131n ba\u015flamas\u0131 ile birlikte silah arkada\u015fl\u0131\u011f\u0131na d\u00f6n\u00fc\u015ft\u00fc. O d\u00f6nemde \u201cB\u00fcy\u00fck Sava\u015f\u201d olarak adland\u0131r\u0131lan Birinci D\u00fcnya Sava\u015f\u0131\u2019nda, Alman subaylar ilk kez Osmanl\u0131 Genelkurmay\u0131 ve b\u00fcy\u00fck birliklerde komutanl\u0131k makamlar\u0131na getirildiler. Binba\u015f\u0131 Erich Serno da bunlardan biriydi ve Osmanl\u0131 Hava G\u00fcc\u00fc\u2019n\u00fcn komutanl\u0131\u011f\u0131na getirildi.   Binba\u015f\u0131 Serno, Avrupa Do\u011fu Cephesi\u2019nde g\u00f6rev yapt\u0131\u011f\u0131 \u00e7ok k\u0131sa bir s\u00fcre d\u0131\u015f\u0131nda, d\u00fcnyadaki emsalleri ile ayn\u0131 tarihlerde te\u015fkil edilmi\u015f olan, Osmanl\u0131 havac\u0131l\u0131\u011f\u0131n\u0131n geli\u015ftirilmesi ve cephelerdeki etkinli\u011finin artt\u0131r\u0131lmas\u0131 i\u00e7in \u00f6nemli faaliyetlerde bulundu. Birinci D\u00fcnya Sava\u015f\u0131\u2019nda ay-y\u0131ld\u0131zl\u0131 br\u00f6ve ile u\u00e7man\u0131n yan\u0131 s\u0131ra, Osmanl\u0131 hava g\u00fcc\u00fcn\u00fcn komutanl\u0131\u011f\u0131n\u0131 da \u00fcstlendi.   Osmanl\u0131 Hava G\u00fcc\u00fc kitab\u0131nda yer alan Binba\u015f\u0131 Erich Serno\u2019nun Alman Asker\u00ee Ar\u015fivinden (Bundesarchiv-Milit\u00e4rarchiv) al\u0131nan T\u00fcrkiye g\u00f6revini i\u00e7eren \u015fahsi dosyas\u0131nda; T\u00fcrkiye\u2019de \u00e7ekilmi\u015f foto\u011fraflar\u0131, g\u00f6rev raporu, Almanya u\u00e7u\u015f e\u011fitimine ait foto\u011fraflar\u0131 ve an\u0131lar\u0131 bulunmaktad\u0131r. Serno\u2019nun T\u00fcrk asker\u00ee havac\u0131l\u0131\u011f\u0131na dair \u00f6nemli bilgiler i\u00e7eren bu raporu T\u00fcrk\u00e7ede ilk defa yay\u0131nlanmaktad\u0131r.   Havac\u0131l\u0131k konusunda uzman Emir \u00d6ng\u00fcner ve Emin Kurt\u2019un Almanca asl\u0131ndan \u00e7evirip zengin dipnotlar ekledi\u011fi ve T\u00fcrk\u00e7e kaynaklarla kar\u015f\u0131la\u015ft\u0131rarak a\u00e7\u0131klamalarda bulundu\u011fu Osmanl\u0131 Hava G\u00fcc\u00fc, T\u00fcrk asker\u00ee havac\u0131l\u0131\u011f\u0131n\u0131n kurulu\u015f d\u00f6nemi yan\u0131nda Birinci D\u00fcnya Sava\u015f\u0131\u2019ndaki havac\u0131l\u0131k faaliyetleri i\u00e7in birinci derecede kaynak bir eser. <\/p>\n","protected":false},"excerpt":{"rendered":"<p>Osmanl\u0131 Hava G\u00fcc\u00fc Komutan\u0131&#8217;n\u0131n Kaleminden 1830\u2019lardan itibaren ba\u015flayan ve II. Abd\u00fclhamid d\u00f6neminde belirgin h\u00e2le gelen T\u00fcrk-Alman asker\u00ee yak\u0131nl\u0131\u011f\u0131, takip eden II. Me\u015frutiyet d\u00f6neminde de devam etti<span class=\"excerpt-hellip\"> [\u2026]<\/span><\/p>\n","protected":false},"featured_media":0,"template":"","meta":{"_monsterinsights_skip_tracking":false,"_monsterinsights_sitenote_active":false,"_monsterinsights_sitenote_note":"","_monsterinsights_sitenote_category":0},"product_brand":[],"product_cat":[13517,12304],"product_tag":[],"class_list":{"0":"post-745285","1":"product","2":"type-product","3":"status-publish","5":"product_cat-osmanli-tarihi","6":"product_cat-tarih","7":"pa_cilt-ciltsiz","8":"pa_tur-kitap","9":"pa_yayinevi-kronik-kitap","10":"pa_yazar-erich-serno","12":"first","13":"instock","14":"sale","15":"shipping-taxable","16":"purchasable","17":"product-type-simple"},"_links":{"self":[{"href":"https:\/\/roveyayinevi.com.tr\/index.php\/wp-json\/wp\/v2\/product\/745285","targetHints":{"allow":["GET"]}}],"collection":[{"href":"https:\/\/roveyayinevi.com.tr\/index.php\/wp-json\/wp\/v2\/product"}],"about":[{"href":"https:\/\/roveyayinevi.com.tr\/index.php\/wp-json\/wp\/v2\/types\/product"}],"wp:attachment":[{"href":"https:\/\/roveyayinevi.com.tr\/index.php\/wp-json\/wp\/v2\/media?parent=745285"}],"wp:term":[{"taxonomy":"product_brand","embeddable":true,"href":"https:\/\/roveyayinevi.com.tr\/index.php\/wp-json\/wp\/v2\/product_brand?post=745285"},{"taxonomy":"product_cat","embeddable":true,"href":"https:\/\/roveyayinevi.com.tr\/index.php\/wp-json\/wp\/v2\/product_cat?post=745285"},{"taxonomy":"product_tag","embeddable":true,"href":"https:\/\/roveyayinevi.com.tr\/index.php\/wp-json\/wp\/v2\/product_tag?post=745285"}],"curies":[{"name":"wp","href":"https:\/\/api.w.org\/{rel}","templated":true}]}}