{"id":745262,"date":"2025-08-28T02:15:41","date_gmt":"2025-08-27T23:15:41","guid":{"rendered":"https:\/\/roveyayinevi.com.tr\/index.php\/urun\/defnenin-sarmasiklari\/"},"modified":"2026-04-16T02:57:36","modified_gmt":"2026-04-15T23:57:36","slug":"defnenin-sarmasiklari","status":"publish","type":"product","link":"https:\/\/roveyayinevi.com.tr\/index.php\/urun\/defnenin-sarmasiklari\/","title":{"rendered":"Defne&#8217;nin Sarma\u015f\u0131klar\u0131"},"content":{"rendered":"<p>Defne\u2019nin iki tekerlekli bir bisikleti, y\u0131ld\u0131zl\u0131 k\u0131rm\u0131z\u0131 ayakkab\u0131lar\u0131, ger\u00e7ekten \u00e7ok yumu\u015fak bir pel\u00fc\u015f aslan\u0131 var. Bir de sarma\u015f\u0131klar\u0131\u2026 Karn\u0131nda b\u00fcy\u00fcyen, endi\u015felendi\u011finde ya da korktu\u011funda onu k\u0131s\u0131tlayan dikenlerle dolu dallar. Defne sarma\u015f\u0131klar\u0131n\u0131 kontrol alt\u0131na almak istiyor ama nas\u0131l?   Maude Nepveu-Villeneuve\u2019\u00fcn yazd\u0131\u011f\u0131, Sandra Dumais\u2019nin resimledi\u011fi ve Elif \u00d6zcan taraf\u0131ndan Frans\u0131zca asl\u0131ndan dilimize \u00e7evrilen Defne\u2019nin Sarma\u015f\u0131klar\u0131, kayg\u0131 konusunu hassasiyet ve \u015fefkatle ele alan bir \u00f6yk\u00fc. Hem \u00e7ocuklarda hem yeti\u015fkinlerde ya\u015fanan kayg\u0131y\u0131 anlamak ve onunla ba\u015f etmek i\u00e7in \u00f6neriler sunan s\u0131cak bir kitap. <\/p>\n","protected":false},"excerpt":{"rendered":"<p>Defne\u2019nin iki tekerlekli bir bisikleti, y\u0131ld\u0131zl\u0131 k\u0131rm\u0131z\u0131 ayakkab\u0131lar\u0131, ger\u00e7ekten \u00e7ok yumu\u015fak bir pel\u00fc\u015f aslan\u0131 var. Bir de sarma\u015f\u0131klar\u0131\u2026 Karn\u0131nda b\u00fcy\u00fcyen, endi\u015felendi\u011finde ya da korktu\u011funda onu k\u0131s\u0131tlayan<span class=\"excerpt-hellip\"> [\u2026]<\/span><\/p>\n","protected":false},"featured_media":0,"template":"","meta":{"_monsterinsights_skip_tracking":false,"_monsterinsights_sitenote_active":false,"_monsterinsights_sitenote_note":"","_monsterinsights_sitenote_category":0},"product_brand":[],"product_cat":[12274,12284],"product_tag":[],"class_list":{"0":"post-745262","1":"product","2":"type-product","3":"status-publish","5":"product_cat-cocuk-ve-genclik-kitaplari","6":"product_cat-hikayeler","7":"pa_cilt-ciltsiz","8":"pa_tur-kitap","9":"pa_yayinevi-potikare-yayincilik","10":"pa_yazar-maude-nepveu-villeneuve","12":"first","13":"instock","14":"sale","15":"shipping-taxable","16":"purchasable","17":"product-type-simple"},"_links":{"self":[{"href":"https:\/\/roveyayinevi.com.tr\/index.php\/wp-json\/wp\/v2\/product\/745262","targetHints":{"allow":["GET"]}}],"collection":[{"href":"https:\/\/roveyayinevi.com.tr\/index.php\/wp-json\/wp\/v2\/product"}],"about":[{"href":"https:\/\/roveyayinevi.com.tr\/index.php\/wp-json\/wp\/v2\/types\/product"}],"wp:attachment":[{"href":"https:\/\/roveyayinevi.com.tr\/index.php\/wp-json\/wp\/v2\/media?parent=745262"}],"wp:term":[{"taxonomy":"product_brand","embeddable":true,"href":"https:\/\/roveyayinevi.com.tr\/index.php\/wp-json\/wp\/v2\/product_brand?post=745262"},{"taxonomy":"product_cat","embeddable":true,"href":"https:\/\/roveyayinevi.com.tr\/index.php\/wp-json\/wp\/v2\/product_cat?post=745262"},{"taxonomy":"product_tag","embeddable":true,"href":"https:\/\/roveyayinevi.com.tr\/index.php\/wp-json\/wp\/v2\/product_tag?post=745262"}],"curies":[{"name":"wp","href":"https:\/\/api.w.org\/{rel}","templated":true}]}}