{"id":745211,"date":"2025-08-28T02:14:03","date_gmt":"2025-08-27T23:14:03","guid":{"rendered":"https:\/\/roveyayinevi.com.tr\/index.php\/urun\/korku-iklimi\/"},"modified":"2026-04-16T02:57:34","modified_gmt":"2026-04-15T23:57:34","slug":"korku-iklimi","status":"publish","type":"product","link":"https:\/\/roveyayinevi.com.tr\/index.php\/urun\/korku-iklimi\/","title":{"rendered":"Korku \u0130klimi"},"content":{"rendered":"<p>Denizlerin adam\u0131 Ba\u015fkomiser Adamsberg, o ac\u0131mas\u0131z nisan ay\u0131nda, ard\u0131nda gizemli bir giyotin i\u015fareti b\u0131rakan ancak kimli\u011fini gizlemek i\u00e7in t\u00fcm \u00f6nlemleri alan g\u00f6lge bir katilin pe\u015fine d\u00fc\u015fer. Katil, b\u0131rakt\u0131\u011f\u0131 izleri yok etmektense yan\u0131lt\u0131c\u0131 ipu\u00e7lar\u0131yla dedektifleri oyalamay\u0131 ama\u00e7layan h\u00fcnerli bir zanl\u0131d\u0131r. Ba\u015fkomiser Adamsberg, katman katman yay\u0131lan bir sis bulutunun i\u00e7inde kaybolduklar\u0131n\u0131n fark\u0131ndad\u0131r. Katilin tuzaklar\u0131ndan kurtulmak i\u00e7in katilin pe\u015fine de\u011fil, sezgilerinin ona g\u00f6sterdi\u011fi hedefin pe\u015fine d\u00fc\u015fer: \u0130zlanda\u2019n\u0131n \u00fccra Tilki Adas\u0131\u2019nda krall\u0131\u011f\u0131n\u0131 kurmu\u015f yar\u0131 \u00f6l\u00fc canavar Afturganga.   O s\u0131rada ba\u015fkomiserin en g\u00fcvendi\u011fi iki yard\u0131mc\u0131s\u0131 Danglard ve Retancourt akl\u0131n yolunu izlemeyi tercih eder: Frans\u0131z Devrimi s\u0131ras\u0131nda Ter\u00f6r D\u00f6nemi\u2019nin kurucusu Robespierre\u2019e adanm\u0131\u015f bir derne\u011fin b\u00fcy\u00fck meclisine sinmi\u015f korku iklimine kendilerini kapt\u0131r\u0131rlar.   Katilin binbir k\u0131l\u0131\u011fa girerek ve sahte ipu\u00e7lar\u0131 b\u0131rakarak gizlendi\u011fi kapkara bir ormanda, izleyecek bir patika bile bulamayan dedektiflerin her birinin ayr\u0131 y\u00f6ne da\u011f\u0131ld\u0131\u011f\u0131 bu karmakar\u0131\u015f\u0131k cinayet silsilesini kim, hangi y\u00f6ntemle sonland\u0131racak? <\/p>\n","protected":false},"excerpt":{"rendered":"<p>Denizlerin adam\u0131 Ba\u015fkomiser Adamsberg, o ac\u0131mas\u0131z nisan ay\u0131nda, ard\u0131nda gizemli bir giyotin i\u015fareti b\u0131rakan ancak kimli\u011fini gizlemek i\u00e7in t\u00fcm \u00f6nlemleri alan g\u00f6lge bir katilin pe\u015fine d\u00fc\u015fer.<span class=\"excerpt-hellip\"> [\u2026]<\/span><\/p>\n","protected":false},"featured_media":0,"template":"","meta":{"_monsterinsights_skip_tracking":false,"_monsterinsights_sitenote_active":false,"_monsterinsights_sitenote_note":"","_monsterinsights_sitenote_category":0},"product_brand":[],"product_cat":[12540,12291],"product_tag":[],"class_list":{"0":"post-745211","1":"product","2":"type-product","3":"status-publish","5":"product_cat-bilim-kurgu","6":"product_cat-edebiyat","7":"pa_cilt-ciltsiz","8":"pa_tur-kitap","9":"pa_yayinevi-epsilon-yayinlari","10":"pa_yazar-fred-vargas","12":"first","13":"instock","14":"sale","15":"shipping-taxable","16":"purchasable","17":"product-type-simple"},"_links":{"self":[{"href":"https:\/\/roveyayinevi.com.tr\/index.php\/wp-json\/wp\/v2\/product\/745211","targetHints":{"allow":["GET"]}}],"collection":[{"href":"https:\/\/roveyayinevi.com.tr\/index.php\/wp-json\/wp\/v2\/product"}],"about":[{"href":"https:\/\/roveyayinevi.com.tr\/index.php\/wp-json\/wp\/v2\/types\/product"}],"wp:attachment":[{"href":"https:\/\/roveyayinevi.com.tr\/index.php\/wp-json\/wp\/v2\/media?parent=745211"}],"wp:term":[{"taxonomy":"product_brand","embeddable":true,"href":"https:\/\/roveyayinevi.com.tr\/index.php\/wp-json\/wp\/v2\/product_brand?post=745211"},{"taxonomy":"product_cat","embeddable":true,"href":"https:\/\/roveyayinevi.com.tr\/index.php\/wp-json\/wp\/v2\/product_cat?post=745211"},{"taxonomy":"product_tag","embeddable":true,"href":"https:\/\/roveyayinevi.com.tr\/index.php\/wp-json\/wp\/v2\/product_tag?post=745211"}],"curies":[{"name":"wp","href":"https:\/\/api.w.org\/{rel}","templated":true}]}}