{"id":745208,"date":"2025-08-28T02:13:59","date_gmt":"2025-08-27T23:13:59","guid":{"rendered":"https:\/\/roveyayinevi.com.tr\/index.php\/urun\/ingiliz-idaresinde-kibris-turklerinde-ortaogretim\/"},"modified":"2026-04-16T02:57:34","modified_gmt":"2026-04-15T23:57:34","slug":"ingiliz-idaresinde-kibris-turklerinde-ortaogretim","status":"publish","type":"product","link":"https:\/\/roveyayinevi.com.tr\/index.php\/urun\/ingiliz-idaresinde-kibris-turklerinde-ortaogretim\/","title":{"rendered":"\u0130ngiliz \u0130daresinde K\u0131br\u0131s T\u00fcrklerinde Orta\u00f6\u011fretim"},"content":{"rendered":"<p>K\u0131br\u0131s tarihinin \u00f6nemli bir d\u00f6nemi \u0130ngiliz y\u00f6netimi alt\u0131nda ge\u00e7mi\u015ftir. Bu s\u00fcre zarf\u0131nda D\u00fcnya, iki b\u00fcy\u00fck sava\u015f g\u00f6rd\u00fc. T\u00fcm D\u00fcnyada yeni geli\u015fmeler ya\u015fan\u0131r iken dengeler yeniden olu\u015fmaya ba\u015flam\u0131\u015ft\u0131. Tam da bu d\u00f6nemde K\u0131br\u0131s, seksen iki y\u0131l \u0130ngiliz idaresinde kald\u0131. K\u0131br\u0131sl\u0131 T\u00fcrklerin orta\u00f6\u011fretimin olgunla\u015fma evresi bu d\u00f6neme rastlamaktad\u0131r. G\u00fcn\u00fcm\u00fczde halen faal olan bir\u00e7ok orta\u00f6\u011fretim okulumuz bu d\u00f6nemde kurulmu\u015ftur. Toplumlar ald\u0131klar\u0131 e\u011fitim sayesinde geli\u015fir. Bu ama\u00e7la toplumlar\u0131n geli\u015fimini anlamak i\u00e7in e\u011fitimdeki geli\u015fmeleri de do\u011fru zeminde \u00f6\u011frenmek \u00f6nemlidir.    K\u0131br\u0131s T\u00fcrk E\u011fitim Tarihiyle ilgili bir\u00e7ok \u00e7al\u0131\u015fma yap\u0131ld\u0131. Ancak K\u0131br\u0131s T\u00fcrk orta\u00f6\u011fretimin tarihsel geli\u015fimini b\u00fct\u00fcnsel a\u00e7\u0131dan ele al\u0131nmad\u0131. Bu ara\u015ft\u0131rma i\u015fte tam olarak bunu vadetmektedir. \u00c7ok farkl\u0131 kaynaklar kar\u015f\u0131la\u015ft\u0131rma yap\u0131larak de\u011ferlendirildi.   Elinizde bulunan eser sadece e\u011fitim tarihi a\u00e7\u0131\u015f\u0131ndan irdelenmemelidir. \u00c7al\u0131\u015fman\u0131n sat\u0131r aralar\u0131nda d\u00f6nemin siyasi olaylar\u0131na dair bilgilerde rastlaman\u0131z m\u00fcmk\u00fcn olacakt\u0131r.<\/p>\n","protected":false},"excerpt":{"rendered":"<p>K\u0131br\u0131s tarihinin \u00f6nemli bir d\u00f6nemi \u0130ngiliz y\u00f6netimi alt\u0131nda ge\u00e7mi\u015ftir. Bu s\u00fcre zarf\u0131nda D\u00fcnya, iki b\u00fcy\u00fck sava\u015f g\u00f6rd\u00fc. T\u00fcm D\u00fcnyada yeni geli\u015fmeler ya\u015fan\u0131r iken dengeler yeniden olu\u015fmaya<span class=\"excerpt-hellip\"> [\u2026]<\/span><\/p>\n","protected":false},"featured_media":0,"template":"","meta":{"_monsterinsights_skip_tracking":false,"_monsterinsights_sitenote_active":false,"_monsterinsights_sitenote_note":"","_monsterinsights_sitenote_category":0},"product_brand":[],"product_cat":[12573,12566],"product_tag":[],"class_list":{"0":"post-745208","1":"product","2":"type-product","3":"status-publish","5":"product_cat-akademik-kitaplar","6":"product_cat-egitim","7":"pa_cilt-ciltsiz","8":"pa_tur-kitap","9":"pa_yayinevi-egiten-kitap","10":"pa_yazar-mete-ozsezer","12":"first","13":"instock","14":"sale","15":"shipping-taxable","16":"purchasable","17":"product-type-simple"},"_links":{"self":[{"href":"https:\/\/roveyayinevi.com.tr\/index.php\/wp-json\/wp\/v2\/product\/745208","targetHints":{"allow":["GET"]}}],"collection":[{"href":"https:\/\/roveyayinevi.com.tr\/index.php\/wp-json\/wp\/v2\/product"}],"about":[{"href":"https:\/\/roveyayinevi.com.tr\/index.php\/wp-json\/wp\/v2\/types\/product"}],"wp:attachment":[{"href":"https:\/\/roveyayinevi.com.tr\/index.php\/wp-json\/wp\/v2\/media?parent=745208"}],"wp:term":[{"taxonomy":"product_brand","embeddable":true,"href":"https:\/\/roveyayinevi.com.tr\/index.php\/wp-json\/wp\/v2\/product_brand?post=745208"},{"taxonomy":"product_cat","embeddable":true,"href":"https:\/\/roveyayinevi.com.tr\/index.php\/wp-json\/wp\/v2\/product_cat?post=745208"},{"taxonomy":"product_tag","embeddable":true,"href":"https:\/\/roveyayinevi.com.tr\/index.php\/wp-json\/wp\/v2\/product_tag?post=745208"}],"curies":[{"name":"wp","href":"https:\/\/api.w.org\/{rel}","templated":true}]}}