{"id":745088,"date":"2025-08-28T02:11:20","date_gmt":"2025-08-27T23:11:20","guid":{"rendered":"https:\/\/roveyayinevi.com.tr\/index.php\/urun\/osmanlida-devletlerarasi-iliskiler-siyaset-yasam-yenilesme\/"},"modified":"2026-04-16T02:57:30","modified_gmt":"2026-04-15T23:57:30","slug":"osmanlida-devletlerarasi-iliskiler-siyaset-yasam-yenilesme","status":"publish","type":"product","link":"https:\/\/roveyayinevi.com.tr\/index.php\/urun\/osmanlida-devletlerarasi-iliskiler-siyaset-yasam-yenilesme\/","title":{"rendered":"Osmanl\u0131&#8217;da Devletleraras\u0131 \u0130li\u015fkiler\/Siyaset-Ya\u015fam-Yenile\u015fme"},"content":{"rendered":"<p>Son d\u00f6nem Osmanl\u0131 Tarihi alan\u0131nda yapt\u0131\u011f\u0131 orijinal \u00e7al\u0131\u015fmalarla hem yurt i\u00e7inde hem de yurt d\u0131\u015f\u0131nda maruf, bu konuyla alakal\u0131 \u0130slam Ansiklopedisi\u2019nin bir\u00e7ok maddesini yazan, Prof. Dr. Kemal Beydilli\u2019nin kendi se\u00e7ti\u011fi makaleleri kitapla\u015f\u0131yor.Prof. Dr. Kemal Beydilli\u2019nin Osmanl\u0131\u2019da Devletleraras\u0131 \u0130li\u015fkiler: Siyaset-Ya\u015fam-Yenile\u015fme \/ Se\u00e7me Makaleler-1 ismini koydu\u011fu bu \u00e7al\u0131\u015fma, Osmanl\u0131\u2019n\u0131n son y\u00fczy\u0131l\u0131n\u0131 ele alarak okuyucuya imparatorlu\u011fun \u00f6nemli bir d\u00f6n\u00fcm noktas\u0131 olan 1774 K\u00fc\u00e7\u00fck Kaynarca\u02bcdan itibaren siyasi hayat\u0131n\u0131n yakla\u015f\u0131k son bir bu\u00e7uk asr\u0131n\u0131 takdim etmeyi ama\u00e7lar. \u0130mparatorlu\u011fun son d\u00f6nemlerindeki s\u0131k\u0131nt\u0131lar\u0131 g\u00f6zler \u00f6n\u00fcne seren ve yenilenme zaruretine i\u015faret eden bu s\u00fcre\u00e7 y\u0131k\u0131l\u0131\u015f maceram\u0131z\u0131n \u00f6z\u00fc olan \u201c\u015eark Meselesi\u201d konulu \u00e7al\u0131\u015fmayla sona ermektedir.1757-1839 aras\u0131 tahtta bulunan h\u00fck\u00fcmdarlar\u0131n devletin i\u00e7inde bulundu\u011fu durumdan \u00f6t\u00fcr\u00fc a\u011f\u0131r sorumluluk i\u00e7inde olduklar\u0131, devletin yenilenme zaruretinin idraki i\u00e7inde eski yap\u0131y\u0131 de\u011fi\u015ftirmeyi ama\u00e7layan ve hayat\u020b yenilenmeleri g\u00f6ze alanlar\u0131n ise sonunda belki II. Mahmud gibi \u201cg\u00e2vur padi\u015fah\u201d yak\u0131\u015ft\u0131rmas\u0131na lay\u0131k g\u00f6r\u00fclmeleri, bu d\u00f6nemin g\u00fcn\u00fcm\u00fcze kadar gelerek vebalini ta\u015f\u0131yan t\u00f6hmetlerindendir. 18. y\u00fczy\u0131l\u0131n ikinci yar\u0131s\u0131 itibariyle uzay\u0131p giden asudeli\u011fi, III. Mustafa d\u00f6neminde Rus Sava\u015f\u0131\u2019na giri\u015filmesiyle (1768) felaketli bir \u015fekilde sona erdi. 1774 K\u00fc\u00e7\u00fck Kaynarca ile biten sava\u015f asl\u0131nda adeta bir m\u00fctareke h\u00fckm\u00fcndeydi ve K\u0131r\u0131m\u02bc\u0131n kayb\u0131yla sonu\u00e7lanan geli\u015fmeler m\u00fccadelenin kap\u0131lar\u0131n\u0131 tekrar a\u00e7t\u0131. III. Mustafa\u02bcn\u0131n a\u00e7t\u0131\u011f\u0131 sava\u015f\u0131n a\u011f\u0131r vebali halefi I. Abd\u00fclhamid\u02bcin \u00fczerinde kald\u0131 (1774). Onun a\u00e7mak zorunda kald\u0131\u011f\u0131 m\u00fcteakip m\u00fccadelenin vebali de III. Selim\u02bcin \u00fczerine y\u0131\u011f\u0131ld\u0131 (Ya\u015f Antla\u015fmas\u0131 1792).\u00c7al\u0131\u015fmada bulunan padi\u015fah portreleri d\u00f6nemin d\u00fcnya g\u00f6r\u00fc\u015f\u00fcn\u00fc, d\u0131\u015f ve i\u00e7 siyasetteki geli\u015fmeleri, g\u00fcnl\u00fck ya\u015fam tarzlar\u0131n\u0131, sosyal hayat\u0131n \u00f6zelliklerini ve ekonomik durumu g\u00f6zler \u00f6n\u00fcne seriyor.<\/p>\n","protected":false},"excerpt":{"rendered":"<p>Son d\u00f6nem Osmanl\u0131 Tarihi alan\u0131nda yapt\u0131\u011f\u0131 orijinal \u00e7al\u0131\u015fmalarla hem yurt i\u00e7inde hem de yurt d\u0131\u015f\u0131nda maruf, bu konuyla alakal\u0131 \u0130slam Ansiklopedisi\u2019nin bir\u00e7ok maddesini yazan, Prof. Dr.<span class=\"excerpt-hellip\"> [\u2026]<\/span><\/p>\n","protected":false},"featured_media":0,"template":"","meta":{"_monsterinsights_skip_tracking":false,"_monsterinsights_sitenote_active":false,"_monsterinsights_sitenote_note":"","_monsterinsights_sitenote_category":0},"product_brand":[],"product_cat":[13517,12304],"product_tag":[],"class_list":{"0":"post-745088","1":"product","2":"type-product","3":"status-publish","5":"product_cat-osmanli-tarihi","6":"product_cat-tarih","7":"pa_cilt-ciltsiz","8":"pa_tur-kitap","9":"pa_yayinevi-timas-yayinlari","10":"pa_yazar-kemal-beydilli","12":"first","13":"instock","14":"sale","15":"shipping-taxable","16":"purchasable","17":"product-type-simple"},"_links":{"self":[{"href":"https:\/\/roveyayinevi.com.tr\/index.php\/wp-json\/wp\/v2\/product\/745088","targetHints":{"allow":["GET"]}}],"collection":[{"href":"https:\/\/roveyayinevi.com.tr\/index.php\/wp-json\/wp\/v2\/product"}],"about":[{"href":"https:\/\/roveyayinevi.com.tr\/index.php\/wp-json\/wp\/v2\/types\/product"}],"wp:attachment":[{"href":"https:\/\/roveyayinevi.com.tr\/index.php\/wp-json\/wp\/v2\/media?parent=745088"}],"wp:term":[{"taxonomy":"product_brand","embeddable":true,"href":"https:\/\/roveyayinevi.com.tr\/index.php\/wp-json\/wp\/v2\/product_brand?post=745088"},{"taxonomy":"product_cat","embeddable":true,"href":"https:\/\/roveyayinevi.com.tr\/index.php\/wp-json\/wp\/v2\/product_cat?post=745088"},{"taxonomy":"product_tag","embeddable":true,"href":"https:\/\/roveyayinevi.com.tr\/index.php\/wp-json\/wp\/v2\/product_tag?post=745088"}],"curies":[{"name":"wp","href":"https:\/\/api.w.org\/{rel}","templated":true}]}}