{"id":745078,"date":"2025-08-28T02:11:07","date_gmt":"2025-08-27T23:11:07","guid":{"rendered":"https:\/\/roveyayinevi.com.tr\/index.php\/urun\/robotlar-isimizi-elimizden-alacak-mi-teknoloji-emek-gelecek\/"},"modified":"2025-11-21T08:30:41","modified_gmt":"2025-11-21T05:30:41","slug":"robotlar-isimizi-elimizden-alacak-mi-teknoloji-emek-gelecek","status":"publish","type":"product","link":"https:\/\/roveyayinevi.com.tr\/index.php\/urun\/robotlar-isimizi-elimizden-alacak-mi-teknoloji-emek-gelecek\/","title":{"rendered":"Robotlar \u0130\u015fimizi Elimizden Alacak M\u0131? -Teknoloji, Emek, Gelecek"},"content":{"rendered":"<p>Teknolojik yenilikler ve otomasyon toplam istihdamda bir azalmaya yol a\u00e7ma e\u011filiminde mi, de\u011fil mi? \u00c7al\u0131\u015fma ya da \u201ci\u015fin sonu\u201dna m\u0131 geldik? Teknolojik geli\u015fmeler sonucunda i\u015f\u00e7i s\u0131n\u0131f\u0131 k\u00fc\u00e7\u00fclen ve giderek marjinal hale gelen bir toplumsal kategori mi? Bu sorulara verilecek yan\u0131tlar sadece istatistiksel bir g\u00f6sterge olman\u0131n \u00f6tesinde, son yar\u0131m y\u00fczy\u0131ld\u0131r eme\u011fin ve i\u015fin \u00f6nemini yitirdi\u011fi, kapitalizmin temel \u00e7eli\u015fkilerinin silikle\u015fti\u011fi, s\u0131n\u0131f ve s\u0131n\u0131f m\u00fccadelesi gibi kavram ve olgular\u0131n \u00e7a\u011fd\u0131\u015f\u0131 hale geldi\u011fi bi\u00e7imindeki iddialar\u0131n temelinde yatan varsay\u0131mlar\u0131n analizi i\u00e7in elzemdir. <\/p>\n","protected":false},"excerpt":{"rendered":"<p>Teknolojik yenilikler ve otomasyon toplam istihdamda bir azalmaya yol a\u00e7ma e\u011filiminde mi, de\u011fil mi? \u00c7al\u0131\u015fma ya da \u201ci\u015fin sonu\u201dna m\u0131 geldik? Teknolojik geli\u015fmeler sonucunda i\u015f\u00e7i s\u0131n\u0131f\u0131<span class=\"excerpt-hellip\"> [\u2026]<\/span><\/p>\n","protected":false},"featured_media":0,"template":"","meta":{"_monsterinsights_skip_tracking":false,"_monsterinsights_sitenote_active":false,"_monsterinsights_sitenote_note":"","_monsterinsights_sitenote_category":0},"product_brand":[],"product_cat":[13005,37328],"product_tag":[],"class_list":{"0":"post-745078","1":"product","2":"type-product","3":"status-publish","5":"product_cat-bilim-muhendislik","6":"product_cat-diger-bilim-muhendislik","7":"pa_cilt-ciltsiz","8":"pa_tur-kitap","9":"pa_yayinevi-kor-kitap","10":"pa_yazar-arif-kosar","12":"first","13":"instock","14":"sale","15":"shipping-taxable","16":"purchasable","17":"product-type-simple"},"_links":{"self":[{"href":"https:\/\/roveyayinevi.com.tr\/index.php\/wp-json\/wp\/v2\/product\/745078","targetHints":{"allow":["GET"]}}],"collection":[{"href":"https:\/\/roveyayinevi.com.tr\/index.php\/wp-json\/wp\/v2\/product"}],"about":[{"href":"https:\/\/roveyayinevi.com.tr\/index.php\/wp-json\/wp\/v2\/types\/product"}],"wp:attachment":[{"href":"https:\/\/roveyayinevi.com.tr\/index.php\/wp-json\/wp\/v2\/media?parent=745078"}],"wp:term":[{"taxonomy":"product_brand","embeddable":true,"href":"https:\/\/roveyayinevi.com.tr\/index.php\/wp-json\/wp\/v2\/product_brand?post=745078"},{"taxonomy":"product_cat","embeddable":true,"href":"https:\/\/roveyayinevi.com.tr\/index.php\/wp-json\/wp\/v2\/product_cat?post=745078"},{"taxonomy":"product_tag","embeddable":true,"href":"https:\/\/roveyayinevi.com.tr\/index.php\/wp-json\/wp\/v2\/product_tag?post=745078"}],"curies":[{"name":"wp","href":"https:\/\/api.w.org\/{rel}","templated":true}]}}