{"id":744999,"date":"2025-08-28T02:09:23","date_gmt":"2025-08-27T23:09:23","guid":{"rendered":"https:\/\/roveyayinevi.com.tr\/index.php\/urun\/osmanli-araplari\/"},"modified":"2026-04-16T02:57:26","modified_gmt":"2026-04-15T23:57:26","slug":"osmanli-araplari","status":"publish","type":"product","link":"https:\/\/roveyayinevi.com.tr\/index.php\/urun\/osmanli-araplari\/","title":{"rendered":"Osmanl\u0131 Araplar\u0131"},"content":{"rendered":"<p>1516\u2019da ba\u015flayan fetihleri takip eden yar\u0131m as\u0131r i\u00e7inde geni\u015f Arap co\u011frafyas\u0131n\u0131n siyasi h\u00e2kimi Osmanl\u0131 Devleti oldu. Osmanl\u0131 \u00f6ncesi \u015fartlarla kar\u015f\u0131la\u015ft\u0131r\u0131ld\u0131\u011f\u0131nda, co\u011frafyan\u0131n geni\u015fli\u011fi ve n\u00fcfusu g\u00f6z \u00f6n\u00fcne al\u0131n\u0131rsa, d\u00f6rt as\u0131rl\u0131k Osmanl\u0131 idaresi kesintisiz bir bar\u0131\u015f ve istikrar d\u00f6nemi getirdi. Bu uzun bar\u0131\u015f d\u00f6nemi 19. y\u00fczy\u0131ldan itibaren \u00f6nce s\u00f6m\u00fcrgeci imparatorluklar\u0131n i\u015fgalleri, ard\u0131ndan da milliyet\u00e7ilik dalgalar\u0131yla b\u00fcy\u00fck darbeler ald\u0131 ve nihayetinde I. D\u00fcnya Sava\u015f\u0131 akabinde tamamen ortadan kalkt\u0131. Osmanl\u0131 Araplar\u0131n\u0131n T\u00fcrkiye\u2019de en \u00f6nde gelen uzmanlar\u0131ndan Prof. Dr. Zekeriya Kur\u015fun\u2019un bu kapsaml\u0131 eseri bu uzun birlikteli\u011fin koptu\u011fu \u00e7a\u011f\u0131n hik\u00e2yesi: Napolyon\u2019un M\u0131s\u0131r\u2019\u0131 i\u015fgalinden 18. y\u00fczy\u0131lda ba\u015flay\u0131p sonralar\u0131 yeni bir hanedan\u0131n k\u00f6k\u00fc olan Vehhab\u00ee isyanlar\u0131na, \u0130ngiliz ve \u0130talyan m\u00fcdahalelerine kadar sunulan geni\u015f tarihsel bak\u0131\u015f a\u00e7\u0131s\u0131, Osmanl\u0131 Araplar\u0131n\u0131n o me\u015fhur uzun y\u00fczy\u0131lda ya\u015fad\u0131\u011f\u0131 tehditleri ve \u0130stanbul\u2019un Osmanl\u0131 Araplar\u0131n\u0131 merkeze ba\u011fl\u0131 tutabilmek ad\u0131na ald\u0131\u011f\u0131 \u00e7e\u015fitli tedbirlerle beraber anlat\u0131yor. Milliyet\u00e7ilik ak\u0131mlar\u0131n\u0131n d\u00fcnyay\u0131 kavurdu\u011fu bir \u00e7a\u011fda, Osmanl\u0131 Araplar\u0131n\u0131n siyasi konum ve hareketlerini, II. Abd\u00fclhamid\u2019in hilafet siyaseti ve Araplar\u0131n bu siyasete tepkilerini, \u0130sl\u00e2m Birli\u011finin Osmanl\u0131 Araplar\u0131 \u00fczerindeki etkilerini yak\u0131ndan mercek alt\u0131na alan bu eser, bir yandan da d\u00f6nemin \u00f6nemli siyasi ve dini simalar\u0131n\u0131n portrelerini resmediyor: Abd\u00fclkadir El-Cezayiri, Necip Azur\u00ee, Re\u015fid R\u0131za, \u015eekip Arslan, \u0130zzet El-C\u00fcnd\u00ee ve daha niceleri. Osmanl\u0131 Araplar\u0131, Hilafet-Siyaset-Milliyet 1798-1918 Osmanl\u0131 Devleti\u2019nin son asr\u0131nda ya\u015fanan bu b\u00fcy\u00fck co\u011frafi ve be\u015fer\u00ee kopu\u015f hakk\u0131nda yaz\u0131lm\u0131\u015f olgun bir tarih ara\u015ft\u0131rmas\u0131\u2026<\/p>\n","protected":false},"excerpt":{"rendered":"<p>1516\u2019da ba\u015flayan fetihleri takip eden yar\u0131m as\u0131r i\u00e7inde geni\u015f Arap co\u011frafyas\u0131n\u0131n siyasi h\u00e2kimi Osmanl\u0131 Devleti oldu. Osmanl\u0131 \u00f6ncesi \u015fartlarla kar\u015f\u0131la\u015ft\u0131r\u0131ld\u0131\u011f\u0131nda, co\u011frafyan\u0131n geni\u015fli\u011fi ve n\u00fcfusu g\u00f6z \u00f6n\u00fcne<span class=\"excerpt-hellip\"> [\u2026]<\/span><\/p>\n","protected":false},"featured_media":0,"template":"","meta":{"_monsterinsights_skip_tracking":false,"_monsterinsights_sitenote_active":false,"_monsterinsights_sitenote_note":"","_monsterinsights_sitenote_category":0},"product_brand":[],"product_cat":[13517,12304],"product_tag":[],"class_list":{"0":"post-744999","1":"product","2":"type-product","3":"status-publish","5":"product_cat-osmanli-tarihi","6":"product_cat-tarih","7":"pa_cilt-ciltsiz","8":"pa_tur-kitap","9":"pa_yayinevi-vakifbank-kultur-yayinlari","10":"pa_yazar-zekeriya-kursun","12":"first","13":"instock","14":"sale","15":"shipping-taxable","16":"purchasable","17":"product-type-simple"},"_links":{"self":[{"href":"https:\/\/roveyayinevi.com.tr\/index.php\/wp-json\/wp\/v2\/product\/744999","targetHints":{"allow":["GET"]}}],"collection":[{"href":"https:\/\/roveyayinevi.com.tr\/index.php\/wp-json\/wp\/v2\/product"}],"about":[{"href":"https:\/\/roveyayinevi.com.tr\/index.php\/wp-json\/wp\/v2\/types\/product"}],"wp:attachment":[{"href":"https:\/\/roveyayinevi.com.tr\/index.php\/wp-json\/wp\/v2\/media?parent=744999"}],"wp:term":[{"taxonomy":"product_brand","embeddable":true,"href":"https:\/\/roveyayinevi.com.tr\/index.php\/wp-json\/wp\/v2\/product_brand?post=744999"},{"taxonomy":"product_cat","embeddable":true,"href":"https:\/\/roveyayinevi.com.tr\/index.php\/wp-json\/wp\/v2\/product_cat?post=744999"},{"taxonomy":"product_tag","embeddable":true,"href":"https:\/\/roveyayinevi.com.tr\/index.php\/wp-json\/wp\/v2\/product_tag?post=744999"}],"curies":[{"name":"wp","href":"https:\/\/api.w.org\/{rel}","templated":true}]}}