{"id":744957,"date":"2025-08-28T02:08:29","date_gmt":"2025-08-27T23:08:29","guid":{"rendered":"https:\/\/roveyayinevi.com.tr\/index.php\/urun\/uluslararasi-iliskilerde-insacilik\/"},"modified":"2026-04-16T02:56:48","modified_gmt":"2026-04-15T23:56:48","slug":"uluslararasi-iliskilerde-insacilik","status":"publish","type":"product","link":"https:\/\/roveyayinevi.com.tr\/index.php\/urun\/uluslararasi-iliskilerde-insacilik\/","title":{"rendered":"Uluslararas\u0131 \u0130li\u015fkilerde \u0130n\u015fac\u0131l\u0131k:"},"content":{"rendered":"<p>Sosyal bilimlerde \u0130n\u015fac\u0131l\u0131k kuram\u0131 veya bu ad kullan\u0131lmasa da in\u015fac\u0131 bir bak\u0131\u015f a\u00e7\u0131s\u0131yla her t\u00fcrl\u00fc toplumsal ili\u015fkiyi inceleyen kuramlar So\u011fuk Sava\u015f sonras\u0131 d\u00f6nemde epey ilgi g\u00f6rmektedir. Ger\u00e7ekli\u011fin in\u015fas\u0131, toplumun in\u015fas\u0131, toplumsal cinsiyetin in\u015fas\u0131, kimli\u011fin in\u015fas\u0131, ulus-in\u015fas\u0131, devletin in\u015fas\u0131 gibi ifadeler sosyal bilimlerin \u00e7e\u015fitli dallar\u0131n\u0131n benimsedi\u011fi pop\u00fcler ifadeler haline gelmi\u015ftir. \u0130n\u015fac\u0131 bir bak\u0131\u015f a\u00e7\u0131s\u0131yla yaz\u0131lm\u0131\u015f \u00e7al\u0131\u015fmalar gittik\u00e7e artmas\u0131na ra\u011fmen s\u00f6z konusu \u00e7al\u0131\u015fmalarda kullan\u0131lan \u0130n\u015fac\u0131l\u0131\u011f\u0131n temel kavramlar\u0131n\u0131n ne anlama geldi\u011fi tam olarak ortaya koyulmadan kullan\u0131ld\u0131\u011f\u0131n\u0131 s\u00f6yleyebilirim. Mesela, \u201cdevletlerin kimlikleri ve \u00e7\u0131karlar\u0131 \u00f6zneleraras\u0131 olarak in\u015fa edilmi\u015f sosyal bir ger\u00e7ekliktir\u201d ifadesinde ge\u00e7en \u00f6zneleraras\u0131l\u0131k, in\u015fa ve sosyal ger\u00e7eklik kavramlar\u0131 in\u015fac\u0131 analizler yapan \u00e7al\u0131\u015fmalarda olduk\u00e7a s\u0131k bir \u015fekilde kullan\u0131lmaktad\u0131r. Fakat s\u00f6z konusu kavramlar kullan\u0131ld\u0131ktan sonra yukar\u0131daki c\u00fcmlede ifade edilen \u015feyin nas\u0131l ger\u00e7ekle\u015fti\u011fi \u00e7o\u011funlukla ifade edilmemektedir. Yani ger\u00e7eklik nas\u0131l in\u015fa edilmektedir, \u00f6zneleraras\u0131l\u0131k nedir, ger\u00e7ekli\u011fin \u00f6n\u00fcne getirilen \u201csosyal\u201d s\u0131fat\u0131 ile ne kastedilmektedir gibi sorular cevaplanmadan \u201cger\u00e7ekli\u011fin \u00f6zneleraras\u0131 olarak in\u015fa edildi\u011fi\u201d ifadesi verili al\u0131nmaktad\u0131r. Bu kitapta s\u00f6z konusu kavramlar\u0131n nas\u0131l ortaya \u00e7\u0131kt\u0131\u011f\u0131n\u0131 ve ne anlama geldi\u011fini Uluslararas\u0131 \u0130li\u015fkiler disiplini \u00fczerinden ele ald\u0131m. Ancak kitapta ele ald\u0131\u011f\u0131m kavramlar\u0131n ve konular\u0131n sosyal bilimlerin di\u011fer disiplinlerinde e\u011fitim alan lisans veya lisans \u00fcst\u00fc \u00f6\u011frencileri i\u00e7in de faydal\u0131 olaca\u011f\u0131n\u0131 \u00fcmit ediyorum.    <\/p>\n","protected":false},"excerpt":{"rendered":"<p>Sosyal bilimlerde \u0130n\u015fac\u0131l\u0131k kuram\u0131 veya bu ad kullan\u0131lmasa da in\u015fac\u0131 bir bak\u0131\u015f a\u00e7\u0131s\u0131yla her t\u00fcrl\u00fc toplumsal ili\u015fkiyi inceleyen kuramlar So\u011fuk Sava\u015f sonras\u0131 d\u00f6nemde epey ilgi g\u00f6rmektedir.<span class=\"excerpt-hellip\"> [\u2026]<\/span><\/p>\n","protected":false},"featured_media":0,"template":"","meta":{"_monsterinsights_skip_tracking":false,"_monsterinsights_sitenote_active":false,"_monsterinsights_sitenote_note":"","_monsterinsights_sitenote_category":0},"product_brand":[],"product_cat":[12337,17225],"product_tag":[],"class_list":{"0":"post-744957","1":"product","2":"type-product","3":"status-publish","5":"product_cat-politika-siyaset","6":"product_cat-uluslararasi-iliskiler","7":"pa_cilt-ciltsiz","8":"pa_tur-kitap","9":"pa_yayinevi-siyasal-kitabevi","10":"pa_yazar-ugur-pektas","12":"first","13":"instock","14":"sale","15":"shipping-taxable","16":"purchasable","17":"product-type-simple"},"_links":{"self":[{"href":"https:\/\/roveyayinevi.com.tr\/index.php\/wp-json\/wp\/v2\/product\/744957","targetHints":{"allow":["GET"]}}],"collection":[{"href":"https:\/\/roveyayinevi.com.tr\/index.php\/wp-json\/wp\/v2\/product"}],"about":[{"href":"https:\/\/roveyayinevi.com.tr\/index.php\/wp-json\/wp\/v2\/types\/product"}],"wp:attachment":[{"href":"https:\/\/roveyayinevi.com.tr\/index.php\/wp-json\/wp\/v2\/media?parent=744957"}],"wp:term":[{"taxonomy":"product_brand","embeddable":true,"href":"https:\/\/roveyayinevi.com.tr\/index.php\/wp-json\/wp\/v2\/product_brand?post=744957"},{"taxonomy":"product_cat","embeddable":true,"href":"https:\/\/roveyayinevi.com.tr\/index.php\/wp-json\/wp\/v2\/product_cat?post=744957"},{"taxonomy":"product_tag","embeddable":true,"href":"https:\/\/roveyayinevi.com.tr\/index.php\/wp-json\/wp\/v2\/product_tag?post=744957"}],"curies":[{"name":"wp","href":"https:\/\/api.w.org\/{rel}","templated":true}]}}