{"id":744932,"date":"2025-08-28T02:07:58","date_gmt":"2025-08-27T23:07:58","guid":{"rendered":"https:\/\/roveyayinevi.com.tr\/index.php\/urun\/1933-1950-yillari-arasinda-turkiyeye-gelen-alman-iktisatcilar\/"},"modified":"2026-04-16T02:56:47","modified_gmt":"2026-04-15T23:56:47","slug":"1933-1950-yillari-arasinda-turkiyeye-gelen-alman-iktisatcilar","status":"publish","type":"product","link":"https:\/\/roveyayinevi.com.tr\/index.php\/urun\/1933-1950-yillari-arasinda-turkiyeye-gelen-alman-iktisatcilar\/","title":{"rendered":"1933-1950 Y\u0131llar\u0131 Aras\u0131nda T\u00fcrkiye\u2019ye Gelen Alman \u0130ktisat\u00e7\u0131lar"},"content":{"rendered":"<p>1930\u2019lu y\u0131llarda t\u00fcm d\u00fcnyay\u0131 etkisi alt\u0131na alan ve derinle\u015fen ekonomik bunal\u0131m, ona e\u015flik eden i\u015fsizlik ve umutsuzluk Almanya\u2019da Nasyonel Sosyalist hareketin ve Hitler\u2019in g\u00fc\u00e7lenmesine olanak sa\u011flar. Nazilerin iktidara gelmesiyle birlikte, ana ama\u00e7lar\u0131ndan biri olan antisemitizmi hayata ge\u00e7irmeleri, \u0131rklar\u0131 ve inan\u00e7lar\u0131 nedeniyle bir\u00e7ok bilim insan\u0131n\u0131 \u00fcniversitelerindeki k\u00fcrs\u00fclerinden ve vatanlar\u0131ndan kopart\u0131r.   Hitler Almanya\u2019s\u0131n\u0131n dalga dalga yayd\u0131\u011f\u0131 k\u00f6t\u00fcl\u00fck neticesinde ya\u015fanan beyin g\u00f6\u00e7\u00fc, Atat\u00fcrk\u2019\u00fcn \u00f6nderli\u011finde gen\u00e7 T\u00fcrkiye Cumhuriyeti i\u00e7in \u00f6nemli bir kazan\u00e7t\u0131r. Alman bilim insanlar\u0131n\u0131n s\u0131\u011f\u0131nd\u0131klar\u0131 bu gen\u00e7 \u00fclke hem onlar hem de aileleri i\u00e7in g\u00fcvenli ve yeni bir ya\u015fam\u0131n ba\u015flad\u0131\u011f\u0131 ikinci bir vatan olacak ve \u0130stanbul \u0130ktisat do\u011facakt\u0131r.<\/p>\n","protected":false},"excerpt":{"rendered":"<p>1930\u2019lu y\u0131llarda t\u00fcm d\u00fcnyay\u0131 etkisi alt\u0131na alan ve derinle\u015fen ekonomik bunal\u0131m, ona e\u015flik eden i\u015fsizlik ve umutsuzluk Almanya\u2019da Nasyonel Sosyalist hareketin ve Hitler\u2019in g\u00fc\u00e7lenmesine olanak sa\u011flar.<span class=\"excerpt-hellip\"> [\u2026]<\/span><\/p>\n","protected":false},"featured_media":0,"template":"","meta":{"_monsterinsights_skip_tracking":false,"_monsterinsights_sitenote_active":false,"_monsterinsights_sitenote_note":"","_monsterinsights_sitenote_category":0},"product_brand":[],"product_cat":[13059,12337],"product_tag":[],"class_list":{"0":"post-744932","1":"product","2":"type-product","3":"status-publish","5":"product_cat-diger-politika-siyaset","6":"product_cat-politika-siyaset","7":"pa_cilt-ciltsiz","8":"pa_tur-kitap","9":"pa_yayinevi-efil-yayinevi","10":"pa_yazar-pelin-arslan","12":"first","13":"instock","14":"sale","15":"shipping-taxable","16":"purchasable","17":"product-type-simple"},"_links":{"self":[{"href":"https:\/\/roveyayinevi.com.tr\/index.php\/wp-json\/wp\/v2\/product\/744932","targetHints":{"allow":["GET"]}}],"collection":[{"href":"https:\/\/roveyayinevi.com.tr\/index.php\/wp-json\/wp\/v2\/product"}],"about":[{"href":"https:\/\/roveyayinevi.com.tr\/index.php\/wp-json\/wp\/v2\/types\/product"}],"wp:attachment":[{"href":"https:\/\/roveyayinevi.com.tr\/index.php\/wp-json\/wp\/v2\/media?parent=744932"}],"wp:term":[{"taxonomy":"product_brand","embeddable":true,"href":"https:\/\/roveyayinevi.com.tr\/index.php\/wp-json\/wp\/v2\/product_brand?post=744932"},{"taxonomy":"product_cat","embeddable":true,"href":"https:\/\/roveyayinevi.com.tr\/index.php\/wp-json\/wp\/v2\/product_cat?post=744932"},{"taxonomy":"product_tag","embeddable":true,"href":"https:\/\/roveyayinevi.com.tr\/index.php\/wp-json\/wp\/v2\/product_tag?post=744932"}],"curies":[{"name":"wp","href":"https:\/\/api.w.org\/{rel}","templated":true}]}}