{"id":744905,"date":"2025-08-28T02:07:25","date_gmt":"2025-08-27T23:07:25","guid":{"rendered":"https:\/\/roveyayinevi.com.tr\/index.php\/urun\/sanat-dunyamiz-191-kasim-aralik-2022\/"},"modified":"2026-04-16T02:56:46","modified_gmt":"2026-04-15T23:56:46","slug":"sanat-dunyamiz-191-kasim-aralik-2022","status":"publish","type":"product","link":"https:\/\/roveyayinevi.com.tr\/index.php\/urun\/sanat-dunyamiz-191-kasim-aralik-2022\/","title":{"rendered":"Sanat D\u00fcnyam\u0131z 191 Kas\u0131m-Aral\u0131k 2022"},"content":{"rendered":"<p>Sanat D\u00fcnyam\u0131z Dergisi Kas\u0131m Aral\u0131k say\u0131s\u0131 yay\u0131mland\u0131. Sanat D\u00fcnyam\u0131z dergisi Kas\u0131m Aral\u0131k say\u0131s\u0131nda yo\u011fun sanat g\u00fcndeminin nabz\u0131n\u0131 tutuyor. Dergi kapa\u011f\u0131na Dirimart\u2019ta \u201cHuriler ve Yolcular\u201d adl\u0131 ki\u015fisel sergisiyle a\u011f\u0131rlanacak olan \u0130nci Eviner\u2019i, sanat prati\u011finin temel meselelerini ele ald\u0131\u011f\u0131 Burcu \u00c7imen\u2019in ger\u00e7ekle\u015ftirdi\u011fi geni\u015f bir s\u00f6yle\u015fiyle ta\u015f\u0131yor. 17. \u0130stanbul Bienali\u2019nin ortaya att\u0131\u011f\u0131 sorulara dair kapsaml\u0131 bir ele\u015ftiri de Seda Ni\u011fbolu\u2019nun kaleminden okurla bulu\u015fuyor. Salt Galata ve Salt Beyo\u011flu\u2019nda devam eden \u201cSahnede 90\u2019lar\u201d sergisi Erman Ata Uncu\u2019nun sergi yakla\u015f\u0131m\u0131 ve T\u00fcrkiye\u2019nin 1990\u2019lar\u0131na bakt\u0131\u011f\u0131 incelemesiyle dergide. Ayr\u0131ca \u00dcmit Mesci\u2019nin 16. Lyon Bienali\u2019ne, Melike Bay\u0131k\u2019\u0131n 8.  \u00c7anakkale Bienali\u2019ne, G\u00fcr\u00e7im Y\u0131lmaz\u2019\u0131n ise ilk kez d\u00fczenlenen Kommagene Bienali\u2019ne dair izlenimleri birer yaz\u0131yla yer buluyor.   ArtS\u00fcmer\u2019de 12 Kas\u0131m\u2019a dek s\u00fcren G\u00f6zde \u0130lkin\u2019in \u201cEmanet Zemin\u201d ba\u015fl\u0131kl\u0131 solo sergisine dergide Rana Kelleci\u2019nin yaz\u0131s\u0131 ve yaz\u0131ya e\u015flik eden bir \u00e7izimyile yer veriliyor. Bilge Alkor\u2019la \u0130shak Reyna\u2019n\u0131n s\u00f6yle\u015fisi hem sanat\u00e7\u0131n\u0131n prati\u011fine hem de yeni sergisinin arka plan\u0131ndaki okumalara dair yeni kap\u0131lar a\u00e7\u0131yor. S\u00fcreyyya Evren ele\u015ftiriye dair serisi \u0130\u00e7 Sanat Ses Siz\u2019in \u00fc\u00e7\u00fcnc\u00fc yaz\u0131s\u0131n\u0131 okura sunuyor. Elif Kam\u0131\u015fl\u0131\u2019n\u0131n Adri\u00e1n Villar Rojas\u2019\u0131n yeni sergilerine dair bir denemesi ve Huo Rf\u2019nin de\u011ferlendirdi\u011fi sanat kitaplar\u0131na dair bir yaz\u0131s\u0131 da Kas\u0131m Aral\u0131k say\u0131s\u0131nda.   Derginin ajandas\u0131 ise bu say\u0131 sanat\u00e7\u0131 Ahu Akg\u00fcn\u2019e emanet. img src=&#8221;https:\/\/s3-eu-west-1.amazonaws.com\/dia\/kitadagitim\/ckeditor_assets\/pictures\/53\/content_1_original_original.jpg&#8221; alt=&#8221;Tan\u0131t\u0131m Metni&#8221; height=&#8221;15&#8243; width=&#8221;15&#8243; &gt;<span>Tan\u0131t\u0131m Metni<\/span><\/img><\/p>\n","protected":false},"excerpt":{"rendered":"<p>Sanat D\u00fcnyam\u0131z Dergisi Kas\u0131m Aral\u0131k say\u0131s\u0131 yay\u0131mland\u0131. Sanat D\u00fcnyam\u0131z dergisi Kas\u0131m Aral\u0131k say\u0131s\u0131nda yo\u011fun sanat g\u00fcndeminin nabz\u0131n\u0131 tutuyor. Dergi kapa\u011f\u0131na Dirimart\u2019ta \u201cHuriler ve Yolcular\u201d adl\u0131 ki\u015fisel<span class=\"excerpt-hellip\"> [\u2026]<\/span><\/p>\n","protected":false},"featured_media":0,"template":"","meta":{"_monsterinsights_skip_tracking":false,"_monsterinsights_sitenote_active":false,"_monsterinsights_sitenote_note":"","_monsterinsights_sitenote_category":0},"product_brand":[],"product_cat":[13527],"product_tag":[],"class_list":{"0":"post-744905","1":"product","2":"type-product","3":"status-publish","5":"product_cat-sureli-yayinlar","6":"pa_cilt-ciltsiz","7":"pa_tur-dergi","8":"pa_yayinevi-yapi-kredi-yayinlari-dergi","9":"pa_yazar-kolektif","11":"first","12":"instock","13":"sale","14":"shipping-taxable","15":"purchasable","16":"product-type-simple"},"_links":{"self":[{"href":"https:\/\/roveyayinevi.com.tr\/index.php\/wp-json\/wp\/v2\/product\/744905","targetHints":{"allow":["GET"]}}],"collection":[{"href":"https:\/\/roveyayinevi.com.tr\/index.php\/wp-json\/wp\/v2\/product"}],"about":[{"href":"https:\/\/roveyayinevi.com.tr\/index.php\/wp-json\/wp\/v2\/types\/product"}],"wp:attachment":[{"href":"https:\/\/roveyayinevi.com.tr\/index.php\/wp-json\/wp\/v2\/media?parent=744905"}],"wp:term":[{"taxonomy":"product_brand","embeddable":true,"href":"https:\/\/roveyayinevi.com.tr\/index.php\/wp-json\/wp\/v2\/product_brand?post=744905"},{"taxonomy":"product_cat","embeddable":true,"href":"https:\/\/roveyayinevi.com.tr\/index.php\/wp-json\/wp\/v2\/product_cat?post=744905"},{"taxonomy":"product_tag","embeddable":true,"href":"https:\/\/roveyayinevi.com.tr\/index.php\/wp-json\/wp\/v2\/product_tag?post=744905"}],"curies":[{"name":"wp","href":"https:\/\/api.w.org\/{rel}","templated":true}]}}