{"id":744837,"date":"2025-08-28T02:05:56","date_gmt":"2025-08-27T23:05:56","guid":{"rendered":"https:\/\/roveyayinevi.com.tr\/index.php\/urun\/karanlik-cag-tarihi\/"},"modified":"2026-04-16T02:56:44","modified_gmt":"2026-04-15T23:56:44","slug":"karanlik-cag-tarihi","status":"publish","type":"product","link":"https:\/\/roveyayinevi.com.tr\/index.php\/urun\/karanlik-cag-tarihi\/","title":{"rendered":"Karanl\u0131k \u00c7a\u011f Tarihi"},"content":{"rendered":"<p>MS 476 y\u0131l\u0131nda Bat\u0131 Roma \u0130mparatorlu\u011funun \u00e7\u00f6k\u00fc\u015f\u00fcnden sonra Avrupa\u2019daki g\u00fc\u00e7ler dengesi ve k\u00fclt\u00fcrel yap\u0131 h\u0131zla de\u011fi\u015fti. Karanl\u0131k \u00c7a\u011f yakla\u015f\u0131k alt\u0131 as\u0131r devam eden ilgin\u00e7 bir d\u00f6nemdi ve bu s\u00fcre zarf\u0131nda Avrupa halen bunun ne oldu\u011funu ve Roma\u2019n\u0131n \u00e7\u00f6k\u00fc\u015f\u00fcn\u00fc takip eden kaostan nas\u0131l \u00e7\u0131kaca\u011f\u0131n\u0131 d\u00fc\u015f\u00fcn\u00fcyordu. \u00dcnl\u00fc \u0130ngiliz askeri tarih\u00e7i Charles Oman Bizans \u0130mparatorlu\u011funun i\u00e7 ve d\u0131\u015f m\u00fccadeleleri, Emevilerin \u0130spanya\u2019ya egemen olmas\u0131, Lombardlar\u0131n \u0130talya\u2019y\u0131 fethi, \u015earlman\u2019\u0131n iktidar y\u0131llar\u0131, Vikingler ve modern Avrupa\u2019n\u0131n ortaya \u00e7\u0131k\u0131\u015f\u0131na etkide bulunan daha bir\u00e7ok \u00f6nemli olay\u0131 son derece ayr\u0131nt\u0131l\u0131 bir \u015fekilde okurlara sunuyor. MS 477 yaz\u0131nda kendisine halen Roma Senatosu ad\u0131n\u0131 veren yozla\u015fm\u0131\u015f bir grup Konstantinopolis\u2019in ve Do\u011fu \u0130mparatorlu\u011funun y\u00f6neticisi \u0130mparator Zeno\u2019nun huzuruna \u00e7\u0131kt\u0131. Ona Bat\u0131 ordusunun patriciOrestes\u2019i \u00f6ld\u00fcrd\u00fc\u011f\u00fcn\u00fc ve Orestes\u2019in o\u011flu \u2013\u00e7ocuk imparator\u2013 Romulus\u2019u da taht\u0131ndan indirdi\u011fini bildirdiler. <\/p>\n","protected":false},"excerpt":{"rendered":"<p>MS 476 y\u0131l\u0131nda Bat\u0131 Roma \u0130mparatorlu\u011funun \u00e7\u00f6k\u00fc\u015f\u00fcnden sonra Avrupa\u2019daki g\u00fc\u00e7ler dengesi ve k\u00fclt\u00fcrel yap\u0131 h\u0131zla de\u011fi\u015fti. Karanl\u0131k \u00c7a\u011f yakla\u015f\u0131k alt\u0131 as\u0131r devam eden ilgin\u00e7 bir d\u00f6nemdi<span class=\"excerpt-hellip\"> [\u2026]<\/span><\/p>\n","protected":false},"featured_media":0,"template":"","meta":{"_monsterinsights_skip_tracking":false,"_monsterinsights_sitenote_active":false,"_monsterinsights_sitenote_note":"","_monsterinsights_sitenote_category":0},"product_brand":[],"product_cat":[12312,12304],"product_tag":[],"class_list":{"0":"post-744837","1":"product","2":"type-product","3":"status-publish","5":"product_cat-diger","6":"product_cat-tarih","7":"pa_cilt-ciltsiz","8":"pa_tur-kitap","9":"pa_yayinevi-say-yayinlari","10":"pa_yazar-charles-william-chadwick-oman","12":"first","13":"instock","14":"sale","15":"shipping-taxable","16":"purchasable","17":"product-type-simple"},"_links":{"self":[{"href":"https:\/\/roveyayinevi.com.tr\/index.php\/wp-json\/wp\/v2\/product\/744837","targetHints":{"allow":["GET"]}}],"collection":[{"href":"https:\/\/roveyayinevi.com.tr\/index.php\/wp-json\/wp\/v2\/product"}],"about":[{"href":"https:\/\/roveyayinevi.com.tr\/index.php\/wp-json\/wp\/v2\/types\/product"}],"wp:attachment":[{"href":"https:\/\/roveyayinevi.com.tr\/index.php\/wp-json\/wp\/v2\/media?parent=744837"}],"wp:term":[{"taxonomy":"product_brand","embeddable":true,"href":"https:\/\/roveyayinevi.com.tr\/index.php\/wp-json\/wp\/v2\/product_brand?post=744837"},{"taxonomy":"product_cat","embeddable":true,"href":"https:\/\/roveyayinevi.com.tr\/index.php\/wp-json\/wp\/v2\/product_cat?post=744837"},{"taxonomy":"product_tag","embeddable":true,"href":"https:\/\/roveyayinevi.com.tr\/index.php\/wp-json\/wp\/v2\/product_tag?post=744837"}],"curies":[{"name":"wp","href":"https:\/\/api.w.org\/{rel}","templated":true}]}}