{"id":744802,"date":"2025-08-28T02:05:06","date_gmt":"2025-08-27T23:05:06","guid":{"rendered":"https:\/\/roveyayinevi.com.tr\/index.php\/urun\/balkanlarda-kaos\/"},"modified":"2026-04-16T02:56:42","modified_gmt":"2026-04-15T23:56:42","slug":"balkanlarda-kaos","status":"publish","type":"product","link":"https:\/\/roveyayinevi.com.tr\/index.php\/urun\/balkanlarda-kaos\/","title":{"rendered":"Balkanlar&#8217;da Kaos"},"content":{"rendered":"<p>Osmanl\u0131 \u0130mparatorlu\u011fu, kuruldu\u011fu 1300\u2019l\u00fc y\u0131llardan itibaren Anadolu\u2019nun bat\u0131s\u0131nda tesis etti\u011fi h\u00e2kimiyetini, \u00f6ncelikle Rumeli topraklar\u0131n\u0131 h\u0131zl\u0131 bir \u015fekilde fethederek Balkan da\u011flar\u0131n\u0131n do\u011fal korumas\u0131na alm\u0131\u015f, akabinde y\u00fcr\u00fctt\u00fc\u011f\u00fc geni\u015fleme stratejisiyle 6 as\u0131r s\u00fcren bir cihan devleti h\u00e2line gelmi\u015ftir. \u00d6mr\u00fcn\u00fcn sonunu getiren en \u00f6ld\u00fcr\u00fcc\u00fc darbe de bu topraklardan gelmi\u015ftir. 1912 y\u0131l\u0131ndaki Balkan Sava\u015f\u0131 ile bu co\u011frafyay\u0131 kaybetmi\u015f ve \u00fclke \u00e2deta korumas\u0131z duruma d\u00fc\u015fm\u00fc\u015ft\u00fcr. Etnik \u00e7eki\u015fmelerin, kavgalar\u0131n ve \u00e7at\u0131\u015fmalar\u0131n hi\u00e7 eksik olmad\u0131\u011f\u0131 bir co\u011frafya olan Balkanlar\u2019\u0131n elimizden nas\u0131l \u00e7\u0131kt\u0131\u011f\u0131 sorusu bizim i\u00e7in \u00e7ok \u00f6nemlidir.John Foster Fraser\u2019\u0131n elinizdeki bu kitab\u0131, 1912 y\u0131l\u0131ndaki b\u00fcy\u00fck felaketten yakla\u015f\u0131k 10 y\u0131l \u00f6ncesini konu edinmektedir. Yazar\u0131n 1904-1905 y\u0131llar\u0131 civar\u0131nda yapt\u0131\u011f\u0131 Balkan gezisinin \u00fcr\u00fcn\u00fcd\u00fcr. Kitab\u0131 \u00f6nemli yapan unsur, Abd\u00fclhamid\u2019in son demlerinde, b\u00f6lgede nas\u0131l bir sosyal ve siyasi atmosfer bulundu\u011funu do\u011frudan ve sans\u00fcrs\u00fcz anlatmas\u0131d\u0131r. Fraser\u2019\u0131n kendinden emin \u0130ngiliz k\u00fcstahl\u0131\u011f\u0131 ve \u00f6zg\u00fcveni, atmosferi hi\u00e7 \u00f6rtmeden, gizlemeden ve yumu\u015fatmadan aktarmas\u0131n\u0131 sa\u011flam\u0131\u015ft\u0131r. Bu da bize, hakk\u0131nda hep konu\u015ftu\u011fumuz, Sultan II. Abd\u00fclhamid\u2019in \u201cBalkan siyaseti\u201dnin nas\u0131l tatbik edildi\u011fine dair en net foto\u011fraf\u0131 verir.Balkan Sava\u015f\u0131 konusunda \u00e7al\u0131\u015fanlar kadar, d\u00f6neme ilgi duyan okurlar i\u00e7in de kitap, belki de birinci elden T\u00fcrk\u00e7edeki nadir kaynaklardan biri olarak g\u00f6r\u00fclebilir. <\/p>\n","protected":false},"excerpt":{"rendered":"<p>Osmanl\u0131 \u0130mparatorlu\u011fu, kuruldu\u011fu 1300\u2019l\u00fc y\u0131llardan itibaren Anadolu\u2019nun bat\u0131s\u0131nda tesis etti\u011fi h\u00e2kimiyetini, \u00f6ncelikle Rumeli topraklar\u0131n\u0131 h\u0131zl\u0131 bir \u015fekilde fethederek Balkan da\u011flar\u0131n\u0131n do\u011fal korumas\u0131na alm\u0131\u015f, akabinde y\u00fcr\u00fctt\u00fc\u011f\u00fc geni\u015fleme<span class=\"excerpt-hellip\"> [\u2026]<\/span><\/p>\n","protected":false},"featured_media":0,"template":"","meta":{"_monsterinsights_skip_tracking":false,"_monsterinsights_sitenote_active":false,"_monsterinsights_sitenote_note":"","_monsterinsights_sitenote_category":0},"product_brand":[],"product_cat":[12370,12304],"product_tag":[],"class_list":{"0":"post-744802","1":"product","2":"type-product","3":"status-publish","5":"product_cat-arastirma-inceleme","6":"product_cat-tarih","7":"pa_cilt-ciltsiz","8":"pa_tur-kitap","9":"pa_yayinevi-yeditepe-yayinevi","10":"pa_yazar-john-foster-fraser","12":"first","13":"instock","14":"sale","15":"shipping-taxable","16":"purchasable","17":"product-type-simple"},"_links":{"self":[{"href":"https:\/\/roveyayinevi.com.tr\/index.php\/wp-json\/wp\/v2\/product\/744802","targetHints":{"allow":["GET"]}}],"collection":[{"href":"https:\/\/roveyayinevi.com.tr\/index.php\/wp-json\/wp\/v2\/product"}],"about":[{"href":"https:\/\/roveyayinevi.com.tr\/index.php\/wp-json\/wp\/v2\/types\/product"}],"wp:attachment":[{"href":"https:\/\/roveyayinevi.com.tr\/index.php\/wp-json\/wp\/v2\/media?parent=744802"}],"wp:term":[{"taxonomy":"product_brand","embeddable":true,"href":"https:\/\/roveyayinevi.com.tr\/index.php\/wp-json\/wp\/v2\/product_brand?post=744802"},{"taxonomy":"product_cat","embeddable":true,"href":"https:\/\/roveyayinevi.com.tr\/index.php\/wp-json\/wp\/v2\/product_cat?post=744802"},{"taxonomy":"product_tag","embeddable":true,"href":"https:\/\/roveyayinevi.com.tr\/index.php\/wp-json\/wp\/v2\/product_tag?post=744802"}],"curies":[{"name":"wp","href":"https:\/\/api.w.org\/{rel}","templated":true}]}}