{"id":744699,"date":"2025-08-28T02:02:59","date_gmt":"2025-08-27T23:02:59","guid":{"rendered":"https:\/\/roveyayinevi.com.tr\/index.php\/urun\/portede-sakli-tarih-toplumsal-tarihin-merceginden-muzik\/"},"modified":"2026-04-16T02:56:38","modified_gmt":"2026-04-15T23:56:38","slug":"portede-sakli-tarih-toplumsal-tarihin-merceginden-muzik","status":"publish","type":"product","link":"https:\/\/roveyayinevi.com.tr\/index.php\/urun\/portede-sakli-tarih-toplumsal-tarihin-merceginden-muzik\/","title":{"rendered":"Portede Sakl\u0131 Tarih: Toplumsal Tarihin Merce\u011finden M\u00fczik"},"content":{"rendered":"<p>Portede sakl\u0131 olup ortaya \u00e7\u0131kar\u0131lmay\u0131 bekleyen m\u00fczik evrensel bir dil olarak g\u00f6r\u00fcl\u00fcr. Toplumlar\u0131, k\u00fclt\u00fcrleri, co\u011frafyalar\u0131 ba\u011flay\u0131p, ileti\u015fim sa\u011flar. Seslerden \u00f6r\u00fcl\u00fc m\u00fczikal k\u00f6pr\u00fcde politik ve k\u00fclt\u00fcrel boyutlar i\u00e7 i\u00e7edir. Sosyopolitik bir m\u00fccadele alan\u0131 olarak yakla\u015f\u0131ld\u0131\u011f\u0131nda m\u00fczik, imparatorluk ya da ulus devlet kurgular\u0131n\u0131n k\u00fclt\u00fcrel y\u00f6nelimlerinde kimi zaman k\u0131\u015fk\u0131rt\u0131c\u0131, kimi zaman telkin edici potansiyeliyle yer al\u0131r. Bireysel ya da toplumsal a\u00e7\u0131lardan bak\u0131ld\u0131\u011f\u0131nda m\u00fczi\u011fin insan\u0131 di\u011fer hi\u00e7bir sanat dal\u0131n\u0131n yapamayaca\u011f\u0131 kadar belli bir d\u00fc\u015f\u00fcnce etraf\u0131nda birle\u015ftirebilecek mesajlar\u0131 iletebilme \u00f6zelli\u011fi, ona estetik bir be\u011feni olman\u0131n \u00f6tesinde ard\u0131nda gizli toplumsal s\u00fcre\u00e7leri anlamaya y\u00f6nelik bir u\u011fra\u015f niteli\u011fi kazand\u0131r\u0131r. S\u00f6z konusu \u00f6zelli\u011fi m\u00fczi\u011fi disiplinleraras\u0131 \u00e7al\u0131\u015fmalarda s\u0131ra d\u0131\u015f\u0131 bir ara\u00e7 h\u00e2line d\u00f6n\u00fc\u015ft\u00fcr\u00fcr. Prof. Dr. Nam\u0131k Sinan Turan\u2019\u0131n Portede Sakl\u0131 Tarih \u00e7al\u0131\u015fmas\u0131 as\u0131l alan\u0131 siyas\u00ee tarih olan bir akademisyenin kaleminden m\u00fczi\u011fi toplumsal tarih merce\u011fiyle incelemeye y\u00f6nelik bir giri\u015fimin sonucu. Burada yazar, y\u00fczy\u0131llar i\u00e7inde ya\u015fanan siyasal ve k\u00fclt\u00fcrel de\u011fi\u015fimlere e\u015flik eden m\u00fczi\u011fin toplumsal arka plan\u0131na \u0131\u015f\u0131k tutuyor. Uzun bir tarihsel kesit i\u00e7inde geni\u015f bir co\u011frafyada, farkl\u0131 k\u00fclt\u00fcrel dokularda \u00fcretilen m\u00fczi\u011fin sosyopolitik etki alan\u0131 de\u011ferlendiriliyor. Osmanl\u0131 d\u00fcnyas\u0131nda m\u00fczi\u011fin \u00fcretim s\u00fcreci ve akt\u00f6rleri, modernle\u015fmenin Osmanl\u0131\/T\u00fcrk m\u00fczik gelene\u011finde yol a\u00e7t\u0131\u011f\u0131 d\u00f6n\u00fc\u015f\u00fcmler, gelenek ve modern aras\u0131nda bi\u00e7imlenen m\u00fczik ya\u015fam\u0131n\u0131n toplumsal analizi, oryantalizm ve m\u00fczikal temsilleri, operan\u0131n emperyal bir tahakk\u00fcm arac\u0131 olarak kullan\u0131m\u0131 gibi konular, kitapta ayr\u0131nt\u0131l\u0131 bi\u00e7imde incelenen ba\u015fl\u0131klar aras\u0131nda yer al\u0131yor. Kitaptaki anlat\u0131ya besteciler, icrac\u0131lar, m\u00fczi\u011fin icras\u0131n\u0131n ger\u00e7ekle\u015fti\u011fi kurumlar ve himaye merkezleri kadar d\u00f6nemin siyas\u00ee elitleri ve k\u00fclt\u00fcr politikalar\u0131n\u0131 y\u00f6nlendirenler de e\u015flik ediyor. Osmanl\u0131 \u0130mparatorlu\u011fu\u2019ndan Cumhuriyet\u2019e ve modern Ortado\u011fu\u2019ya uzanan geli\u015fmelerin m\u00fczik \u00fczerindeki \u00e7arp\u0131c\u0131 sonu\u00e7lar\u0131n\u0131n incelendi\u011fi kitapta m\u00fczik ve toplum aras\u0131ndaki karma\u015f\u0131k ili\u015fkiler a\u011f\u0131 analiz ediliyor. B\u00f6ylece okurlara co\u011frafyalar ve k\u00fclt\u00fcrler aras\u0131nda m\u00fczik-toplum ili\u015fkisinin farkl\u0131 ve \u00e7o\u011fu zaman g\u00f6z ard\u0131 edilen y\u00f6nleri \u00fczerine d\u00fc\u015f\u00fcnme olana\u011f\u0131 sa\u011fl\u0131yor. <\/p>\n","protected":false},"excerpt":{"rendered":"<p>Portede sakl\u0131 olup ortaya \u00e7\u0131kar\u0131lmay\u0131 bekleyen m\u00fczik evrensel bir dil olarak g\u00f6r\u00fcl\u00fcr. Toplumlar\u0131, k\u00fclt\u00fcrleri, co\u011frafyalar\u0131 ba\u011flay\u0131p, ileti\u015fim sa\u011flar. Seslerden \u00f6r\u00fcl\u00fc m\u00fczikal k\u00f6pr\u00fcde politik ve k\u00fclt\u00fcrel boyutlar<span class=\"excerpt-hellip\"> [\u2026]<\/span><\/p>\n","protected":false},"featured_media":0,"template":"","meta":{"_monsterinsights_skip_tracking":false,"_monsterinsights_sitenote_active":false,"_monsterinsights_sitenote_note":"","_monsterinsights_sitenote_category":0},"product_brand":[],"product_cat":[12408,14197],"product_tag":[],"class_list":{"0":"post-744699","1":"product","2":"type-product","3":"status-publish","5":"product_cat-sanat","6":"product_cat-sanat-tarihi","7":"pa_cilt-ciltsiz","8":"pa_tur-kitap","9":"pa_yayinevi-istanbul-bilgi-universitesi-yayinlari","10":"pa_yazar-namik-sinan-turan","12":"first","13":"instock","14":"sale","15":"shipping-taxable","16":"purchasable","17":"product-type-simple"},"_links":{"self":[{"href":"https:\/\/roveyayinevi.com.tr\/index.php\/wp-json\/wp\/v2\/product\/744699","targetHints":{"allow":["GET"]}}],"collection":[{"href":"https:\/\/roveyayinevi.com.tr\/index.php\/wp-json\/wp\/v2\/product"}],"about":[{"href":"https:\/\/roveyayinevi.com.tr\/index.php\/wp-json\/wp\/v2\/types\/product"}],"wp:attachment":[{"href":"https:\/\/roveyayinevi.com.tr\/index.php\/wp-json\/wp\/v2\/media?parent=744699"}],"wp:term":[{"taxonomy":"product_brand","embeddable":true,"href":"https:\/\/roveyayinevi.com.tr\/index.php\/wp-json\/wp\/v2\/product_brand?post=744699"},{"taxonomy":"product_cat","embeddable":true,"href":"https:\/\/roveyayinevi.com.tr\/index.php\/wp-json\/wp\/v2\/product_cat?post=744699"},{"taxonomy":"product_tag","embeddable":true,"href":"https:\/\/roveyayinevi.com.tr\/index.php\/wp-json\/wp\/v2\/product_tag?post=744699"}],"curies":[{"name":"wp","href":"https:\/\/api.w.org\/{rel}","templated":true}]}}