{"id":744560,"date":"2025-08-28T01:59:34","date_gmt":"2025-08-27T22:59:34","guid":{"rendered":"https:\/\/roveyayinevi.com.tr\/index.php\/urun\/osmanli-tarihoncesi\/"},"modified":"2026-04-16T02:56:34","modified_gmt":"2026-04-15T23:56:34","slug":"osmanli-tarihoncesi","status":"publish","type":"product","link":"https:\/\/roveyayinevi.com.tr\/index.php\/urun\/osmanli-tarihoncesi\/","title":{"rendered":"Osmanl\u0131 Tarih\u00f6ncesi"},"content":{"rendered":"<p>Varl\u0131\u011f\u0131n\u0131 600 seneden fazla s\u00fcrd\u00fcren Osmanl\u0131 \u0130mparatorlu\u011fu\u2019nun k\u00f6klerine dair bir\u00e7ok aktar\u0131m, hik\u00e2ye ve rivayet olmas\u0131na ra\u011fmen, bu d\u00f6neme ait neredeyse hi\u00e7 yaz\u0131l\u0131 kan\u0131t olmamas\u0131 nedeniyle, 13. y\u00fczy\u0131l\u0131n sonlar\u0131 ile 14. y\u00fczy\u0131l\u0131n ba\u015flar\u0131nda Bat\u0131 Bitinya b\u00f6lgesinde neler ya\u015fand\u0131\u011f\u0131na dair kesin bilgi \u00e7ok azd\u0131r. Yaz\u0131lan ilk Osmanl\u0131 tarihlerinden modern d\u00f6nemdeki akademik incelemelere kadar Osmanl\u0131 Devleti\u2019nin kurulu\u015fu meselesini ele alan \u00e7al\u0131\u015fmalarda bu belirsizlik giderilmeye \u00e7al\u0131\u015f\u0131lm\u0131\u015f ancak pek ba\u015far\u0131l\u0131 olunamam\u0131\u015ft\u0131r. Rudi Paul Linder Osmanl\u0131 Tarih\u00f6ncesi\u2019nde Osmanl\u0131 Devleti\u2019nin k\u00f6kenine dair bilmeceye ufuk a\u00e7\u0131c\u0131 yeni yorumlar getiriyor ve sis perdesini bir nebze olsun aral\u0131yor. Osmanl\u0131 \u0130mparatorlu\u011fu\u2019nun geli\u015fme d\u00f6nemi say\u0131lan 14. y\u00fczy\u0131l sonlar\u0131 ile 15. y\u00fczy\u0131l ba\u015flar\u0131na ili\u015fkin elimizde en az\u0131ndan baz\u0131 meselelerde tatmin edici anlat\u0131lar ve bilgiler bulundu\u011fu halde, devletin bir y\u00fczy\u0131l \u00f6ncesindeki kurulu\u015f a\u015famas\u0131na ili\u015fkin ne yaz\u0131k ki bu ge\u00e7erli de\u011fildir. Elinizdeki kitab\u0131nda Lindner bu durumu de\u011fi\u015ftirmek ad\u0131na ilgi \u00e7ekici bir \u00e7abaya giri\u015fiyor. Osmanl\u0131 Devleti\u2019nin kurulu\u015funa ili\u015fkin belirsizlikleri giderebilmek ad\u0131na Osmanl\u0131 vakayinamelerini ve Bizans y\u0131ll\u0131klar\u0131n\u0131 yeni ba\u015ftan ele al\u0131yor ve ele\u015ftirel bir okumaya tabi tutuyor. \u00d6zellikle daha \u00f6nce kullan\u0131lmam\u0131\u015f co\u011frafi verileri, seyyahlar\u0131n Anadolu arazisine ili\u015fkin eski kay\u0131tlar\u0131n\u0131 ve yeni ke\u015ffedilen n\u00fcmizmatik kan\u0131tlar\u0131n\u0131 kullanarak bu meselenin \u00e7\u00f6z\u00fcm\u00fcne y\u00f6nelik ikna edici baz\u0131 hususlara dikkat \u00e7ekiyor. 13. y\u00fczy\u0131l\u0131n sonlar\u0131 ve 14. y\u00fczy\u0131l\u0131n ba\u015flar\u0131nda Osmanl\u0131lar\u0131n asl\u0131nda kim olduklar\u0131, nereden, ne i\u00e7in geldiklerini ve kom\u015fular\u0131yla hangi ili\u015fkiler i\u00e7erisinde olduklar\u0131n\u0131 irdeleyerek Osmanl\u0131 \u0130mparatorlu\u011fu\u2019nun ilk d\u00f6nemine ili\u015fkin s\u0131n\u0131rl\u0131 bilgilere \u00e7ok \u00f6nemli katk\u0131larda bulunuyor. Bunu yaparken sadece alandan tarih\u00e7ilere de\u011fil, b\u00fct\u00fcn Orta \u00c7a\u011f tarihi merakl\u0131lar\u0131 \u00fczerinde b\u00fcy\u00fck bir etki ve hayranl\u0131k b\u0131rakacak bir y\u00f6ntem ve \u00fcslup benimsiyor. Osmanl\u0131 Tarih\u00f6ncesi Osmanl\u0131lar\u0131n kurulu\u015f d\u00f6nemine ili\u015fkin yeni bir kavray\u0131\u015f ve bak\u0131\u015f a\u00e7\u0131s\u0131, genel kabul ve kli\u015felerin kar\u015f\u0131s\u0131na yabana at\u0131lamayacak yeni bulgular sunan bir \u00e7al\u0131\u015fma. <\/p>\n","protected":false},"excerpt":{"rendered":"<p>Varl\u0131\u011f\u0131n\u0131 600 seneden fazla s\u00fcrd\u00fcren Osmanl\u0131 \u0130mparatorlu\u011fu\u2019nun k\u00f6klerine dair bir\u00e7ok aktar\u0131m, hik\u00e2ye ve rivayet olmas\u0131na ra\u011fmen, bu d\u00f6neme ait neredeyse hi\u00e7 yaz\u0131l\u0131 kan\u0131t olmamas\u0131 nedeniyle, 13.<span class=\"excerpt-hellip\"> [\u2026]<\/span><\/p>\n","protected":false},"featured_media":0,"template":"","meta":{"_monsterinsights_skip_tracking":false,"_monsterinsights_sitenote_active":false,"_monsterinsights_sitenote_note":"","_monsterinsights_sitenote_category":0},"product_brand":[],"product_cat":[13517,12304],"product_tag":[],"class_list":{"0":"post-744560","1":"product","2":"type-product","3":"status-publish","5":"product_cat-osmanli-tarihi","6":"product_cat-tarih","7":"pa_cilt-ciltsiz","8":"pa_tur-kitap","9":"pa_yayinevi-kronik-kitap","10":"pa_yazar-rudi-paul-lindner","12":"first","13":"instock","14":"sale","15":"shipping-taxable","16":"purchasable","17":"product-type-simple"},"_links":{"self":[{"href":"https:\/\/roveyayinevi.com.tr\/index.php\/wp-json\/wp\/v2\/product\/744560","targetHints":{"allow":["GET"]}}],"collection":[{"href":"https:\/\/roveyayinevi.com.tr\/index.php\/wp-json\/wp\/v2\/product"}],"about":[{"href":"https:\/\/roveyayinevi.com.tr\/index.php\/wp-json\/wp\/v2\/types\/product"}],"wp:attachment":[{"href":"https:\/\/roveyayinevi.com.tr\/index.php\/wp-json\/wp\/v2\/media?parent=744560"}],"wp:term":[{"taxonomy":"product_brand","embeddable":true,"href":"https:\/\/roveyayinevi.com.tr\/index.php\/wp-json\/wp\/v2\/product_brand?post=744560"},{"taxonomy":"product_cat","embeddable":true,"href":"https:\/\/roveyayinevi.com.tr\/index.php\/wp-json\/wp\/v2\/product_cat?post=744560"},{"taxonomy":"product_tag","embeddable":true,"href":"https:\/\/roveyayinevi.com.tr\/index.php\/wp-json\/wp\/v2\/product_tag?post=744560"}],"curies":[{"name":"wp","href":"https:\/\/api.w.org\/{rel}","templated":true}]}}