{"id":744558,"date":"2025-08-28T01:59:32","date_gmt":"2025-08-27T22:59:32","guid":{"rendered":"https:\/\/roveyayinevi.com.tr\/index.php\/urun\/birinci-dunya-savasi-tarihi\/"},"modified":"2026-04-16T02:56:34","modified_gmt":"2026-04-15T23:56:34","slug":"birinci-dunya-savasi-tarihi","status":"publish","type":"product","link":"https:\/\/roveyayinevi.com.tr\/index.php\/urun\/birinci-dunya-savasi-tarihi\/","title":{"rendered":"Birinci D\u00fcnya Sava\u015f\u0131 Tarihi"},"content":{"rendered":"<p>28 Haziran 1914. Kara El \u00d6rg\u00fct\u00fc \u00fcyesi S\u0131rp milliyet\u00e7isi Gavrilo Princip\u2019in yar\u0131 otomatik Browning\u2019inden \u00e7\u0131kan kur\u015funlar\u0131n u\u011fursuz \u00e7\u0131nlamas\u0131 Saraybosna\u2019da duyuldu\u011funda, bunun \u2013 kimi tarih\u00e7ilere g\u00f6re \u2013 tarihin ilk topyek\u00fbn harbiyle sonu\u00e7lanaca\u011f\u0131n\u0131 pek az ki\u015fi \u00f6ng\u00f6rebilirdi. Ancak Avusturya-Macaristan Veliahd\u0131 Ar\u015fid\u00fck Franz Ferdinand ve e\u015fi Prenses Sophie\u2019nin \u00f6l\u00fcmleri, 19. y\u00fczy\u0131l\u0131n ikinci yar\u0131s\u0131ndaki Fransa-Prusya Sava\u015f\u0131\u2019ndan beri \u00e2deta cad\u0131 kazan\u0131na d\u00f6nm\u00fc\u015f olan Avrupa\u2019y\u0131 k\u0131yamete s\u00fcr\u00fckledi. Avusturya-Macaristan ve Alman \u0130mparatorluklar\u0131 \u00e7ok ge\u00e7meden \u0130ngiltere, Fransa ve Rusya\u2019dan m\u00fcte\u015fekkil \u0130tilaf Devletleri\u2019yle sava\u015fa tutu\u015ftu. Bir\u00e7ok ki\u015fi, sava\u015f\u0131n 1870-71\u2019deki gibi bir manevra harbiyle s\u00fcratle sona erece\u011fini, hatta askerlerin Noel\u2019den \u00f6nce evlerine d\u00f6nece\u011fini d\u00fc\u015f\u00fcn\u00fcyordu. Ancak m\u00fccadele, kimi zaman birka\u00e7 kilometrelik kazan\u0131mlar i\u00e7in y\u00fcz binlerce askerin topra\u011fa d\u00fc\u015fece\u011fi, Man\u015f Denizi\u2019nden \u0130svi\u00e7re\u2019ye kadar uzanan \u00e7amurlu siperlerde dura\u011fan bir mevzi sava\u015f\u0131 h\u00e2lini ald\u0131. Nihayetinde 30\u2019dan fazla \u00fclkeyi i\u00e7ine \u00e7ekerek 4 y\u0131ldan daha uzun s\u00fcren Birinci D\u00fcnya Sava\u015f\u0131; kara, hava ve denizdeki \u00e7arp\u0131\u015fmalarla yakla\u015f\u0131k 20 milyon insan\u0131n can\u0131na m\u00e2l oldu. \u0130mparatorluklar\u0131n tarihe kar\u0131\u015ft\u0131\u011f\u0131, b\u00fcy\u00fck sosyoekonomik d\u00f6n\u00fc\u015f\u00fcmlerin ya\u015fand\u0131\u011f\u0131 ve d\u00fcnya haritas\u0131nda k\u00f6kl\u00fc de\u011fi\u015fikliklerin ortaya \u00e7\u0131kt\u0131\u011f\u0131 bu s\u00fcre\u00e7, tarihin en b\u00fcy\u00fck trajedisi olan \u0130kinci D\u00fcnya Sava\u015f\u0131\u2019na zemin haz\u0131rlayarak g\u00fcn\u00fcm\u00fcz d\u00fcnyas\u0131n\u0131n da temellerini att\u0131.   Andrew Wiest\u2019in Birinci D\u00fcnya Sava\u015f\u0131 Tarihi, d\u00fcnyan\u0131n d\u00f6rt bir yan\u0131nda ger\u00e7ekle\u015fen asker\u00ee, siyasi ve toplumsal hadiseleri 250\u2019den fazla foto\u011frafla, yal\u0131n bir dille aktar\u0131yor. Kara, hava ve denizde ger\u00e7ekle\u015fen muhtelif muharebeler haritalar e\u015fli\u011finde okuyucuya sunulurken, tanklar\u0131n ilk kez tarih sahnesine \u00e7\u0131k\u0131\u015f\u0131 gibi m\u00fchim geli\u015fmeler ile \u00f6nemli ki\u015filere ili\u015fkin bilgiler de hususi kutucuklarla a\u00e7\u0131klan\u0131yor. Andrew Wiest\u2019in Birinci D\u00fcnya Sava\u015f\u0131 Tarihi, d\u00fcnyan\u0131n k\u00fcresel \u00f6l\u00e7ekteki ilk modern sava\u015f\u0131n\u0131, zengin g\u00f6rseller ve s\u00fcr\u00fckleyici bir anlat\u0131mla \u00e7arp\u0131c\u0131 bir okuma tecr\u00fcbesine d\u00f6n\u00fc\u015ft\u00fcr\u00fcyor. <\/p>\n","protected":false},"excerpt":{"rendered":"<p>28 Haziran 1914. Kara El \u00d6rg\u00fct\u00fc \u00fcyesi S\u0131rp milliyet\u00e7isi Gavrilo Princip\u2019in yar\u0131 otomatik Browning\u2019inden \u00e7\u0131kan kur\u015funlar\u0131n u\u011fursuz \u00e7\u0131nlamas\u0131 Saraybosna\u2019da duyuldu\u011funda, bunun \u2013 kimi tarih\u00e7ilere g\u00f6re \u2013<span class=\"excerpt-hellip\"> [\u2026]<\/span><\/p>\n","protected":false},"featured_media":0,"template":"","meta":{"_monsterinsights_skip_tracking":false,"_monsterinsights_sitenote_active":false,"_monsterinsights_sitenote_note":"","_monsterinsights_sitenote_category":0},"product_brand":[],"product_cat":[12305,12304],"product_tag":[],"class_list":{"0":"post-744558","1":"product","2":"type-product","3":"status-publish","5":"product_cat-dunya-tarihi","6":"product_cat-tarih","7":"pa_cilt-ciltsiz","8":"pa_tur-kitap","9":"pa_yayinevi-kronik-kitap","10":"pa_yazar-andrew-wiest","12":"first","13":"instock","14":"sale","15":"shipping-taxable","16":"purchasable","17":"product-type-simple"},"_links":{"self":[{"href":"https:\/\/roveyayinevi.com.tr\/index.php\/wp-json\/wp\/v2\/product\/744558","targetHints":{"allow":["GET"]}}],"collection":[{"href":"https:\/\/roveyayinevi.com.tr\/index.php\/wp-json\/wp\/v2\/product"}],"about":[{"href":"https:\/\/roveyayinevi.com.tr\/index.php\/wp-json\/wp\/v2\/types\/product"}],"wp:attachment":[{"href":"https:\/\/roveyayinevi.com.tr\/index.php\/wp-json\/wp\/v2\/media?parent=744558"}],"wp:term":[{"taxonomy":"product_brand","embeddable":true,"href":"https:\/\/roveyayinevi.com.tr\/index.php\/wp-json\/wp\/v2\/product_brand?post=744558"},{"taxonomy":"product_cat","embeddable":true,"href":"https:\/\/roveyayinevi.com.tr\/index.php\/wp-json\/wp\/v2\/product_cat?post=744558"},{"taxonomy":"product_tag","embeddable":true,"href":"https:\/\/roveyayinevi.com.tr\/index.php\/wp-json\/wp\/v2\/product_tag?post=744558"}],"curies":[{"name":"wp","href":"https:\/\/api.w.org\/{rel}","templated":true}]}}