{"id":744554,"date":"2025-08-28T01:59:28","date_gmt":"2025-08-27T22:59:28","guid":{"rendered":"https:\/\/roveyayinevi.com.tr\/index.php\/urun\/milli-mucadele-tarihi\/"},"modified":"2026-04-16T02:56:34","modified_gmt":"2026-04-15T23:56:34","slug":"milli-mucadele-tarihi","status":"publish","type":"product","link":"https:\/\/roveyayinevi.com.tr\/index.php\/urun\/milli-mucadele-tarihi\/","title":{"rendered":"Milli M\u00fccadele Tarihi"},"content":{"rendered":"<p>HAL\u0130L \u0130NALCIK\u2019TAN M\u0130LL\u00ce M\u00dcCADELE TAR\u0130H\u0130 Tarih alan\u0131nda d\u00fcnyan\u0131n tart\u0131\u015fmas\u0131z en b\u00fcy\u00fck isimlerinden biri olan Halil \u0130nalc\u0131k\u2019\u0131n kaleminden Mill\u00ee M\u00fccadele Tarihi. \u0130nk\u0131l\u00e2p tarihini bir b\u00fct\u00fcn olarak kavrayabilmek i\u00e7in 1908 y\u0131l\u0131ndaki II. Me\u015frutiyet\u2019in ilan\u0131ndan ba\u015flanmas\u0131 gerekti\u011fini s\u00f6yleyen \u0130nalc\u0131k, ilk olarak 1908-1918 aras\u0131ndaki belli ba\u015fl\u0131 geli\u015fmeleri ku\u015fbak\u0131\u015f\u0131 bir perspektifle ele al\u0131yor. Bu \u00e7er\u00e7evede imparatorlu\u011fu kurtarmak i\u00e7in Osmanl\u0131l\u0131k ve T\u00fcrk\u00e7\u00fcl\u00fck ak\u0131mlar\u0131n\u0131n geli\u015fimini, \u0130ttihat ve Terakki\u2019nin iktidar s\u00fcrecini, I. D\u00fcnya Sava\u015f\u0131\u2019ndaki geli\u015fmeleri ve sava\u015f bitiminde memleketin i\u015fgaline giden a\u015famalar\u0131 irdeliyor. \u0130zmir\u2019in i\u015fgali ve sonras\u0131nda Mustafa Kemal\u2019in Anadolu\u2019ya ge\u00e7i\u015fi ile ba\u015flayan s\u00fcre\u00e7 T\u00fcrk Kurtulu\u015f Sava\u015f\u0131\u2019n\u0131n oda\u011f\u0131n\u0131 olu\u015fturmaktad\u0131r. Bu \u00e7er\u00e7evede \u0130nalc\u0131k, mill\u00ee iradenin h\u00e2kim olmas\u0131 i\u00e7in Erzurum ve Sivas kongreleri ile ba\u015flayan m\u00fccadelenin 23 Nisan 1920\u2019de Ankara\u2019da T\u00fcrkiye B\u00fcy\u00fck Millet Meclisi\u2019nin a\u00e7\u0131l\u0131\u015f\u0131 ile ivme kazand\u0131\u011f\u0131n\u0131 ve sonras\u0131nda Do\u011fu, G\u00fcneydo\u011fu ve Bat\u0131 Anadolu\u2019da Mustafa Kemal liderli\u011findeki T\u00fcrk ordusunun elde etti\u011fi ba\u015far\u0131lar ile saltanat\u0131n kald\u0131r\u0131lmas\u0131 ile neticelendi\u011fini ortaya koyuyor. \u0130n\u00f6n\u00fc Muharebeleri, Sakarya Muharebesi ve B\u00fcy\u00fck Taarruz\u2019dan ba\u015far\u0131l\u0131 bir netice elde eden Ankara H\u00fck\u00fcmeti\u2019nin 24 Temmuz 1923\u2019te imzalanan Lozan Antla\u015fmas\u0131 ile siyasi olarak mevcudiyetini d\u00fcnya kamuoyuna tescil ettirdi\u011fini g\u00f6steriyor Mill\u00ee M\u00fccadele Tarihi, Halil \u0130nalc\u0131k\u2019\u0131n kaleminden 1908-1923 y\u0131llar\u0131 aras\u0131nda mill\u00ee iradenin h\u00e2kim k\u0131l\u0131nmas\u0131n\u0131n a\u015famalar\u0131n\u0131 ve Mustafa Kemal Atat\u00fcrk\u2019\u00fcn bu a\u015famalardaki etkin liderli\u011finin detayl\u0131 anlat\u0131m\u0131. <\/p>\n","protected":false},"excerpt":{"rendered":"<p>HAL\u0130L \u0130NALCIK\u2019TAN M\u0130LL\u00ce M\u00dcCADELE TAR\u0130H\u0130 Tarih alan\u0131nda d\u00fcnyan\u0131n tart\u0131\u015fmas\u0131z en b\u00fcy\u00fck isimlerinden biri olan Halil \u0130nalc\u0131k\u2019\u0131n kaleminden Mill\u00ee M\u00fccadele Tarihi. \u0130nk\u0131l\u00e2p tarihini bir b\u00fct\u00fcn olarak kavrayabilmek<span class=\"excerpt-hellip\"> [\u2026]<\/span><\/p>\n","protected":false},"featured_media":0,"template":"","meta":{"_monsterinsights_skip_tracking":false,"_monsterinsights_sitenote_active":false,"_monsterinsights_sitenote_note":"","_monsterinsights_sitenote_category":0},"product_brand":[],"product_cat":[12312,12304],"product_tag":[],"class_list":{"0":"post-744554","1":"product","2":"type-product","3":"status-publish","5":"product_cat-diger","6":"product_cat-tarih","7":"pa_cilt-ciltsiz","8":"pa_tur-kitap","9":"pa_yayinevi-kronik-kitap","10":"pa_yazar-halil-inalcik","12":"first","13":"instock","14":"sale","15":"shipping-taxable","16":"purchasable","17":"product-type-simple"},"_links":{"self":[{"href":"https:\/\/roveyayinevi.com.tr\/index.php\/wp-json\/wp\/v2\/product\/744554","targetHints":{"allow":["GET"]}}],"collection":[{"href":"https:\/\/roveyayinevi.com.tr\/index.php\/wp-json\/wp\/v2\/product"}],"about":[{"href":"https:\/\/roveyayinevi.com.tr\/index.php\/wp-json\/wp\/v2\/types\/product"}],"wp:attachment":[{"href":"https:\/\/roveyayinevi.com.tr\/index.php\/wp-json\/wp\/v2\/media?parent=744554"}],"wp:term":[{"taxonomy":"product_brand","embeddable":true,"href":"https:\/\/roveyayinevi.com.tr\/index.php\/wp-json\/wp\/v2\/product_brand?post=744554"},{"taxonomy":"product_cat","embeddable":true,"href":"https:\/\/roveyayinevi.com.tr\/index.php\/wp-json\/wp\/v2\/product_cat?post=744554"},{"taxonomy":"product_tag","embeddable":true,"href":"https:\/\/roveyayinevi.com.tr\/index.php\/wp-json\/wp\/v2\/product_tag?post=744554"}],"curies":[{"name":"wp","href":"https:\/\/api.w.org\/{rel}","templated":true}]}}