{"id":744553,"date":"2025-08-28T01:59:27","date_gmt":"2025-08-27T22:59:27","guid":{"rendered":"https:\/\/roveyayinevi.com.tr\/index.php\/urun\/suleyman-askeri-bey\/"},"modified":"2026-04-16T02:56:34","modified_gmt":"2026-04-15T23:56:34","slug":"suleyman-askeri-bey","status":"publish","type":"product","link":"https:\/\/roveyayinevi.com.tr\/index.php\/urun\/suleyman-askeri-bey\/","title":{"rendered":"S\u00fcleyman Askeri Bey"},"content":{"rendered":"<p>\u0130ttihat ve Terakki Cemiyeti\u2019nin fedaisi; \u015eemsi Pa\u015fa suikast\u0131n\u0131 organize eden ve II. Me\u015frutiyet\u2019e giden kap\u0131y\u0131 ard\u0131na kadar aralayan ki\u015fi; \u201c\u0130lk T\u00fcrk Cumhuriyeti\u201d olarak bilinen Garb\u00ee Trakya H\u00fck\u00fbmeti\u2019nin kurucusu; Te\u015fkilat-\u0131 Mahsusa\u2019n\u0131n kurucu ba\u015fkan\u0131 ve Te\u015fkilat\u2019\u0131n Kafkasya\u2019dan Orta Do\u011fu\u2019ya, Afrika\u2019dan Orta Asya\u2019ya kadar y\u00fcr\u00fctt\u00fc\u011f\u00fc onlarca \u00f6zel harp faaliyetinin ba\u015f mimar\u0131\u2026 T\u00fcrk gayrinizami harp tarihinin en \u00f6nemli ismi ve tarih\u00e7ili\u011fimizin hakk\u0131n\u0131 teslim edemedi\u011fi say\u0131s\u0131z kahramandan biri S\u00fcleyman Asker\u00ee Bey\u2026   G\u00f6n\u00fclden ba\u011fl\u0131 oldu\u011fu, u\u011fruna can\u0131ndan ge\u00e7ti\u011fi Osmanl\u0131 Devleti\u2019nin muzaffer olmas\u0131 i\u00e7in hi\u00e7bir m\u00fccadeleden ka\u00e7\u0131nmayan S\u00fcleyman Asker\u00ee Bey, b\u00fcy\u00fck bir sava\u015f meydan\u0131na ilk defa 1911\u2019de \u0130talyanlara kar\u015f\u0131 durmak i\u00e7in Trablusgarp\u2019ta \u00e7\u0131kt\u0131. Burada Enver Bey\u2019in kurmay ba\u015fkan\u0131 olarak \u00f6l\u00fcm\u00fcne sava\u015ft\u0131 ve \u00f6mr\u00fcn\u00fcn geri kalan\u0131n\u0131 \u00e7at\u0131\u015fmada v\u00fccuduna giren ancak doktorlar\u0131n \u00e7\u0131karamad\u0131\u011f\u0131 Trablusgarp hat\u0131ras\u0131 bir mermiyle ge\u00e7irdi. Sonras\u0131nda Balkanlar\u2019daki kar\u0131\u015f\u0131kl\u0131klar\u0131 dindirebilmek ve buradaki T\u00fcrk varl\u0131\u011f\u0131n\u0131 koruyabilmek ad\u0131na b\u00f6lgede Garb\u00ee Trakya H\u00fck\u00fbmeti\u2019ni kurdu. Bulgaristan\u2019da y\u00fcr\u00fctt\u00fc\u011f\u00fc \u00f6rt\u00fcl\u00fc operasyonla Bulgaristan\u2019\u0131n I. D\u00fcnya Sava\u015f\u0131\u2019nda Osmanl\u0131 Devleti\u2019nin saf\u0131nda sava\u015fa girmesinin en kritik akt\u00f6rlerinden biri oldu. Kurucu ba\u015fkan\u0131 oldu\u011fu Te\u015fkilat-\u0131 Mahsusa\u2019n\u0131n Osmanl\u0131 co\u011frafyas\u0131n\u0131n ve d\u00fcnyan\u0131n d\u00f6rt bir k\u00f6\u015fesinde y\u00fcr\u00fctt\u00fc\u011f\u00fc onlarca \u00f6zel harp faaliyetinin stratejistiydi. Son g\u00f6rev yer Irak\u2019ta \u0130ngilizlere kar\u015f\u0131 sava\u015f\u0131rken ordusunun yenik d\u00fc\u015fmesine dayanamayarak 14 Nisan 1915\u2019te emanetini kendi eliyle teslim etti. 31 y\u0131ll\u0131k k\u0131sa \u00f6mr\u00fcne \u00e7ok b\u00fcy\u00fck i\u015fler s\u0131\u011fd\u0131ran S\u00fcleyman Asker\u00ee Bey\u2019in hayat\u0131 bu kitapla adeta yeni ba\u015ftan yaz\u0131l\u0131yor. Tarih\u00e7i S\u00fcleyman Tekir, Asker\u00ee\u2019nin daha \u00f6nce g\u00fcn y\u00fcz\u00fcne \u00e7\u0131kmam\u0131\u015f ki\u015fisel evrak\u0131 ve hat\u0131rat\u0131n\u0131n yan\u0131 s\u0131ra Asker\u00ee\u2019nin ailesiyle yapt\u0131\u011f\u0131 s\u00f6zl\u00fc tarih \u00e7al\u0131\u015fmalar\u0131yla bu b\u00fcy\u00fck kahraman\u0131n ge\u00e7mi\u015fimizde b\u0131rakt\u0131\u011f\u0131 \u00f6nemli izleri ustal\u0131klar tespit edip g\u00fcn y\u00fcz\u00fcne \u00e7\u0131kar\u0131yor. S\u00fcleyman Asker\u00ee Bey: Te\u015fkilat-\u0131 Mahsusa\u2019n\u0131n \u0130lk Ba\u015fkan\u0131, hem Asker\u00ee\u2019nin hayat\u0131yla ilgili bir\u00e7ok bilinmezi a\u00e7\u0131\u011fa \u00e7\u0131kar\u0131yor hem de akademik ve pop\u00fcler literat\u00fcrdeki \u00e7arp\u0131k g\u00f6r\u00fc\u015fleri tashih ediyor. <\/p>\n","protected":false},"excerpt":{"rendered":"<p>\u0130ttihat ve Terakki Cemiyeti\u2019nin fedaisi; \u015eemsi Pa\u015fa suikast\u0131n\u0131 organize eden ve II. Me\u015frutiyet\u2019e giden kap\u0131y\u0131 ard\u0131na kadar aralayan ki\u015fi; \u201c\u0130lk T\u00fcrk Cumhuriyeti\u201d olarak bilinen Garb\u00ee Trakya<span class=\"excerpt-hellip\"> [\u2026]<\/span><\/p>\n","protected":false},"featured_media":0,"template":"","meta":{"_monsterinsights_skip_tracking":false,"_monsterinsights_sitenote_active":false,"_monsterinsights_sitenote_note":"","_monsterinsights_sitenote_category":0},"product_brand":[],"product_cat":[12312,12304],"product_tag":[],"class_list":{"0":"post-744553","1":"product","2":"type-product","3":"status-publish","5":"product_cat-diger","6":"product_cat-tarih","7":"pa_cilt-ciltsiz","8":"pa_tur-kitap","9":"pa_yayinevi-kronik-kitap","10":"pa_yazar-suleyman-tekir","12":"first","13":"instock","14":"sale","15":"shipping-taxable","16":"purchasable","17":"product-type-simple"},"_links":{"self":[{"href":"https:\/\/roveyayinevi.com.tr\/index.php\/wp-json\/wp\/v2\/product\/744553","targetHints":{"allow":["GET"]}}],"collection":[{"href":"https:\/\/roveyayinevi.com.tr\/index.php\/wp-json\/wp\/v2\/product"}],"about":[{"href":"https:\/\/roveyayinevi.com.tr\/index.php\/wp-json\/wp\/v2\/types\/product"}],"wp:attachment":[{"href":"https:\/\/roveyayinevi.com.tr\/index.php\/wp-json\/wp\/v2\/media?parent=744553"}],"wp:term":[{"taxonomy":"product_brand","embeddable":true,"href":"https:\/\/roveyayinevi.com.tr\/index.php\/wp-json\/wp\/v2\/product_brand?post=744553"},{"taxonomy":"product_cat","embeddable":true,"href":"https:\/\/roveyayinevi.com.tr\/index.php\/wp-json\/wp\/v2\/product_cat?post=744553"},{"taxonomy":"product_tag","embeddable":true,"href":"https:\/\/roveyayinevi.com.tr\/index.php\/wp-json\/wp\/v2\/product_tag?post=744553"}],"curies":[{"name":"wp","href":"https:\/\/api.w.org\/{rel}","templated":true}]}}