{"id":744503,"date":"2025-08-28T01:58:23","date_gmt":"2025-08-27T22:58:23","guid":{"rendered":"https:\/\/roveyayinevi.com.tr\/index.php\/urun\/halk-demokrasi-istiyor-mu\/"},"modified":"2026-04-16T02:56:32","modified_gmt":"2026-04-15T23:56:32","slug":"halk-demokrasi-istiyor-mu","status":"publish","type":"product","link":"https:\/\/roveyayinevi.com.tr\/index.php\/urun\/halk-demokrasi-istiyor-mu\/","title":{"rendered":"Halk Demokrasi \u0130stiyor Mu?"},"content":{"rendered":"<p>Bir yanda halk di\u011fer yanda demokrasi\u2026 Demokrasi ve halk birbirinden ayr\u0131 d\u00fc\u015f\u00fcn\u00fclebilir mi? Birlikteli\u011fin do\u011fas\u0131 nas\u0131l mayalan\u0131r? Ge\u00e7mi\u015ften bug\u00fcne insanlar hep d\u00fc\u015f\u00fcnd\u00fcler, tart\u0131\u015ft\u0131lar:   \u0130yi bir y\u00f6netim \u015fekli nas\u0131l olur? \u00d6zg\u00fcrl\u00fck nerede ba\u015flar, nerede biter? Toplumdaki herkes y\u00f6netime kat\u0131labilir mi? \u0130nsanlar, toplumlar ve devletler aras\u0131nda neden \u00e7at\u0131\u015fmalar \u00e7\u0131k\u0131yor? Demokrasi ni\u00e7in h\u00e2l\u00e2 tart\u0131\u015f\u0131l\u0131yor?   \u0130dris K\u00fc\u00e7\u00fck\u00f6mer, b\u00fct\u00fcn bu sorular\u0131n k\u00f6kenine inmeyi deniyor. Bilgi, inan\u00e7, ak\u0131l, inan\u00e7 ile akl\u0131n uyumu, d\u00fc\u015f\u00fcnce, \u00f6zg\u00fcrl\u00fck, e\u015fitlik, evren, madde, iktidar, muhalefet, politik muhalefet, yasama, y\u00fcr\u00fctme, yarg\u0131 ne kadar kavram varsa pe\u015fine d\u00fc\u015f\u00fcyor.     D\u00fcnyada h\u00e2l\u00e2 olup bitenleri anlamak ve anlamland\u0131rmak ad\u0131na son derece \u00f6nemli ve de\u011ferli bir \u0130dris K\u00fc\u00e7\u00fck\u00f6mer beyin f\u0131rt\u0131nas\u0131. <\/p>\n","protected":false},"excerpt":{"rendered":"<p>Bir yanda halk di\u011fer yanda demokrasi\u2026 Demokrasi ve halk birbirinden ayr\u0131 d\u00fc\u015f\u00fcn\u00fclebilir mi? Birlikteli\u011fin do\u011fas\u0131 nas\u0131l mayalan\u0131r? Ge\u00e7mi\u015ften bug\u00fcne insanlar hep d\u00fc\u015f\u00fcnd\u00fcler, tart\u0131\u015ft\u0131lar: \u0130yi bir y\u00f6netim<span class=\"excerpt-hellip\"> [\u2026]<\/span><\/p>\n","protected":false},"featured_media":0,"template":"","meta":{"_monsterinsights_skip_tracking":false,"_monsterinsights_sitenote_active":false,"_monsterinsights_sitenote_note":"","_monsterinsights_sitenote_category":0},"product_brand":[],"product_cat":[13059,12337],"product_tag":[],"class_list":{"0":"post-744503","1":"product","2":"type-product","3":"status-publish","5":"product_cat-diger-politika-siyaset","6":"product_cat-politika-siyaset","7":"pa_cilt-ciltsiz","8":"pa_tur-kitap","9":"pa_yayinevi-kapi-yayinlari","10":"pa_yazar-idris-kucukomer","12":"first","13":"instock","14":"sale","15":"shipping-taxable","16":"purchasable","17":"product-type-simple"},"_links":{"self":[{"href":"https:\/\/roveyayinevi.com.tr\/index.php\/wp-json\/wp\/v2\/product\/744503","targetHints":{"allow":["GET"]}}],"collection":[{"href":"https:\/\/roveyayinevi.com.tr\/index.php\/wp-json\/wp\/v2\/product"}],"about":[{"href":"https:\/\/roveyayinevi.com.tr\/index.php\/wp-json\/wp\/v2\/types\/product"}],"wp:attachment":[{"href":"https:\/\/roveyayinevi.com.tr\/index.php\/wp-json\/wp\/v2\/media?parent=744503"}],"wp:term":[{"taxonomy":"product_brand","embeddable":true,"href":"https:\/\/roveyayinevi.com.tr\/index.php\/wp-json\/wp\/v2\/product_brand?post=744503"},{"taxonomy":"product_cat","embeddable":true,"href":"https:\/\/roveyayinevi.com.tr\/index.php\/wp-json\/wp\/v2\/product_cat?post=744503"},{"taxonomy":"product_tag","embeddable":true,"href":"https:\/\/roveyayinevi.com.tr\/index.php\/wp-json\/wp\/v2\/product_tag?post=744503"}],"curies":[{"name":"wp","href":"https:\/\/api.w.org\/{rel}","templated":true}]}}