{"id":744474,"date":"2025-08-28T01:57:47","date_gmt":"2025-08-27T22:57:47","guid":{"rendered":"https:\/\/roveyayinevi.com.tr\/index.php\/urun\/mahir\/"},"modified":"2026-04-16T02:56:31","modified_gmt":"2026-04-15T23:56:31","slug":"mahir","status":"publish","type":"product","link":"https:\/\/roveyayinevi.com.tr\/index.php\/urun\/mahir\/","title":{"rendered":"Mahir"},"content":{"rendered":"<p>T\u00fcrkiye sol hareketinin tarihindeki yo\u011funluk ile bu tarih \u00fczerine yap\u0131lm\u0131\u015f ara\u015ft\u0131rmalar de\u011ferlendirildi\u011finde bir paralellik olmad\u0131\u011f\u0131n\u0131 g\u00f6r\u00fcr\u00fcz. Solun siyasi tarihinin yakla\u015f\u0131k y\u00fcz y\u0131ll\u0131k bir ge\u00e7mi\u015fi olmas\u0131na ra\u011fmen bu konuda yay\u0131nlanm\u0131\u015f eserler \u00e7ok s\u0131n\u0131rl\u0131d\u0131r. Bunun \u00e7ok \u00e7e\u015fitli nedenleri vard\u0131r. En \u00f6nemli neden, yasakl\u0131 bir tarih olmas\u0131d\u0131r. Solun siyasi ge\u00e7mi\u015fini merak edenler konuyu ilk \u00f6nce anti-kom\u00fcnist yay\u0131nlardan \u00f6\u011frenmeye \u00e7al\u0131\u015ft\u0131lar. Ancak 1961\u2019den sonra bu konuda daha ciddi ara\u015ft\u0131rmalar yay\u0131nlanmaya ba\u015flanm\u0131\u015ft\u0131r. Art\u0131k konu giderek kendi i\u00e7inde gen\u00e7lik, sendikalar, enternasyonal ili\u015fkiler gibi belli alanlarda ayr\u0131nt\u0131l\u0131 \u00e7al\u0131\u015fmalar\u0131 gerektiren bir boyuta gelmi\u015ftir. Fakat, \u201ctarihi yazmak, tarihi yapmaktan daha zordur\u201d derler. Belli zorluklar\u0131 a\u015farak bir okuyucunun eline ula\u015fan b\u00f6yle bir kitab\u0131n nas\u0131l haz\u0131rland\u0131\u011f\u0131n\u0131n-yaz\u0131ld\u0131\u011f\u0131n\u0131n okuyucu taraf\u0131ndan bilinmesinde yarar var. Okuyucu bu \u00f6n bilgilerle, okudu\u011fu kitab\u0131 daha iyi anlayabilir, daha iyi de\u011ferlendirebilir, edinece\u011fi bilgi ve hazz\u0131 daha da art\u0131rabilir. Ayr\u0131ca yazar-okuyucu aras\u0131nda olu\u015facak g\u00fcven ili\u015fkisini daha da peki\u015ftirebilir. Mahir \u00c7ayan hakk\u0131ndaki bu biyografik kitap da solun genel tarihine ili\u015fkin ara\u015ft\u0131rmalardan pek farkl\u0131 de\u011fildir. Bu kitap ana hatlar\u0131yla \u015f\u00f6yle haz\u0131rland\u0131: \u0130lk elde ara\u015ft\u0131rmac\u0131lar\u0131n kar\u015f\u0131la\u015ft\u0131\u011f\u0131 sorun ekonomik olmu\u015ftur. \u0130kinci sorun, elde edilecek bilgilerin derlenip toparlanmas\u0131d\u0131r. Kitab\u0131 haz\u0131rlarken konuyu birinci dereceden bilen ki\u015filerle g\u00f6r\u00fc\u015fme yapmak, belge ve dok\u00fcmanlar\u0131 incelemek i\u00e7in yurti\u00e7i-yurtd\u0131\u015f\u0131 de\u011fi\u015fik yerlere gidilmesi gerekiyordu. Bu sorun kitab\u0131n bitme a\u015famas\u0131na kadar s\u00fcrm\u00fc\u015ft\u00fcr. Mahir\u2019in biyografisini haz\u0131rlamak elbette ki kolay olmad\u0131. 91\u2019de belge toplamaya ba\u015flad\u0131\u011f\u0131mda sonu\u00e7ta binlerce sayfal\u0131k dok\u00fcman-belge-ara\u015ft\u0131rma okumam erekece\u011fini ve y\u00fczden fazla kaseti dolduracak r\u00f6portajlar yapaca\u011f\u0131m\u0131 d\u00fc\u015f\u00fcnmemi\u015ftim. \u0130lk anda direkt bilgilere ula\u015fmakta zorluk \u00e7ektim. Bunun en \u00f6nemli nedeni, olay\u0131 bilen birinci elden tan\u0131klar\u0131n b\u00fcy\u00fck \u00e7o\u011funlu\u011funun sa\u011f olmamas\u0131d\u0131r. \u0130kinci neden, devletin elinde bulunan belgelere (mahkeme tutanaklar\u0131, ifadeler vb.) ula\u015fma g\u00fc\u00e7l\u00fc\u011f\u00fcd\u00fcr. Ayr\u0131ca san\u0131k avukatlar\u0131nda olmas\u0131 gereken belgelerin \u00f6nemli bir k\u0131sm\u0131 g\u00f6zalt\u0131-tutuklama-arama nedeniyle yok olup gitmi\u015ftir.<\/p>\n","protected":false},"excerpt":{"rendered":"<p>T\u00fcrkiye sol hareketinin tarihindeki yo\u011funluk ile bu tarih \u00fczerine yap\u0131lm\u0131\u015f ara\u015ft\u0131rmalar de\u011ferlendirildi\u011finde bir paralellik olmad\u0131\u011f\u0131n\u0131 g\u00f6r\u00fcr\u00fcz. Solun siyasi tarihinin yakla\u015f\u0131k y\u00fcz y\u0131ll\u0131k bir ge\u00e7mi\u015fi olmas\u0131na ra\u011fmen<span class=\"excerpt-hellip\"> [\u2026]<\/span><\/p>\n","protected":false},"featured_media":0,"template":"","meta":{"_monsterinsights_skip_tracking":false,"_monsterinsights_sitenote_active":false,"_monsterinsights_sitenote_note":"","_monsterinsights_sitenote_category":0},"product_brand":[],"product_cat":[14009,12291],"product_tag":[],"class_list":{"0":"post-744474","1":"product","2":"type-product","3":"status-publish","5":"product_cat-biyografi-otobiyografi-edebiyat","6":"product_cat-edebiyat","7":"pa_cilt-ciltsiz","8":"pa_tur-kitap","9":"pa_yayinevi-totem-yayinlari","10":"pa_yazar-turhan-feyizoglu","12":"first","13":"instock","14":"sale","15":"shipping-taxable","16":"purchasable","17":"product-type-simple"},"_links":{"self":[{"href":"https:\/\/roveyayinevi.com.tr\/index.php\/wp-json\/wp\/v2\/product\/744474","targetHints":{"allow":["GET"]}}],"collection":[{"href":"https:\/\/roveyayinevi.com.tr\/index.php\/wp-json\/wp\/v2\/product"}],"about":[{"href":"https:\/\/roveyayinevi.com.tr\/index.php\/wp-json\/wp\/v2\/types\/product"}],"wp:attachment":[{"href":"https:\/\/roveyayinevi.com.tr\/index.php\/wp-json\/wp\/v2\/media?parent=744474"}],"wp:term":[{"taxonomy":"product_brand","embeddable":true,"href":"https:\/\/roveyayinevi.com.tr\/index.php\/wp-json\/wp\/v2\/product_brand?post=744474"},{"taxonomy":"product_cat","embeddable":true,"href":"https:\/\/roveyayinevi.com.tr\/index.php\/wp-json\/wp\/v2\/product_cat?post=744474"},{"taxonomy":"product_tag","embeddable":true,"href":"https:\/\/roveyayinevi.com.tr\/index.php\/wp-json\/wp\/v2\/product_tag?post=744474"}],"curies":[{"name":"wp","href":"https:\/\/api.w.org\/{rel}","templated":true}]}}