{"id":744437,"date":"2025-08-28T01:56:59","date_gmt":"2025-08-27T22:56:59","guid":{"rendered":"https:\/\/roveyayinevi.com.tr\/index.php\/urun\/deniz-bir-isyancinin-izleri\/"},"modified":"2026-04-16T02:56:30","modified_gmt":"2026-04-15T23:56:30","slug":"deniz-bir-isyancinin-izleri","status":"publish","type":"product","link":"https:\/\/roveyayinevi.com.tr\/index.php\/urun\/deniz-bir-isyancinin-izleri\/","title":{"rendered":"Deniz &#8211; Bir \u0130syanc\u0131n\u0131n \u0130zleri"},"content":{"rendered":"<p>Kamuoyu onu ilk kez 1966\u2019da tan\u0131d\u0131. \u00c7orumlu elli d\u00f6rt belediye i\u015f\u00e7isi, yal\u0131nayak y\u00fcr\u00fcyerek \u00c7orum\u2019dan \u0130stanbul\u2019a gelmi\u015f, sonra da 31 A\u011fustos 1966 \u00c7ar\u015famba g\u00fcn\u00fc, T\u00fcrk-\u0130\u015f y\u00f6neticilerini k\u0131namak amac\u0131yla Taksim Meydan\u0131\u2019nda eylem yapm\u0131\u015ft\u0131. On dokuz ya\u015f\u0131nda, T\u0130P \u00dcsk\u00fcdar \u0130l\u00e7e Sekreteri olarak kat\u0131ld\u0131\u011f\u0131 eylemde g\u00f6zalt\u0131na al\u0131nm\u0131\u015ft\u0131 Deniz. \u0130dam edildi\u011fi 6 May\u0131s 1972 Cumartesi g\u00fcn\u00fcne kadar, say\u0131s\u0131z kez g\u00f6zalt\u0131na al\u0131n\u0131p tutuklanacakt\u0131.O, yirmi be\u015f y\u0131ll\u0131k ya\u015fam\u0131n\u0131; ka\u00e7ak oldu\u011fu anlar da dahil, adaletsizli\u011fe, s\u00f6m\u00fcr\u00fcye kar\u015f\u0131 m\u00fccadele etmekle ge\u00e7irdi. Yapt\u0131\u011f\u0131 eylemlerle ve dara\u011fac\u0131nda \u00f6l\u00fcms\u00fczle\u015fen ismiyle, konuk olmad\u0131\u011f\u0131 ev kalmam\u0131\u015ft\u0131. Herkes onu \u00e7ok sevdi. Aileler do\u011fan \u00e7ocuklar\u0131na onun ismini verdi.Deniz, bir bak\u0131yorsunuz \u00fcniversite reformu i\u00e7in i\u015fgal ba\u015flat\u0131yor, bir bak\u0131yorsunuz politik iktidar\u0131 Atat\u00fcrk\u2019e \u015fik\u00e2yet etmek amac\u0131yla Samsun-Ankara y\u00fcr\u00fcy\u00fc\u015f\u00fcnde; bir bak\u0131yorsunuz bir paneldesosyalizmin sorunlar\u0131n\u0131 tart\u0131\u015f\u0131yor, bir bak\u0131yorsunuz ABD B\u00fcy\u00fckel\u00e7isi Komer\u2019i k\u0131nama eyleminde g\u00f6zalt\u0131na al\u0131nm\u0131\u015f\u2026 Beyaz\u0131t Meydan\u0131\u2019nda polisle \u00e7at\u0131\u015fan da o, Filistin\u2019e gerilla e\u011fitimi almaya giden de; Ho Chi Minh\u2019i anma toplant\u0131s\u0131nda konu\u015fmac\u0131, ABD B\u00fcy\u00fckel\u00e7ili\u011fi \u00f6n\u00fcnde n\u00f6bet tutan iki polise ate\u015f a\u00e7arak yaralayan eylemci, d\u00f6rt ABD\u2019li askeri arkada\u015flar\u0131yla ka\u00e7\u0131ran bir militan\u2026 Evet, \u015eark\u0131\u015fla\u2019da silahl\u0131 \u00e7at\u0131\u015fma sonunda yakalanan da, tutukluyken 1961 Anayasas\u0131\u2019n\u0131n de\u011fi\u015ftirilmesini k\u0131namak amac\u0131yla a\u00e7l\u0131k grevine giden de o\u2026Her olayda ismi ge\u00e7iyor. Tan\u0131s\u0131n tan\u0131mas\u0131n herkes onun hakk\u0131nda bir \u015feyler anlat\u0131yor. Bu nedenle, kamuoyu onu ya\u015farken bir efsane haline getiriyor, idam edildi\u011finde \u00f6ld\u00fc\u011f\u00fcne uzun s\u00fcre inanam\u0131yor.Bug\u00fcn, Deniz Gezmi\u015f posterleri, antiemperyalist g\u00f6sterilerin vazge\u00e7ilmez g\u00f6r\u00fcnt\u00fclerinden biri&#8230; Devrimci gen\u00e7ler, onun foto\u011fraf\u0131n\u0131n bas\u0131ld\u0131\u011f\u0131 ti\u015f\u00f6rtleri giyiyor.Denizler \u00e7o\u011fal\u0131yor, okyanus oluyor.<\/p>\n","protected":false},"excerpt":{"rendered":"<p>Kamuoyu onu ilk kez 1966\u2019da tan\u0131d\u0131. \u00c7orumlu elli d\u00f6rt belediye i\u015f\u00e7isi, yal\u0131nayak y\u00fcr\u00fcyerek \u00c7orum\u2019dan \u0130stanbul\u2019a gelmi\u015f, sonra da 31 A\u011fustos 1966 \u00c7ar\u015famba g\u00fcn\u00fc, T\u00fcrk-\u0130\u015f y\u00f6neticilerini k\u0131namak<span class=\"excerpt-hellip\"> [\u2026]<\/span><\/p>\n","protected":false},"featured_media":0,"template":"","meta":{"_monsterinsights_skip_tracking":false,"_monsterinsights_sitenote_active":false,"_monsterinsights_sitenote_note":"","_monsterinsights_sitenote_category":0},"product_brand":[],"product_cat":[14009,12291],"product_tag":[],"class_list":{"0":"post-744437","1":"product","2":"type-product","3":"status-publish","5":"product_cat-biyografi-otobiyografi-edebiyat","6":"product_cat-edebiyat","7":"pa_cilt-ciltsiz","8":"pa_tur-kitap","9":"pa_yayinevi-totem-yayinlari","10":"pa_yazar-turhan-feyizoglu","12":"first","13":"instock","14":"sale","15":"shipping-taxable","16":"purchasable","17":"product-type-simple"},"_links":{"self":[{"href":"https:\/\/roveyayinevi.com.tr\/index.php\/wp-json\/wp\/v2\/product\/744437","targetHints":{"allow":["GET"]}}],"collection":[{"href":"https:\/\/roveyayinevi.com.tr\/index.php\/wp-json\/wp\/v2\/product"}],"about":[{"href":"https:\/\/roveyayinevi.com.tr\/index.php\/wp-json\/wp\/v2\/types\/product"}],"wp:attachment":[{"href":"https:\/\/roveyayinevi.com.tr\/index.php\/wp-json\/wp\/v2\/media?parent=744437"}],"wp:term":[{"taxonomy":"product_brand","embeddable":true,"href":"https:\/\/roveyayinevi.com.tr\/index.php\/wp-json\/wp\/v2\/product_brand?post=744437"},{"taxonomy":"product_cat","embeddable":true,"href":"https:\/\/roveyayinevi.com.tr\/index.php\/wp-json\/wp\/v2\/product_cat?post=744437"},{"taxonomy":"product_tag","embeddable":true,"href":"https:\/\/roveyayinevi.com.tr\/index.php\/wp-json\/wp\/v2\/product_tag?post=744437"}],"curies":[{"name":"wp","href":"https:\/\/api.w.org\/{rel}","templated":true}]}}