{"id":744393,"date":"2025-08-28T01:55:56","date_gmt":"2025-08-27T22:55:56","guid":{"rendered":"https:\/\/roveyayinevi.com.tr\/index.php\/urun\/ne-mutlu-turkum-diyene-turk-musluman-kimliginin-muzakeresi\/"},"modified":"2026-04-16T02:56:29","modified_gmt":"2026-04-15T23:56:29","slug":"ne-mutlu-turkum-diyene-turk-musluman-kimliginin-muzakeresi","status":"publish","type":"product","link":"https:\/\/roveyayinevi.com.tr\/index.php\/urun\/ne-mutlu-turkum-diyene-turk-musluman-kimliginin-muzakeresi\/","title":{"rendered":"Ne Mutlu T\u00fcrk\u2019\u00fcm Diyene  \u2013T\u00fcrk-M\u00fcsl\u00fcman Kimli\u011finin M\u00fczakeresi\u2013"},"content":{"rendered":"<p>T\u00fcrkiye Cumhuriyeti\u2019nin kurulu\u015fu, sava\u015ftan yenik \u00e7\u0131km\u0131\u015f peri\u015fan bir halk\u0131n ortak bir ama\u00e7 etraf\u0131nda kenetlendi\u011finde neler ba\u015farabilece\u011finin en b\u00fcy\u00fck kan\u0131tlar\u0131ndan biri olmay\u0131 s\u00fcrd\u00fcr\u00fcyor. Peki, halk \u2018T\u00fcrk milli kimli\u011fini\u2019 ne zaman ve nas\u0131l sahiplendi? Resmi tarih, Cumhuriyet\u2019in kurulu\u015fuyla ta\u00e7lanan s\u00fcreci, ezelden beri var olan T\u00fcrk milletinin Mustafa Kemal Atat\u00fcrk\u2019\u00fcn \u00f6nderli\u011finde kendine geli\u015fi, \u2018uyan\u0131\u015f\u0131\u2019 olarak g\u00f6rd\u00fc. Atat\u00fcrk\u2019\u00fcn ilke ve devrimleriyle, T\u00fcrkleri \u201csek\u00fcler\u201d ve \u201c\u00e7a\u011fda\u015f\u201d milletler aras\u0131na soktu\u011funu, halka millet bilincini a\u015f\u0131lad\u0131\u011f\u0131n\u0131 anlatt\u0131. Gavin D. Brockett, bu s\u00fcre\u00e7te T\u00fcrk milli kimli\u011finin ezelden beri var oldu\u011fu veya Kemalist elitin \u00e7abalar\u0131yla halk taraf\u0131ndan benimsendi\u011fi \u015feklindeki beylik anlat\u0131lara meydan okuyor. Halk\u0131n milli kimli\u011fi sorgusuz sualsiz kabullenmedi\u011fini, di\u011fer kimliklerle tartarak, kar\u015f\u0131l\u0131kl\u0131 tavizlerin verildi\u011fi, uzun ve zorlu bir m\u00fczakere s\u00fcrecinin sonunda benimsedi\u011fini g\u00f6steriyor. Bu anlamda 1980\u2019lerin \u2018T\u00fcrk-\u0130slam sentezi\u2019 anlay\u0131\u015f\u0131n\u0131n \u00e7ok daha eskilere, \u00e7ok partili sisteme ge\u00e7i\u015fe kadar gitti\u011fini ortaya koyuyor. Bu s\u00fcre\u00e7te \u00f6zellikle yerel bas\u0131n\u0131n M\u00fcsl\u00fcman bir T\u00fcrk milli kimli\u011finin in\u015fas\u0131nda oynad\u0131\u011f\u0131 hayati rol\u00fc g\u00f6zler \u00f6n\u00fcne seriyor. Resmi tarih anlat\u0131s\u0131n\u0131n aksine Anadolu halk\u0131n\u0131n milli kimlik edinme s\u00fcrecinde edilgen olmad\u0131\u011f\u0131n\u0131, m\u00fczakereci bir fail oldu\u011funu ortaya koyarak merkez\/\u00e7evre ikili\u011finin ge\u00e7erlili\u011fini de sorguluyor.<\/p>\n","protected":false},"excerpt":{"rendered":"<p>T\u00fcrkiye Cumhuriyeti\u2019nin kurulu\u015fu, sava\u015ftan yenik \u00e7\u0131km\u0131\u015f peri\u015fan bir halk\u0131n ortak bir ama\u00e7 etraf\u0131nda kenetlendi\u011finde neler ba\u015farabilece\u011finin en b\u00fcy\u00fck kan\u0131tlar\u0131ndan biri olmay\u0131 s\u00fcrd\u00fcr\u00fcyor. Peki, halk \u2018T\u00fcrk milli<span class=\"excerpt-hellip\"> [\u2026]<\/span><\/p>\n","protected":false},"featured_media":0,"template":"","meta":{"_monsterinsights_skip_tracking":false,"_monsterinsights_sitenote_active":false,"_monsterinsights_sitenote_note":"","_monsterinsights_sitenote_category":0},"product_brand":[],"product_cat":[12530,12304],"product_tag":[],"class_list":{"0":"post-744393","1":"product","2":"type-product","3":"status-publish","5":"product_cat-mustafa-kemal-ataturk","6":"product_cat-tarih","7":"pa_cilt-ciltsiz","8":"pa_tur-kitap","9":"pa_yayinevi-fol-kitap","10":"pa_yazar-gavin-d-brockett","12":"first","13":"instock","14":"sale","15":"shipping-taxable","16":"purchasable","17":"product-type-simple"},"_links":{"self":[{"href":"https:\/\/roveyayinevi.com.tr\/index.php\/wp-json\/wp\/v2\/product\/744393","targetHints":{"allow":["GET"]}}],"collection":[{"href":"https:\/\/roveyayinevi.com.tr\/index.php\/wp-json\/wp\/v2\/product"}],"about":[{"href":"https:\/\/roveyayinevi.com.tr\/index.php\/wp-json\/wp\/v2\/types\/product"}],"wp:attachment":[{"href":"https:\/\/roveyayinevi.com.tr\/index.php\/wp-json\/wp\/v2\/media?parent=744393"}],"wp:term":[{"taxonomy":"product_brand","embeddable":true,"href":"https:\/\/roveyayinevi.com.tr\/index.php\/wp-json\/wp\/v2\/product_brand?post=744393"},{"taxonomy":"product_cat","embeddable":true,"href":"https:\/\/roveyayinevi.com.tr\/index.php\/wp-json\/wp\/v2\/product_cat?post=744393"},{"taxonomy":"product_tag","embeddable":true,"href":"https:\/\/roveyayinevi.com.tr\/index.php\/wp-json\/wp\/v2\/product_tag?post=744393"}],"curies":[{"name":"wp","href":"https:\/\/api.w.org\/{rel}","templated":true}]}}