{"id":744384,"date":"2025-08-28T01:55:46","date_gmt":"2025-08-27T22:55:46","guid":{"rendered":"https:\/\/roveyayinevi.com.tr\/index.php\/urun\/turkiyede-calisma-hayatinin-orgutlenmesi\/"},"modified":"2026-04-16T02:56:28","modified_gmt":"2026-04-15T23:56:28","slug":"turkiyede-calisma-hayatinin-orgutlenmesi","status":"publish","type":"product","link":"https:\/\/roveyayinevi.com.tr\/index.php\/urun\/turkiyede-calisma-hayatinin-orgutlenmesi\/","title":{"rendered":"T\u00fcrkiye\u2019de \u00c7al\u0131\u015fma Hayat\u0131n\u0131n \u00d6rg\u00fctlenmesi"},"content":{"rendered":"<p>Tarihsel arka planda \u00e7al\u0131\u015fma kavram\u0131, i\u00e7inde bulundu\u011fu \u00e7a\u011f\u0131n tipik \u00f6zelliklerini yans\u0131tm\u0131\u015ft\u0131r. T\u00fcm d\u00f6nemlerin \u00e7al\u0131\u015fma kavram\u0131 ise \u015fu noktada bulu\u015fmu\u015ftur: Hayatta kalabilmek i\u00e7in \u00e7al\u0131\u015fmak. Ancak 20. y\u00fczy\u0131l, s\u00f6zkonusu kavram\u0131n farkl\u0131 bir boyutunu ortaya koymu\u015ftur. Bu y\u00fczy\u0131lda \u00e7al\u0131\u015fma, gerek uluslararas\u0131 gerekse ulusal ortamlarda anayasal bir ilkenin gere\u011fi olarak g\u00fcndemde yerini almaya ba\u015flam\u0131\u015ft\u0131r. 20. y\u00fczy\u0131l\u0131n sahne oldu\u011fu bir di\u011fer geli\u015fme, \u00e7al\u0131\u015fma hayat\u0131n\u0131n bir organizasyon \u00e7emberinde s\u00fcrd\u00fcr\u00fclmesidir. Anayasalar\u0131nda \u00e7al\u0131\u015fma hakk\u0131n\u0131 kabul etmi\u015f t\u00fcm devletler i\u00e7in bu organizasyon, \u00e7al\u0131\u015fma hayat\u0131n\u0131n can damar\u0131 say\u0131lm\u0131\u015ft\u0131r. Bu noktada T\u00fcrkiye\u2019nin hik\u00e2yesi, II. D\u00fcnya Sava\u015f\u0131\u2019n\u0131n hemen sonras\u0131nda ba\u015flam\u0131\u015ft\u0131r. Yeni d\u00fcnya d\u00fczeninde konumunu belirlemek \u00fczere harekete ge\u00e7en T\u00fcrkiye\u2019nin bu \u00e7abalar\u0131 i\u00e7 dinamiklerle birle\u015ferek \u00e7al\u0131\u015fma hayat\u0131nda \u00f6nemli sonu\u00e7lar do\u011furmu\u015f, 1945 y\u0131l\u0131nda \u00e7al\u0131\u015fma hayat\u0131n\u0131n \u00f6rg\u00fctl\u00fc d\u00f6nemi yani \u00c7al\u0131\u015fma Bakanl\u0131\u011f\u0131n\u0131n kurulu\u015fu ger\u00e7ekle\u015fmi\u015ftir. Bu kitap 1945-1983 y\u0131llar\u0131 aras\u0131nda \u00e7al\u0131\u015fma hayat\u0131n\u0131n niceliksel ve nitelik bak\u0131m\u0131ndan analizini yapmaktad\u0131r. Analizde; mevcut i\u015f kollar\u0131 ve \u00e7al\u0131\u015fan i\u015f\u00e7i say\u0131s\u0131, i\u015f\u00e7i ya\u015fam\u0131n\u0131n maddi idame arac\u0131 \u00fccretler, bir\u00e7ok \u00e7a\u011f\u0131n sosyal hastal\u0131\u011f\u0131 i\u015fsizlik, i\u015f\u00e7i sigortalar\u0131, i\u015f uyu\u015fmazl\u0131klar\u0131 ve uyu\u015fmazl\u0131klar\u0131n \u00e7\u00f6z\u00fcm\u00fcnde i\u015f mahkemelerinin rol\u00fc, i\u015f kazalar\u0131, meslek hastal\u0131klar\u0131 gibi bir\u00e7ok unsur ele al\u0131nmaktad\u0131r. Bu unsurlar\u0131n de\u011ferlendirilmesi \u00c7al\u0131\u015fma Bakanl\u0131\u011f\u0131n yol g\u00f6sterici, arabulucu, yap\u0131c\u0131 bir rol kazan\u0131p kazanmad\u0131\u011f\u0131n\u0131n anla\u015f\u0131lmas\u0131na katk\u0131 sa\u011flayacakt\u0131r.   <\/p>\n","protected":false},"excerpt":{"rendered":"<p>Tarihsel arka planda \u00e7al\u0131\u015fma kavram\u0131, i\u00e7inde bulundu\u011fu \u00e7a\u011f\u0131n tipik \u00f6zelliklerini yans\u0131tm\u0131\u015ft\u0131r. T\u00fcm d\u00f6nemlerin \u00e7al\u0131\u015fma kavram\u0131 ise \u015fu noktada bulu\u015fmu\u015ftur: Hayatta kalabilmek i\u00e7in \u00e7al\u0131\u015fmak. Ancak 20. y\u00fczy\u0131l,<span class=\"excerpt-hellip\"> [\u2026]<\/span><\/p>\n","protected":false},"featured_media":0,"template":"","meta":{"_monsterinsights_skip_tracking":false,"_monsterinsights_sitenote_active":false,"_monsterinsights_sitenote_note":"","_monsterinsights_sitenote_category":0},"product_brand":[],"product_cat":[14841,13043],"product_tag":[],"class_list":{"0":"post-744384","1":"product","2":"type-product","3":"status-publish","5":"product_cat-arastirma-inceleme-kuram","6":"product_cat-ekonomi","7":"pa_cilt-ciltsiz","8":"pa_tur-kitap","9":"pa_yayinevi-siyasal-kitabevi","10":"pa_yazar-duygu-yilmaz","12":"first","13":"instock","14":"sale","15":"shipping-taxable","16":"purchasable","17":"product-type-simple"},"_links":{"self":[{"href":"https:\/\/roveyayinevi.com.tr\/index.php\/wp-json\/wp\/v2\/product\/744384","targetHints":{"allow":["GET"]}}],"collection":[{"href":"https:\/\/roveyayinevi.com.tr\/index.php\/wp-json\/wp\/v2\/product"}],"about":[{"href":"https:\/\/roveyayinevi.com.tr\/index.php\/wp-json\/wp\/v2\/types\/product"}],"wp:attachment":[{"href":"https:\/\/roveyayinevi.com.tr\/index.php\/wp-json\/wp\/v2\/media?parent=744384"}],"wp:term":[{"taxonomy":"product_brand","embeddable":true,"href":"https:\/\/roveyayinevi.com.tr\/index.php\/wp-json\/wp\/v2\/product_brand?post=744384"},{"taxonomy":"product_cat","embeddable":true,"href":"https:\/\/roveyayinevi.com.tr\/index.php\/wp-json\/wp\/v2\/product_cat?post=744384"},{"taxonomy":"product_tag","embeddable":true,"href":"https:\/\/roveyayinevi.com.tr\/index.php\/wp-json\/wp\/v2\/product_tag?post=744384"}],"curies":[{"name":"wp","href":"https:\/\/api.w.org\/{rel}","templated":true}]}}