{"id":744370,"date":"2025-08-28T01:55:27","date_gmt":"2025-08-27T22:55:27","guid":{"rendered":"https:\/\/roveyayinevi.com.tr\/index.php\/urun\/izmir-in-100-u-ciltli\/"},"modified":"2026-04-16T02:56:28","modified_gmt":"2026-04-15T23:56:28","slug":"izmir-in-100-u-ciltli","status":"publish","type":"product","link":"https:\/\/roveyayinevi.com.tr\/index.php\/urun\/izmir-in-100-u-ciltli\/","title":{"rendered":"\u0130zmir &#8216;in 100 &#8216;\u00fc (Ciltli)"},"content":{"rendered":"<p>T\u00fcrkiye\u2019nin siyasi tarihi yaz\u0131ld\u0131\u011f\u0131nda \u0130zmir\u2019in \u00f6zg\u00fcnl\u00fc\u011f\u00fc daha \u00e7ok belirginle\u015fecektir. Bu \u015fehrin varl\u0131\u011f\u0131 di\u011fer t\u00fcm \u015fehirlerden farkl\u0131d\u0131r; t\u0131pk\u0131 b\u00fcy\u00fck \u015fair G\u00fclten Ak\u0131n\u2019\u0131n dedi\u011fi gibi: \u201cMadde canl\u0131d\u0131r ve sonsuzdur \/ Diyen Tales\u2019in \u0130zmir\u2019inde \/ Tanr\u0131lar tanr\u0131lar\u0131 do\u011fururlar \/ Cennet ve cehennem sonsuzdur \/ \u015eimdi, burda\u201d. Ya da \u015e\u00fckran Kurdakul\u2019un dedi\u011fi gibi: \u201c\u0130lk gen\u00e7li\u011fi \u0130zmir\u2019den getirdim, \/ \u00d6zg\u00fcrl\u00fck s\u00f6zc\u00fc\u011f\u00fc yetmez anlatmaya\u2026\u201d. \u0130\u015fte bu g\u00f6rkemli \u015fehri, d\u00fcnyaca \u00fcnl\u00fc foto\u011fraf sanat\u00e7\u0131s\u0131 \u00c7erkes Karada\u011f \u0130zmir\u2019in kurtulu\u015funun 100. y\u0131l\u0131nda foto\u011fraflayarak alb\u00fcmle\u015ftirdi. Tabi b\u00fcy\u00fck \u015fairlerin dizeleri de kendisine yol arkada\u015fl\u0131\u011f\u0131 yapt\u0131. Ayr\u0131ca alb\u00fcm metinlerini de Do\u011fan H\u0131zlan, Ahmet Telli, H\u00fcseyin Ferhad, Evrim Altu\u011f ve \u00dcnal Ers\u00f6zl\u00fc yazd\u0131. Elinizdeki kitap hem \u0130zmir i\u00e7in hem de foto\u011fraf e\u011fitimi alan foto\u011fraf merakl\u0131lar\u0131 i\u00e7in de tam bir g\u00f6rsel \u015f\u00f6len.<\/p>\n","protected":false},"excerpt":{"rendered":"<p>T\u00fcrkiye\u2019nin siyasi tarihi yaz\u0131ld\u0131\u011f\u0131nda \u0130zmir\u2019in \u00f6zg\u00fcnl\u00fc\u011f\u00fc daha \u00e7ok belirginle\u015fecektir. Bu \u015fehrin varl\u0131\u011f\u0131 di\u011fer t\u00fcm \u015fehirlerden farkl\u0131d\u0131r; t\u0131pk\u0131 b\u00fcy\u00fck \u015fair G\u00fclten Ak\u0131n\u2019\u0131n dedi\u011fi gibi: \u201cMadde canl\u0131d\u0131r ve<span class=\"excerpt-hellip\"> [\u2026]<\/span><\/p>\n","protected":false},"featured_media":0,"template":"","meta":{"_monsterinsights_skip_tracking":false,"_monsterinsights_sitenote_active":false,"_monsterinsights_sitenote_note":"","_monsterinsights_sitenote_category":0},"product_brand":[],"product_cat":[12312,12304],"product_tag":[],"class_list":{"0":"post-744370","1":"product","2":"type-product","3":"status-publish","5":"product_cat-diger","6":"product_cat-tarih","7":"pa_cilt-ciltli","8":"pa_tur-kitap","9":"pa_yayinevi-islik-yayinlari","10":"pa_yazar-kolektif","12":"first","13":"instock","14":"sale","15":"shipping-taxable","16":"purchasable","17":"product-type-simple"},"_links":{"self":[{"href":"https:\/\/roveyayinevi.com.tr\/index.php\/wp-json\/wp\/v2\/product\/744370","targetHints":{"allow":["GET"]}}],"collection":[{"href":"https:\/\/roveyayinevi.com.tr\/index.php\/wp-json\/wp\/v2\/product"}],"about":[{"href":"https:\/\/roveyayinevi.com.tr\/index.php\/wp-json\/wp\/v2\/types\/product"}],"wp:attachment":[{"href":"https:\/\/roveyayinevi.com.tr\/index.php\/wp-json\/wp\/v2\/media?parent=744370"}],"wp:term":[{"taxonomy":"product_brand","embeddable":true,"href":"https:\/\/roveyayinevi.com.tr\/index.php\/wp-json\/wp\/v2\/product_brand?post=744370"},{"taxonomy":"product_cat","embeddable":true,"href":"https:\/\/roveyayinevi.com.tr\/index.php\/wp-json\/wp\/v2\/product_cat?post=744370"},{"taxonomy":"product_tag","embeddable":true,"href":"https:\/\/roveyayinevi.com.tr\/index.php\/wp-json\/wp\/v2\/product_tag?post=744370"}],"curies":[{"name":"wp","href":"https:\/\/api.w.org\/{rel}","templated":true}]}}