{"id":744308,"date":"2025-08-28T01:54:08","date_gmt":"2025-08-27T22:54:08","guid":{"rendered":"https:\/\/roveyayinevi.com.tr\/index.php\/urun\/ataturkun-armagani-milli-bayramlarimiz\/"},"modified":"2026-04-16T02:55:49","modified_gmt":"2026-04-15T23:55:49","slug":"ataturkun-armagani-milli-bayramlarimiz","status":"publish","type":"product","link":"https:\/\/roveyayinevi.com.tr\/index.php\/urun\/ataturkun-armagani-milli-bayramlarimiz\/","title":{"rendered":"Atat\u00fcrk\u2019\u00fcn Arma\u011fan\u0131 Milli Bayramlar\u0131m\u0131z"},"content":{"rendered":"<p>Gazi Mustafa Kemal Atat\u00fcrk; Trablusgarp\u2019ta sava\u015fm\u0131\u015f, \u00c7anakkale\u2019de harikalar yaratm\u0131\u015f, i\u00e7 isyanlar\u0131 bast\u0131rm\u0131\u015f, Sakarya\u2019da ve Dumlup\u0131nar\u2019da destanlar yazm\u0131\u015f, yeni T\u00fcrk Devleti\u2019ni kurmu\u015f, padi\u015fahl\u0131\u011f\u0131 ve halifeli\u011fi tarihe g\u00f6mm\u00fc\u015f, m\u00fcthi\u015f devrimleri pe\u015f pe\u015fe ger\u00e7ekle\u015ftirmi\u015f, hi\u00e7 yenilmemi\u015f b\u00fcy\u00fck komutan ve devlet adam\u0131yd\u0131. O; kahraman, cesur, mert, ulusuna ve yurduna kara sevdal\u0131 bir insand\u0131. Atat\u00fcrk\u2019\u00fcn Arma\u011fan\u0131 Milli Bayramlar\u0131m\u0131z kitab\u0131m\u0131zda Atat\u00fcrk\u2019\u00fcn ba\u015far\u0131lar\u0131na ve yapt\u0131\u011f\u0131 fedak\u00e2rl\u0131klara tan\u0131kl\u0131k ediyoruz. Atat\u00fcrk bize inand\u0131 ve g\u00fcvendi. Biz de bu g\u00fcvenini bo\u015fa \u00e7\u0131karmamak i\u00e7in \u00f6ncelikli olarak tarihimizi ve Atat\u00fcrk\u2019\u00fcm\u00fcz\u00fc \u00f6\u011frenmeli ve onun a\u00e7t\u0131\u011f\u0131 yolda ilerlemeliyiz.<\/p>\n","protected":false},"excerpt":{"rendered":"<p>Gazi Mustafa Kemal Atat\u00fcrk; Trablusgarp\u2019ta sava\u015fm\u0131\u015f, \u00c7anakkale\u2019de harikalar yaratm\u0131\u015f, i\u00e7 isyanlar\u0131 bast\u0131rm\u0131\u015f, Sakarya\u2019da ve Dumlup\u0131nar\u2019da destanlar yazm\u0131\u015f, yeni T\u00fcrk Devleti\u2019ni kurmu\u015f, padi\u015fahl\u0131\u011f\u0131 ve halifeli\u011fi tarihe g\u00f6mm\u00fc\u015f,<span class=\"excerpt-hellip\"> [\u2026]<\/span><\/p>\n","protected":false},"featured_media":0,"template":"","meta":{"_monsterinsights_skip_tracking":false,"_monsterinsights_sitenote_active":false,"_monsterinsights_sitenote_note":"","_monsterinsights_sitenote_category":0},"product_brand":[],"product_cat":[12530,12304],"product_tag":[],"class_list":{"0":"post-744308","1":"product","2":"type-product","3":"status-publish","5":"product_cat-mustafa-kemal-ataturk","6":"product_cat-tarih","7":"pa_cilt-ciltsiz","8":"pa_tur-kitap","9":"pa_yayinevi-peta-kitap","10":"pa_yazar-faruk-cil","12":"first","13":"instock","14":"sale","15":"shipping-taxable","16":"purchasable","17":"product-type-simple"},"_links":{"self":[{"href":"https:\/\/roveyayinevi.com.tr\/index.php\/wp-json\/wp\/v2\/product\/744308","targetHints":{"allow":["GET"]}}],"collection":[{"href":"https:\/\/roveyayinevi.com.tr\/index.php\/wp-json\/wp\/v2\/product"}],"about":[{"href":"https:\/\/roveyayinevi.com.tr\/index.php\/wp-json\/wp\/v2\/types\/product"}],"wp:attachment":[{"href":"https:\/\/roveyayinevi.com.tr\/index.php\/wp-json\/wp\/v2\/media?parent=744308"}],"wp:term":[{"taxonomy":"product_brand","embeddable":true,"href":"https:\/\/roveyayinevi.com.tr\/index.php\/wp-json\/wp\/v2\/product_brand?post=744308"},{"taxonomy":"product_cat","embeddable":true,"href":"https:\/\/roveyayinevi.com.tr\/index.php\/wp-json\/wp\/v2\/product_cat?post=744308"},{"taxonomy":"product_tag","embeddable":true,"href":"https:\/\/roveyayinevi.com.tr\/index.php\/wp-json\/wp\/v2\/product_tag?post=744308"}],"curies":[{"name":"wp","href":"https:\/\/api.w.org\/{rel}","templated":true}]}}